{"id":574337,"date":"2024-12-11T12:43:23","date_gmt":"2024-12-11T12:43:23","guid":{"rendered":"https:\/\/grotta.is\/?page_id=574337"},"modified":"2026-01-29T09:59:35","modified_gmt":"2026-01-29T09:59:35","slug":"styrkja-grottu","status":"publish","type":"page","link":"https:\/\/grotta.is\/en\/styrkja-grottu\/","title":{"rendered":"Bakhjarl Gr\u00f3ttu"},"content":{"rendered":"<div data-elementor-type=\"wp-page\" data-elementor-id=\"574337\" class=\"elementor elementor-574337\" data-elementor-post-type=\"page\">\n\t\t\t\t\t\t<section class=\"elementor-section elementor-top-section elementor-element elementor-element-fbfbd27 elementor-section-boxed elementor-section-height-default elementor-section-height-default\" data-id=\"fbfbd27\" data-element_type=\"section\">\n\t\t\t\t\t\t<div class=\"elementor-container elementor-column-gap-default\">\n\t\t\t\t\t<div class=\"elementor-column elementor-col-100 elementor-top-column elementor-element elementor-element-40d360d\" data-id=\"40d360d\" data-element_type=\"column\">\n\t\t\t<div class=\"elementor-widget-wrap elementor-element-populated\">\n\t\t\t\t\t\t<div class=\"elementor-element elementor-element-a0b9f08 elementor-widget elementor-widget-heading\" data-id=\"a0b9f08\" data-element_type=\"widget\" data-widget_type=\"heading.default\">\n\t\t\t\t<div class=\"elementor-widget-container\">\n\t\t\t\t\t<h4 class=\"elementor-heading-title elementor-size-default\">Stu\u00f0ningur \u00feinn skiptir m\u00e1li<\/h4>\t\t\t\t<\/div>\n\t\t\t\t<\/div>\n\t\t\t\t<div class=\"elementor-element elementor-element-0d8a3ca elementor-widget elementor-widget-text-editor\" data-id=\"0d8a3ca\" data-element_type=\"widget\" data-widget_type=\"text-editor.default\">\n\t\t\t\t<div class=\"elementor-widget-container\">\n\t\t\t\t\t\t\t\t\t<p class=\"wp-dark-mode-bg-image\">Fr\u00e1 og me\u00f0 1. n\u00f3vember 2021 \u00e1ttu r\u00e9tt \u00e1 skattaafsl\u00e6tti \u00feegar \u00fe\u00fa styrkir \u00cd\u00fer\u00f3ttaf\u00e9lagi\u00f0 Gr\u00f3ttu. Skrifstofa Gr\u00f3ttu kemur uppl\u00fdsingum um styrki til Skattsins, sem kemur skattaafsl\u00e6ttinum til skila til \u00fe\u00edn. Samkv\u00e6mt n\u00fdjum l\u00f6gum geta einstaklingar n\u00fa styrkt Gr\u00f3ttu um allt a\u00f0 350.000 kr\u00f3nur en a\u00f0 l\u00e1gmarki 10.000 kr\u00f3nur \u00e1 \u00e1ri sem er fr\u00e1dr\u00e1ttarb\u00e6rt fr\u00e1 skattskyldum tekjum.<\/p><p class=\"wp-dark-mode-bg-image\">\u00cd\u00fer\u00f3ttaf\u00e9lagi\u00f0 Gr\u00f3tta er skr\u00e1\u00f0 \u00e1 almannaheillaskr\u00e1 og \u00fev\u00ed eru styrkir til f\u00e9lagsins fr\u00e1dr\u00e1ttab\u00e6rir fr\u00e1 skatti.<\/p>\t\t\t\t\t\t\t\t<\/div>\n\t\t\t\t<\/div>\n\t\t\t\t\t<\/div>\n\t\t<\/div>\n\t\t\t\t\t<\/div>\n\t\t<\/section>\n\t\t\t\t<section class=\"elementor-section elementor-top-section elementor-element elementor-element-1e4a826 elementor-section-boxed elementor-section-height-default elementor-section-height-default\" data-id=\"1e4a826\" data-element_type=\"section\">\n\t\t\t\t\t\t<div class=\"elementor-container elementor-column-gap-default\">\n\t\t\t\t\t<div class=\"elementor-column elementor-col-100 elementor-top-column elementor-element elementor-element-e2f2042\" data-id=\"e2f2042\" data-element_type=\"column\">\n\t\t\t<div class=\"elementor-widget-wrap elementor-element-populated\">\n\t\t\t\t\t\t<div class=\"elementor-element elementor-element-d3768f4 elementor-widget elementor-widget-heading\" data-id=\"d3768f4\" data-element_type=\"widget\" data-widget_type=\"heading.default\">\n\t\t\t\t<div class=\"elementor-widget-container\">\n\t\t\t\t\t<h4 class=\"elementor-heading-title elementor-size-default\">Svona er ferli\u00f0<\/h4>\t\t\t\t<\/div>\n\t\t\t\t<\/div>\n\t\t\t\t<div class=\"elementor-element elementor-element-3023f1c elementor-widget elementor-widget-text-editor\" data-id=\"3023f1c\" data-element_type=\"widget\" data-widget_type=\"text-editor.default\">\n\t\t\t\t<div class=\"elementor-widget-container\">\n\t\t\t\t\t\t\t\t\t<div dir=\"auto\">\u00de\u00fa velur upph\u00e6\u00f0 a\u00f0 eigin vali a\u00f0 l\u00e1gmarki kr.\u00a0<strong>10.000 <\/strong>fyrir \u00e1ri\u00f0 sem \u00fe\u00fa vil grei\u00f0a, getur greitt \u00ed einni grei\u00f0slu e\u00f0a fengi\u00f0 kr\u00f6fu \u00ed heimabankann\u00a0 m\u00e1na\u00f0arlega.<\/div><div dir=\"auto\"><div>\u00a0<\/div><\/div><div dir=\"auto\"><strong><em>Sem d\u00e6mi:<\/em><\/strong><\/div><div dir=\"auto\"><em>Ef \u00fe\u00fa styrkir Gr\u00f3ttu um 3.500 kr. \u00e1 m\u00e1nu\u00f0i \u00fe\u00e1 grei\u00f0ir \u00fe\u00fa \u00ed raun 2.170 \u00fev\u00ed \u00fe\u00fa f\u00e6r 1.330 kr. pr m\u00e1nu\u00f0. Yfir \u00e1ri\u00f0 hefur \u00fe\u00fa \u00fev\u00ed styrkt Gr\u00f3ttu um 42.000 kr. en greitt fyrir styrkinn 26.040 kr.\u00a0<\/em><\/div><div dir=\"auto\">\u00a0<\/div><div dir=\"auto\"><div dir=\"auto\">Einstaklingar geta n\u00fdtt s\u00e9r reikniv\u00e9lina h\u00e9r a\u00f0 ne\u00f0an til a\u00f0 sj\u00e1 endurgrei\u00f0sluna. Til \u00feess a\u00f0 styrkja Gr\u00f3ttu skal hafa samband vi\u00f0 skrifstofu f\u00e9lagsins gegnum vefp\u00f3stinn <a href=\"mailto:grotta@grotta.is\">grotta@grotta.is<\/a> e\u00f0a me\u00f0 \u00fev\u00ed a\u00f0 k\u00edkja vi\u00f0. Skrifstofa f\u00e9lagsins er opin 11:30-14:30, m\u00e1nudag til fimmtudags.<\/div><\/div><div dir=\"auto\">\u00a0<\/div><div dir=\"auto\">N\u00e1nari uppl\u00fdsingar um skattafr\u00e1dr\u00e1ttinn m\u00e1 sj\u00e1 <strong><a href=\"https:\/\/www.skatturinn.is\/einstaklingar\/tekjur-og-fradraettir\/skattfradrattur-vegna-gjafa-framlaga\/\">H\u00c9R<\/a><\/strong><\/div><div dir=\"auto\">\u00a0<\/div>\t\t\t\t\t\t\t\t<\/div>\n\t\t\t\t<\/div>\n\t\t\t\t\t<\/div>\n\t\t<\/div>\n\t\t\t\t\t<\/div>\n\t\t<\/section>\n\t\t\t\t<section class=\"elementor-section elementor-top-section elementor-element elementor-element-8a54ca1 elementor-section-boxed elementor-section-height-default elementor-section-height-default\" data-id=\"8a54ca1\" data-element_type=\"section\">\n\t\t\t\t\t\t<div class=\"elementor-container elementor-column-gap-default\">\n\t\t\t\t\t<div class=\"elementor-column elementor-col-100 elementor-top-column elementor-element elementor-element-423e3ca\" data-id=\"423e3ca\" data-element_type=\"column\">\n\t\t\t<div class=\"elementor-widget-wrap elementor-element-populated\">\n\t\t\t\t\t\t<div class=\"elementor-element elementor-element-f18f6dd elementor-widget elementor-widget-html\" data-id=\"f18f6dd\" data-element_type=\"widget\" data-widget_type=\"html.default\">\n\t\t\t\t<div class=\"elementor-widget-container\">\n\t\t\t\t\t<p><iframe data-src=\"https:\/\/grid.is\/embed\/endurgreidsla-styrktarframlaga-LXDQJvrBRe6xpkfn_Ygt9Q\" width=\"100%\" height=\"500\" data-document-id=\"2d70d026-fac1-45ee-b1a6-47e7fd882df5\" src=\"data:image\/gif;base64,R0lGODlhAQABAAAAACH5BAEKAAEALAAAAAABAAEAAAICTAEAOw==\" class=\"lazyload\" data-load-mode=\"1\"><\/iframe><\/p>\t\t\t\t<\/div>\n\t\t\t\t<\/div>\n\t\t\t\t\t<\/div>\n\t\t<\/div>\n\t\t\t\t\t<\/div>\n\t\t<\/section>\n\t\t\t\t<section class=\"elementor-section elementor-top-section elementor-element elementor-element-add0b66 elementor-section-boxed elementor-section-height-default elementor-section-height-default\" data-id=\"add0b66\" data-element_type=\"section\">\n\t\t\t\t\t\t<div class=\"elementor-container elementor-column-gap-default\">\n\t\t\t\t\t<div class=\"elementor-column elementor-col-100 elementor-top-column elementor-element elementor-element-031a3c9\" data-id=\"031a3c9\" data-element_type=\"column\">\n\t\t\t<div class=\"elementor-widget-wrap elementor-element-populated\">\n\t\t\t\t\t\t<div class=\"elementor-element elementor-element-0292f8f pp-gravity-form-button-custom pp-gravity-form-pagination-buttons-auto elementor-widget elementor-widget-pp-gravity-forms\" data-id=\"0292f8f\" data-element_type=\"widget\" data-widget_type=\"pp-gravity-forms.default\">\n\t\t\t\t<div class=\"elementor-widget-container\">\n\t\t\t\t\t\t\t\t\t<div class=\"pp-contact-form pp-gravity-form\">\n\t\t\t\t\t\t\t\t\t\t\t\t\t\t<\/div>\n\t\t\t\t\t\t\t\t<\/div>\n\t\t\t\t<\/div>\n\t\t\t\t\t<\/div>\n\t\t<\/div>\n\t\t\t\t\t<\/div>\n\t\t<\/section>\n\t\t\t\t<\/div>","protected":false},"excerpt":{"rendered":"<p>Stu\u00f0ningur \u00feinn skiptir m\u00e1li Fr\u00e1 og me\u00f0 1. n\u00f3vember 2021 \u00e1ttu r\u00e9tt \u00e1 skattaafsl\u00e6tti \u00feegar \u00fe\u00fa styrkir \u00cd\u00fer\u00f3ttaf\u00e9lagi\u00f0 Gr\u00f3ttu. Skrifstofa Gr\u00f3ttu kemur uppl\u00fdsingum um styrki til Skattsins, sem kemur skattaafsl\u00e6ttinum [&hellip;]<\/p>","protected":false},"author":16,"featured_media":0,"parent":0,"menu_order":0,"comment_status":"closed","ping_status":"closed","template":"","meta":{"footnotes":""},"class_list":["post-574337","page","type-page","status-publish","hentry"],"yoast_head":"<!-- This site is optimized with the Yoast SEO plugin v24.3 - https:\/\/yoast.com\/wordpress\/plugins\/seo\/ -->\n<title>Bakhjarl Gr\u00f3ttu - \u00cd\u00fer\u00f3ttaf\u00e9lagi\u00f0 Gr\u00f3tta<\/title>\n<meta name=\"robots\" content=\"index, follow, max-snippet:-1, max-image-preview:large, max-video-preview:-1\" \/>\n<link rel=\"canonical\" href=\"https:\/\/grotta.is\/en\/styrkja-grottu\/\" \/>\n<meta property=\"og:locale\" content=\"en_US\" \/>\n<meta property=\"og:type\" content=\"article\" \/>\n<meta property=\"og:title\" content=\"Bakhjarl Gr\u00f3ttu - \u00cd\u00fer\u00f3ttaf\u00e9lagi\u00f0 Gr\u00f3tta\" \/>\n<meta property=\"og:description\" content=\"Stu\u00f0ningur \u00feinn skiptir m\u00e1li Fr\u00e1 og me\u00f0 1. n\u00f3vember 2021 \u00e1ttu r\u00e9tt \u00e1 skattaafsl\u00e6tti \u00feegar \u00fe\u00fa styrkir \u00cd\u00fer\u00f3ttaf\u00e9lagi\u00f0 Gr\u00f3ttu. Skrifstofa Gr\u00f3ttu kemur uppl\u00fdsingum um styrki til Skattsins, sem kemur skattaafsl\u00e6ttinum [&hellip;]\" \/>\n<meta property=\"og:url\" content=\"https:\/\/grotta.is\/en\/styrkja-grottu\/\" \/>\n<meta property=\"og:site_name\" content=\"\u00cd\u00fer\u00f3ttaf\u00e9lagi\u00f0 Gr\u00f3tta\" \/>\n<meta property=\"article:publisher\" content=\"https:\/\/www.facebook.com\/grottasport\" \/>\n<meta property=\"article:modified_time\" content=\"2026-01-29T09:59:35+00:00\" \/>\n<meta name=\"twitter:card\" content=\"summary_large_image\" \/>\n<meta name=\"twitter:label1\" content=\"Est. reading time\" \/>\n\t<meta name=\"twitter:data1\" content=\"2 minutes\" \/>\n<script type=\"application\/ld+json\" class=\"yoast-schema-graph\">{\"@context\":\"https:\/\/schema.org\",\"@graph\":[{\"@type\":\"WebPage\",\"@id\":\"https:\/\/grotta.is\/styrkja-grottu\/\",\"url\":\"https:\/\/grotta.is\/styrkja-grottu\/\",\"name\":\"Bakhjarl Gr\u00f3ttu - \u00cd\u00fer\u00f3ttaf\u00e9lagi\u00f0 Gr\u00f3tta\",\"isPartOf\":{\"@id\":\"https:\/\/grotta.is\/#website\"},\"datePublished\":\"2024-12-11T12:43:23+00:00\",\"dateModified\":\"2026-01-29T09:59:35+00:00\",\"breadcrumb\":{\"@id\":\"https:\/\/grotta.is\/styrkja-grottu\/#breadcrumb\"},\"inLanguage\":\"en-US\",\"potentialAction\":[{\"@type\":\"ReadAction\",\"target\":[\"https:\/\/grotta.is\/styrkja-grottu\/\"]}]},{\"@type\":\"BreadcrumbList\",\"@id\":\"https:\/\/grotta.is\/styrkja-grottu\/#breadcrumb\",\"itemListElement\":[{\"@type\":\"ListItem\",\"position\":1,\"name\":\"Home\",\"item\":\"https:\/\/grotta.is\/\"},{\"@type\":\"ListItem\",\"position\":2,\"name\":\"Bakhjarl Gr\u00f3ttu\"}]},{\"@type\":\"WebSite\",\"@id\":\"https:\/\/grotta.is\/#website\",\"url\":\"https:\/\/grotta.is\/\",\"name\":\"\u00cd\u00fer\u00f3ttaf\u00e9lagi\u00f0 Gr\u00f3tta\",\"description\":\"\u00e1 Seltjarnarnesi\",\"publisher\":{\"@id\":\"https:\/\/grotta.is\/#organization\"},\"potentialAction\":[{\"@type\":\"SearchAction\",\"target\":{\"@type\":\"EntryPoint\",\"urlTemplate\":\"https:\/\/grotta.is\/?s={search_term_string}\"},\"query-input\":{\"@type\":\"PropertyValueSpecification\",\"valueRequired\":true,\"valueName\":\"search_term_string\"}}],\"inLanguage\":\"en-US\"},{\"@type\":\"Organization\",\"@id\":\"https:\/\/grotta.is\/#organization\",\"name\":\"\u00cd\u00fer\u00f3ttaf\u00e9lagi\u00f0 Gr\u00f3tta\",\"url\":\"https:\/\/grotta.is\/\",\"logo\":{\"@type\":\"ImageObject\",\"inLanguage\":\"en-US\",\"@id\":\"https:\/\/grotta.is\/#\/schema\/logo\/image\/\",\"url\":\"https:\/\/grotta.is\/wp-content\/uploads\/2020\/02\/ithrottafelagidgrotta_logo_512x512_transparent.png\",\"contentUrl\":\"https:\/\/grotta.is\/wp-content\/uploads\/2020\/02\/ithrottafelagidgrotta_logo_512x512_transparent.png\",\"width\":512,\"height\":512,\"caption\":\"\u00cd\u00fer\u00f3ttaf\u00e9lagi\u00f0 Gr\u00f3tta\"},\"image\":{\"@id\":\"https:\/\/grotta.is\/#\/schema\/logo\/image\/\"},\"sameAs\":[\"https:\/\/www.facebook.com\/grottasport\"]}]}<\/script>\n<!-- \/ Yoast SEO plugin. -->","yoast_head_json":{"title":"Bakhjarl Gr\u00f3ttu - \u00cd\u00fer\u00f3ttaf\u00e9lagi\u00f0 Gr\u00f3tta","robots":{"index":"index","follow":"follow","max-snippet":"max-snippet:-1","max-image-preview":"max-image-preview:large","max-video-preview":"max-video-preview:-1"},"canonical":"https:\/\/grotta.is\/en\/styrkja-grottu\/","og_locale":"en_US","og_type":"article","og_title":"Bakhjarl Gr\u00f3ttu - \u00cd\u00fer\u00f3ttaf\u00e9lagi\u00f0 Gr\u00f3tta","og_description":"Stu\u00f0ningur \u00feinn skiptir m\u00e1li Fr\u00e1 og me\u00f0 1. n\u00f3vember 2021 \u00e1ttu r\u00e9tt \u00e1 skattaafsl\u00e6tti \u00feegar \u00fe\u00fa styrkir \u00cd\u00fer\u00f3ttaf\u00e9lagi\u00f0 Gr\u00f3ttu. Skrifstofa Gr\u00f3ttu kemur uppl\u00fdsingum um styrki til Skattsins, sem kemur skattaafsl\u00e6ttinum [&hellip;]","og_url":"https:\/\/grotta.is\/en\/styrkja-grottu\/","og_site_name":"\u00cd\u00fer\u00f3ttaf\u00e9lagi\u00f0 Gr\u00f3tta","article_publisher":"https:\/\/www.facebook.com\/grottasport","article_modified_time":"2026-01-29T09:59:35+00:00","twitter_card":"summary_large_image","twitter_misc":{"Est. reading time":"2 minutes"},"schema":{"@context":"https:\/\/schema.org","@graph":[{"@type":"WebPage","@id":"https:\/\/grotta.is\/styrkja-grottu\/","url":"https:\/\/grotta.is\/styrkja-grottu\/","name":"Bakhjarl Gr\u00f3ttu - \u00cd\u00fer\u00f3ttaf\u00e9lagi\u00f0 Gr\u00f3tta","isPartOf":{"@id":"https:\/\/grotta.is\/#website"},"datePublished":"2024-12-11T12:43:23+00:00","dateModified":"2026-01-29T09:59:35+00:00","breadcrumb":{"@id":"https:\/\/grotta.is\/styrkja-grottu\/#breadcrumb"},"inLanguage":"en-US","potentialAction":[{"@type":"ReadAction","target":["https:\/\/grotta.is\/styrkja-grottu\/"]}]},{"@type":"BreadcrumbList","@id":"https:\/\/grotta.is\/styrkja-grottu\/#breadcrumb","itemListElement":[{"@type":"ListItem","position":1,"name":"Home","item":"https:\/\/grotta.is\/"},{"@type":"ListItem","position":2,"name":"Bakhjarl Gr\u00f3ttu"}]},{"@type":"WebSite","@id":"https:\/\/grotta.is\/#website","url":"https:\/\/grotta.is\/","name":"\u00cd\u00fer\u00f3ttaf\u00e9lagi\u00f0 Gr\u00f3tta","description":"\u00e1 Seltjarnarnesi","publisher":{"@id":"https:\/\/grotta.is\/#organization"},"potentialAction":[{"@type":"SearchAction","target":{"@type":"EntryPoint","urlTemplate":"https:\/\/grotta.is\/?s={search_term_string}"},"query-input":{"@type":"PropertyValueSpecification","valueRequired":true,"valueName":"search_term_string"}}],"inLanguage":"en-US"},{"@type":"Organization","@id":"https:\/\/grotta.is\/#organization","name":"\u00cd\u00fer\u00f3ttaf\u00e9lagi\u00f0 Gr\u00f3tta","url":"https:\/\/grotta.is\/","logo":{"@type":"ImageObject","inLanguage":"en-US","@id":"https:\/\/grotta.is\/#\/schema\/logo\/image\/","url":"https:\/\/grotta.is\/wp-content\/uploads\/2020\/02\/ithrottafelagidgrotta_logo_512x512_transparent.png","contentUrl":"https:\/\/grotta.is\/wp-content\/uploads\/2020\/02\/ithrottafelagidgrotta_logo_512x512_transparent.png","width":512,"height":512,"caption":"\u00cd\u00fer\u00f3ttaf\u00e9lagi\u00f0 Gr\u00f3tta"},"image":{"@id":"https:\/\/grotta.is\/#\/schema\/logo\/image\/"},"sameAs":["https:\/\/www.facebook.com\/grottasport"]}]}},"_links":{"self":[{"href":"https:\/\/grotta.is\/en\/wp-json\/wp\/v2\/pages\/574337","targetHints":{"allow":["GET"]}}],"collection":[{"href":"https:\/\/grotta.is\/en\/wp-json\/wp\/v2\/pages"}],"about":[{"href":"https:\/\/grotta.is\/en\/wp-json\/wp\/v2\/types\/page"}],"author":[{"embeddable":true,"href":"https:\/\/grotta.is\/en\/wp-json\/wp\/v2\/users\/16"}],"replies":[{"embeddable":true,"href":"https:\/\/grotta.is\/en\/wp-json\/wp\/v2\/comments?post=574337"}],"version-history":[{"count":44,"href":"https:\/\/grotta.is\/en\/wp-json\/wp\/v2\/pages\/574337\/revisions"}],"predecessor-version":[{"id":575982,"href":"https:\/\/grotta.is\/en\/wp-json\/wp\/v2\/pages\/574337\/revisions\/575982"}],"wp:attachment":[{"href":"https:\/\/grotta.is\/en\/wp-json\/wp\/v2\/media?parent=574337"}],"curies":[{"name":"wp","href":"https:\/\/api.w.org\/{rel}","templated":true}]}}