{"id":3747,"date":"2020-05-06T21:42:30","date_gmt":"2020-05-06T21:42:30","guid":{"rendered":"https:\/\/grotta.is\/?page_id=3747"},"modified":"2020-05-07T21:25:14","modified_gmt":"2020-05-07T21:25:14","slug":"ljosmyndir-2016","status":"publish","type":"page","link":"https:\/\/grotta.is\/en\/knattspyrnudeild\/ljosmyndir-2016\/","title":{"rendered":"F\u00f3tboltamyndir-2016"},"content":{"rendered":"<div data-elementor-type=\"wp-page\" data-elementor-id=\"3747\" class=\"elementor elementor-3747\" data-elementor-post-type=\"page\">\n\t\t\t\t\t\t<section class=\"elementor-section elementor-top-section elementor-element elementor-element-8c85174 elementor-section-boxed elementor-section-height-default elementor-section-height-default\" data-id=\"8c85174\" data-element_type=\"section\">\n\t\t\t\t\t\t<div class=\"elementor-container elementor-column-gap-default\">\n\t\t\t\t\t<div class=\"elementor-column elementor-col-100 elementor-top-column elementor-element elementor-element-10e108d5\" data-id=\"10e108d5\" data-element_type=\"column\">\n\t\t\t<div class=\"elementor-widget-wrap elementor-element-populated\">\n\t\t\t\t\t\t<div class=\"elementor-element elementor-element-47987e9e elementor-widget elementor-widget-spacer\" data-id=\"47987e9e\" data-element_type=\"widget\" data-widget_type=\"spacer.default\">\n\t\t\t\t<div class=\"elementor-widget-container\">\n\t\t\t\t\t\t\t<div class=\"elementor-spacer\">\n\t\t\t<div class=\"elementor-spacer-inner\"><\/div>\n\t\t<\/div>\n\t\t\t\t\t\t<\/div>\n\t\t\t\t<\/div>\n\t\t\t\t<div class=\"elementor-element elementor-element-48c6d447 elementor-widget elementor-widget-heading\" data-id=\"48c6d447\" data-element_type=\"widget\" data-widget_type=\"heading.default\">\n\t\t\t\t<div class=\"elementor-widget-container\">\n\t\t\t\t\t<h2 class=\"elementor-heading-title elementor-size-default\">\u00c1RI\u00d0 2016<\/h2>\t\t\t\t<\/div>\n\t\t\t\t<\/div>\n\t\t\t\t<div class=\"elementor-element elementor-element-391ae56e elementor-widget elementor-widget-heading\" data-id=\"391ae56e\" data-element_type=\"widget\" data-widget_type=\"heading.default\">\n\t\t\t\t<div class=\"elementor-widget-container\">\n\t\t\t\t\t<h5 class=\"elementor-heading-title elementor-size-default\">Lj\u00f3smyndir eftir Eyj\u00f3lfur Gar\u00f0arsson \u00a9 allur r\u00e9ttur \u00e1skilinn<\/h5>\t\t\t\t<\/div>\n\t\t\t\t<\/div>\n\t\t\t\t\t<\/div>\n\t\t<\/div>\n\t\t\t\t\t<\/div>\n\t\t<\/section>\n\t\t\t\t<section class=\"elementor-section elementor-top-section elementor-element elementor-element-62fadf2 elementor-section-boxed elementor-section-height-default elementor-section-height-default\" data-id=\"62fadf2\" data-element_type=\"section\">\n\t\t\t\t\t\t<div class=\"elementor-container elementor-column-gap-default\">\n\t\t\t\t\t<div class=\"elementor-column elementor-col-50 elementor-top-column elementor-element elementor-element-678dfc8\" data-id=\"678dfc8\" data-element_type=\"column\">\n\t\t\t<div class=\"elementor-widget-wrap elementor-element-populated\">\n\t\t\t\t\t\t<div class=\"elementor-element elementor-element-3660bb39 elementor-widget elementor-widget-heading\" data-id=\"3660bb39\" data-element_type=\"widget\" data-widget_type=\"heading.default\">\n\t\t\t\t<div class=\"elementor-widget-container\">\n\t\t\t\t\t<h6 class=\"elementor-heading-title elementor-size-default\">MEISTARAFLOKKUR KARLA<\/h6>\t\t\t\t<\/div>\n\t\t\t\t<\/div>\n\t\t\t\t<div class=\"elementor-element elementor-element-6574ae12 elementor-widget elementor-widget-text-editor\" data-id=\"6574ae12\" data-element_type=\"widget\" data-widget_type=\"text-editor.default\">\n\t\t\t\t<div class=\"elementor-widget-container\">\n\t\t\t\t\t\t\t\t\t<ul><li><a href=\"https:\/\/photos.app.goo.gl\/jApeXyYFkRyCRBg68\" target=\"_blank\" rel=\"noopener\">Gr\u00f3tta &#8211; FH (13.03.2016)<\/a><\/li><li><a href=\"https:\/\/photos.app.goo.gl\/aQt7n4hpVoYB3TXZ7\">\u00der\u00f3ttur Vogum &#8211; Gr\u00f3tta (10.05.2016)<\/a><\/li><li><a href=\"https:\/\/goo.gl\/photos\/i2myad6EfvzzY75F8\">Gr\u00f3tta &#8211; Augnablik (24.05.2016)<\/a><\/li><li><a href=\"https:\/\/goo.gl\/photos\/qBNc5FRAsFHCH4AaA\">Gr\u00f3tta &#8211; Njar\u00f0v\u00edk (05.07.2016)<\/a><\/li><li><a href=\"https:\/\/goo.gl\/photos\/zwhzgw6tGocpNxBM8\">Gr\u00f3tta &#8211; Hamar (13.07.2016)<\/a><\/li><li><a href=\"https:\/\/goo.gl\/photos\/YHgX8hnF5tdYLdnw7\">KV &#8211; Gr\u00f3tta (28.07.2016)<\/a><\/li><li><a href=\"https:\/\/goo.gl\/photos\/ZQ7v5yrD5QZe2xew8\">Gr\u00f3tta &#8211; Afturelding (25.08.2016)<\/a><\/li><li><a href=\"https:\/\/goo.gl\/photos\/AszVMYUB6kApjb7KA\">Gr\u00f3tta &#8211; KF (03.09.2016)<\/a><\/li><li><a href=\"https:\/\/goo.gl\/photos\/ihDPTG5Eh8XcdUtN7\">Gr\u00f3tta &#8211; Vestri (17.09.2016)<\/a><\/li><\/ul>\t\t\t\t\t\t\t\t<\/div>\n\t\t\t\t<\/div>\n\t\t\t\t<div class=\"elementor-element elementor-element-186703c4 elementor-widget elementor-widget-heading\" data-id=\"186703c4\" data-element_type=\"widget\" data-widget_type=\"heading.default\">\n\t\t\t\t<div class=\"elementor-widget-container\">\n\t\t\t\t\t<h6 class=\"elementor-heading-title elementor-size-default\">MEISTARAFLOKKUR KVENNA<\/h6>\t\t\t\t<\/div>\n\t\t\t\t<\/div>\n\t\t\t\t<div class=\"elementor-element elementor-element-5a7ed065 elementor-widget elementor-widget-text-editor\" data-id=\"5a7ed065\" data-element_type=\"widget\" data-widget_type=\"text-editor.default\">\n\t\t\t\t<div class=\"elementor-widget-container\">\n\t\t\t\t\t\t\t\t\t<ul><li><a href=\"https:\/\/goo.gl\/photos\/sFUotu3yFAwTmoEy8\">Gr\u00f3tta &#8211; Tindast\u00f3ll (08.05.2016)<\/a><\/li><li><a href=\"https:\/\/goo.gl\/photos\/9YUc9iPqkkvNwRqZ7\">Gr\u00f3tta &#8211; \u00c1lftanes (06.07.2016)<\/a><\/li><li><a href=\"https:\/\/goo.gl\/photos\/wU3jCWSeKfpxiaJ98\">Gr\u00f3tta &#8211; Augnablik (25.07.2016) <\/a><\/li><li><a href=\"https:\/\/goo.gl\/photos\/fnmi7gK5uBTBZsWv6\">Gr\u00f3tta &#8211; Haukar (18.08.2016)<\/a><\/li><\/ul>\t\t\t\t\t\t\t\t<\/div>\n\t\t\t\t<\/div>\n\t\t\t\t<div class=\"elementor-element elementor-element-7574dc2f elementor-widget elementor-widget-heading\" data-id=\"7574dc2f\" data-element_type=\"widget\" data-widget_type=\"heading.default\">\n\t\t\t\t<div class=\"elementor-widget-container\">\n\t\t\t\t\t<h4 class=\"elementor-heading-title elementor-size-default\">YNGRI FLOKKAR<\/h4>\t\t\t\t<\/div>\n\t\t\t\t<\/div>\n\t\t\t\t<div class=\"elementor-element elementor-element-ae610b5 elementor-widget elementor-widget-heading\" data-id=\"ae610b5\" data-element_type=\"widget\" data-widget_type=\"heading.default\">\n\t\t\t\t<div class=\"elementor-widget-container\">\n\t\t\t\t\t<h6 class=\"elementor-heading-title elementor-size-default\">2. FLOKKUR KARLA<\/h6>\t\t\t\t<\/div>\n\t\t\t\t<\/div>\n\t\t\t\t<div class=\"elementor-element elementor-element-74c514b7 elementor-widget elementor-widget-text-editor\" data-id=\"74c514b7\" data-element_type=\"widget\" data-widget_type=\"text-editor.default\">\n\t\t\t\t<div class=\"elementor-widget-container\">\n\t\t\t\t\t\t\t\t\t<ul><li><a href=\"https:\/\/goo.gl\/photos\/otscqw8nDDeE2A918\">Gr\u00f3tta &#8211; Afturelding\/Hv\u00edti Riddarinn (17.03.2016)<\/a><\/li><li><a href=\"https:\/\/goo.gl\/photos\/NMKEbDQ3YUnn1ug37\">Gr\u00f3tta &#8211; \u00cdBV\/KFS\/KFR (09.04.2016)<\/a><\/li><li><a href=\"https:\/\/goo.gl\/photos\/UiiH7b6XvV2tPU2Q8\">Gr\u00f3tta &#8211; Keflav\u00edk (28.04.2016)<\/a><\/li><li><a href=\"https:\/\/goo.gl\/photos\/eNU9otBsW2RNL4ND7\">Gr\u00f3tta &#8211; Selfoss (17.05.2016)<\/a><\/li><li><a href=\"https:\/\/goo.gl\/photos\/ntHAB21NRtMLrZtTA\">Gr\u00f3tta &#8211; Fylkir (12.06.2016)<\/a><\/li><li><a href=\"https:\/\/goo.gl\/photos\/ekSxFXmnDH5va8RX9\">Gr\u00f3tta &#8211; HK (12.08.2016)<\/a><\/li><li><a href=\"https:\/\/goo.gl\/photos\/yLWpPKcjfHKqqgmi9\">Gr\u00f3tta &#8211; Haukar (17.08.2016)<\/a><\/li><li><a href=\"https:\/\/goo.gl\/photos\/8vhCqKzr4EbJBk2v6\">Gr\u00f3tta &#8211; Brei\u00f0ablik (19.08.2016)<\/a><\/li><\/ul>\t\t\t\t\t\t\t\t<\/div>\n\t\t\t\t<\/div>\n\t\t\t\t<div class=\"elementor-element elementor-element-f21812c elementor-widget elementor-widget-heading\" data-id=\"f21812c\" data-element_type=\"widget\" data-widget_type=\"heading.default\">\n\t\t\t\t<div class=\"elementor-widget-container\">\n\t\t\t\t\t<h6 class=\"elementor-heading-title elementor-size-default\">3. FLOKKUR KVENNA<\/h6>\t\t\t\t<\/div>\n\t\t\t\t<\/div>\n\t\t\t\t<div class=\"elementor-element elementor-element-4fb3cb74 elementor-widget elementor-widget-text-editor\" data-id=\"4fb3cb74\" data-element_type=\"widget\" data-widget_type=\"text-editor.default\">\n\t\t\t\t<div class=\"elementor-widget-container\">\n\t\t\t\t\t\t\t\t\t<ul><li><a href=\"https:\/\/goo.gl\/photos\/cP9U8cWKLuunSQpf6\">Gr\u00f3tta\/KR &#8211; \u00der\u00f3ttur (04.05.2016)<\/a><\/li><li><a href=\"https:\/\/goo.gl\/photos\/xMD81eQimZBWTmNA8\">Gr\u00f3tta\/KR &#8211; HK (29.06.2016)<\/a><\/li><li><a href=\"https:\/\/goo.gl\/photos\/xMD81eQimZBWTmNA8\">Gr\u00f3tta\/KR &#8211; HK (29.06.2016)<\/a><\/li><li><a href=\"https:\/\/goo.gl\/photos\/hJwYViGMcViQWSVt9\">Fj\u00f6lnir\/Fram\/Afturelding &#8211; Gr\u00f3tta\/KR (27.07.2016)<\/a><\/li><li><a href=\"https:\/\/goo.gl\/photos\/tNRgj6k3mqmAfb7VA\">Gr\u00f3tta\/KR &#8211; Fylkir (04.08.2016)<\/a><\/li><li><a href=\"https:\/\/goo.gl\/photos\/J59vSYERicPk8f2h7\">Gr\u00f3tta\/KR &#8211; \u00der\u00f3ttur (15.08.2016)<\/a><\/li><li><a href=\"https:\/\/goo.gl\/photos\/f9CVDc6DyAcETJZW8\">Gr\u00f3tta\/KR &#8211; Fj\u00f6lnir\/Fram\/Afturelding (19.08.2016)<\/a><\/li><\/ul>\t\t\t\t\t\t\t\t<\/div>\n\t\t\t\t<\/div>\n\t\t\t\t<div class=\"elementor-element elementor-element-253f85ac elementor-widget elementor-widget-heading\" data-id=\"253f85ac\" data-element_type=\"widget\" data-widget_type=\"heading.default\">\n\t\t\t\t<div class=\"elementor-widget-container\">\n\t\t\t\t\t<h6 class=\"elementor-heading-title elementor-size-default\">3. FLOKKUR KARLA<\/h6>\t\t\t\t<\/div>\n\t\t\t\t<\/div>\n\t\t\t\t<div class=\"elementor-element elementor-element-4778ed07 elementor-widget elementor-widget-text-editor\" data-id=\"4778ed07\" data-element_type=\"widget\" data-widget_type=\"text-editor.default\">\n\t\t\t\t<div class=\"elementor-widget-container\">\n\t\t\t\t\t\t\t\t\t<ul><li><a href=\"https:\/\/goo.gl\/photos\/411uevm3SsBr892L9\">Gr\u00f3tta &#8211; \u00cdBV\/KFR (14.05.2016)<\/a><\/li><li><a href=\"https:\/\/goo.gl\/photos\/Rte216tGo1em1j8MA\">Gr\u00f3tta &#8211; Sindri (29.05.2016)<\/a><\/li><li><a href=\"https:\/\/goo.gl\/photos\/c5wvwpKXxa2iuhSX8\">Gr\u00f3tta &#8211; Selfoss (21.06.2016)<\/a><\/li><li><a href=\"https:\/\/goo.gl\/photos\/cLB6SDDz46PgPxy1A\">Gr\u00f3tta &#8211; \u00der\u00f3ttur (12.08.2016)<\/a><\/li><\/ul>\t\t\t\t\t\t\t\t<\/div>\n\t\t\t\t<\/div>\n\t\t\t\t<div class=\"elementor-element elementor-element-27e69302 elementor-widget elementor-widget-heading\" data-id=\"27e69302\" data-element_type=\"widget\" data-widget_type=\"heading.default\">\n\t\t\t\t<div class=\"elementor-widget-container\">\n\t\t\t\t\t<h6 class=\"elementor-heading-title elementor-size-default\">4. FLOKKUR KVENNA<\/h6>\t\t\t\t<\/div>\n\t\t\t\t<\/div>\n\t\t\t\t<div class=\"elementor-element elementor-element-7d09142 elementor-widget elementor-widget-text-editor\" data-id=\"7d09142\" data-element_type=\"widget\" data-widget_type=\"text-editor.default\">\n\t\t\t\t<div class=\"elementor-widget-container\">\n\t\t\t\t\t\t\t\t\t<ul><li><a href=\"https:\/\/goo.gl\/photos\/Jxo6D8NC2dQmMkc1A\">Gr\u00f3tta\/KR &#8211; Brei\u00f0ablik (17.05.2016)<\/a><\/li><li><a href=\"https:\/\/goo.gl\/photos\/ejQAzbq7Jmkn5NyW7\">Gr\u00f3tta\/KR &#8211; Brei\u00f0ablik (18.05.2016)<\/a><\/li><li><a href=\"https:\/\/goo.gl\/photos\/aQQjwRiniKLQMg3J7\">Gr\u00f3tta\/KR &#8211; HK (29.06.2016)<\/a><\/li><li><a href=\"https:\/\/goo.gl\/photos\/zoPBR9Un2t4c9CU29\">Gr\u00f3tta\/KR &#8211; Fj\u00f6lnir (19.08.2016)<\/a><\/li><\/ul>\t\t\t\t\t\t\t\t<\/div>\n\t\t\t\t<\/div>\n\t\t\t\t<div class=\"elementor-element elementor-element-7d55750f elementor-widget elementor-widget-heading\" data-id=\"7d55750f\" data-element_type=\"widget\" data-widget_type=\"heading.default\">\n\t\t\t\t<div class=\"elementor-widget-container\">\n\t\t\t\t\t<h6 class=\"elementor-heading-title elementor-size-default\">4. FLOKKUR KARLA<\/h6>\t\t\t\t<\/div>\n\t\t\t\t<\/div>\n\t\t\t\t<div class=\"elementor-element elementor-element-23238fa7 elementor-widget elementor-widget-text-editor\" data-id=\"23238fa7\" data-element_type=\"widget\" data-widget_type=\"text-editor.default\">\n\t\t\t\t<div class=\"elementor-widget-container\">\n\t\t\t\t\t\t\t\t\t<ul><li><a href=\"https:\/\/goo.gl\/photos\/dJMLsb1uStpnA7qy8\">Gr\u00f3tta &#8211; FH (27.04.2016)<\/a><\/li><li><a href=\"https:\/\/goo.gl\/photos\/1ijC21BT9JLxs4Ko7\">Gr\u00f3tta &#8211; Brei\u00f0ablik (11.05.2016)<\/a><\/li><li><a href=\"https:\/\/goo.gl\/photos\/vkBNwtxvRz9vS8oo9\">Gr\u00f3tta &#8211; \u00der\u00f3ttur (20.05.2016)<\/a><\/li><li><a href=\"https:\/\/goo.gl\/photos\/tseDtdCWkBkFvKWq9\">Gr\u00f3tta &#8211; Njar\u00f0v\u00edk (11.08.2016)<\/a><\/li><li><a href=\"https:\/\/goo.gl\/photos\/iE21TVvDkBZFBies5\">Gr\u00f3tta &#8211; \u00de\u00f3r (19.08.2016)<\/a><\/li><li><a href=\"https:\/\/goo.gl\/photos\/Bw9X93jk2FMgQz3BA\">Gr\u00f3tta &#8211; FH (18.10.2016)<\/a><\/li><\/ul>\t\t\t\t\t\t\t\t<\/div>\n\t\t\t\t<\/div>\n\t\t\t\t<div class=\"elementor-element elementor-element-3b7a82d2 elementor-widget elementor-widget-heading\" data-id=\"3b7a82d2\" data-element_type=\"widget\" data-widget_type=\"heading.default\">\n\t\t\t\t<div class=\"elementor-widget-container\">\n\t\t\t\t\t<h6 class=\"elementor-heading-title elementor-size-default\">5. FLOKKUR KVENNA<\/h6>\t\t\t\t<\/div>\n\t\t\t\t<\/div>\n\t\t\t\t<div class=\"elementor-element elementor-element-3f84f79e elementor-widget elementor-widget-text-editor\" data-id=\"3f84f79e\" data-element_type=\"widget\" data-widget_type=\"text-editor.default\">\n\t\t\t\t<div class=\"elementor-widget-container\">\n\t\t\t\t\t\t\t\t\t<ul><li><a href=\"https:\/\/goo.gl\/photos\/kP4DumVguwsU4VWH7\" target=\"_blank\" rel=\"noopener\">Gr\u00f3tta &#8211; Selfoss (12.05.2016)<\/a><\/li><li><a href=\"https:\/\/goo.gl\/photos\/NJ4JoFaiNvoJNifb7\">Gr\u00f3tta &#8211; Haukar (06.03.2016)<\/a><\/li><li><a href=\"https:\/\/goo.gl\/photos\/PAdwsVYzcMu4eWv66\">Gr\u00f3tta &#8211; RKV (12.05.2016)<\/a><\/li><\/ul>\t\t\t\t\t\t\t\t<\/div>\n\t\t\t\t<\/div>\n\t\t\t\t<div class=\"elementor-element elementor-element-19b4e986 elementor-widget elementor-widget-heading\" data-id=\"19b4e986\" data-element_type=\"widget\" data-widget_type=\"heading.default\">\n\t\t\t\t<div class=\"elementor-widget-container\">\n\t\t\t\t\t<h6 class=\"elementor-heading-title elementor-size-default\">5. FLOKKUR KARLA<\/h6>\t\t\t\t<\/div>\n\t\t\t\t<\/div>\n\t\t\t\t<div class=\"elementor-element elementor-element-4760b996 elementor-widget elementor-widget-text-editor\" data-id=\"4760b996\" data-element_type=\"widget\" data-widget_type=\"text-editor.default\">\n\t\t\t\t<div class=\"elementor-widget-container\">\n\t\t\t\t\t\t\t\t\t<ul><li><a href=\"https:\/\/goo.gl\/photos\/jxFGQ4TBvn2gys8H7\">Gr\u00f3tta &#8211; Brei\u00f0ablik (25.04.2016)<\/a><\/li><li><a href=\"https:\/\/goo.gl\/photos\/3XnruVBTdDcSy9dm6\">Gr\u00f3tta &#8211; Fram (26.05.2016)<\/a><\/li><li><a href=\"https:\/\/goo.gl\/photos\/dfbMP5vfKBnfzYx47\">Gr\u00f3tta &#8211; Stjarnan (03.06.2016)<\/a><\/li><li><a href=\"https:\/\/goo.gl\/photos\/Cdy15XCNPwhu9dvQ8\">Gr\u00f3tta &#8211; Afturelding (09.08.2016)<\/a><\/li><li><a href=\"https:\/\/goo.gl\/photos\/gUzXZ3zNTbJ7eyiP9\">Gr\u00f3tta &#8211; Brei\u00f0ablik (15.08.2016)<\/a><\/li><\/ul>\t\t\t\t\t\t\t\t<\/div>\n\t\t\t\t<\/div>\n\t\t\t\t<div class=\"elementor-element elementor-element-7ae153e7 elementor-widget elementor-widget-heading\" data-id=\"7ae153e7\" data-element_type=\"widget\" data-widget_type=\"heading.default\">\n\t\t\t\t<div class=\"elementor-widget-container\">\n\t\t\t\t\t<h6 class=\"elementor-heading-title elementor-size-default\">ANNA\u00d0<\/h6>\t\t\t\t<\/div>\n\t\t\t\t<\/div>\n\t\t\t\t<div class=\"elementor-element elementor-element-34f67b1f elementor-widget elementor-widget-text-editor\" data-id=\"34f67b1f\" data-element_type=\"widget\" data-widget_type=\"text-editor.default\">\n\t\t\t\t<div class=\"elementor-widget-container\">\n\t\t\t\t\t\t\t\t\t<ul><li><a href=\"https:\/\/goo.gl\/photos\/n7cobJikfJZMqcRK9\">Kr\u00eda &#8211; Brei\u00f0ablik (26.05.2016)<\/a><\/li><li><a href=\"https:\/\/goo.gl\/photos\/VimQKRKFhCoFPHUB9\">Gr\u00f3tta, KR, Valur, vinam\u00f3t 7. fl kk (20.07.2016)<\/a><\/li><li><a href=\"https:\/\/goo.gl\/photos\/HSqzQA9xaLrDEouz9\">Gr\u00f3tta, KR, Fylkir, Keflav\u00edk\/V\u00ed\u00f0ir, \u00der\u00f3ttur, Brei\u00f0ablik &#8211; \u00cdslandsm\u00f3t 50+ kk<\/a><\/li><li><a href=\"https:\/\/goo.gl\/photos\/jm7uSSutLzbm9NjQ9\">Kr\u00eda &#8211; K\u00f3ngarnir (22.08.2016) <\/a><\/li><\/ul>\t\t\t\t\t\t\t\t<\/div>\n\t\t\t\t<\/div>\n\t\t\t\t\t<\/div>\n\t\t<\/div>\n\t\t\t\t<div class=\"elementor-column elementor-col-50 elementor-top-column elementor-element elementor-element-de12b9b\" data-id=\"de12b9b\" data-element_type=\"column\">\n\t\t\t<div class=\"elementor-widget-wrap elementor-element-populated\">\n\t\t\t\t\t\t<div class=\"elementor-element elementor-element-3cd11f51 elementor-widget elementor-widget-image\" data-id=\"3cd11f51\" data-element_type=\"widget\" data-widget_type=\"image.default\">\n\t\t\t\t<div class=\"elementor-widget-container\">\n\t\t\t\t\t\t\t\t\t\t\t\t<figure class=\"wp-caption\">\n\t\t\t\t\t\t\t\t\t\t\t<a href=\"https:\/\/grotta.is\/wp-content\/uploads\/2020\/05\/Knattspyrna_grotta_meistaraflokkar_2016-1.jpg\" data-elementor-open-lightbox=\"yes\" data-elementor-lightbox-title=\"Knattspyrna_grotta_meistaraflokkar_2016 (1)\" data-e-action-hash=\"#elementor-action%3Aaction%3Dlightbox%26settings%3DeyJpZCI6NDI3NywidXJsIjoiaHR0cHM6XC9cL2dyb3R0YS5pc1wvd3AtY29udGVudFwvdXBsb2Fkc1wvMjAyMFwvMDVcL0tuYXR0c3B5cm5hX2dyb3R0YV9tZWlzdGFyYWZsb2trYXJfMjAxNi0xLmpwZyJ9\">\n\t\t\t\t\t\t\t<img fetchpriority=\"high\" decoding=\"async\" width=\"1024\" height=\"566\" src=\"https:\/\/grotta.is\/wp-content\/uploads\/2020\/05\/Knattspyrna_grotta_meistaraflokkar_2016-1.jpg\" class=\"attachment-large size-large wp-image-4277\" alt=\"\" srcset=\"https:\/\/grotta.is\/wp-content\/uploads\/2020\/05\/Knattspyrna_grotta_meistaraflokkar_2016-1.jpg 2400w, https:\/\/grotta.is\/wp-content\/uploads\/2020\/05\/Knattspyrna_grotta_meistaraflokkar_2016-1-600x332.jpg 600w\" sizes=\"(max-width: 1024px) 100vw, 1024px\" \/>\t\t\t\t\t\t\t\t<\/a>\n\t\t\t\t\t\t\t\t\t\t\t<figcaption class=\"widget-image-caption wp-caption-text\">Meistaraflokkur karla<\/figcaption>\n\t\t\t\t\t\t\t\t\t\t<\/figure>\n\t\t\t\t\t\t\t\t\t<\/div>\n\t\t\t\t<\/div>\n\t\t\t\t<div class=\"elementor-element elementor-element-2094abfd elementor-widget elementor-widget-image\" data-id=\"2094abfd\" data-element_type=\"widget\" data-widget_type=\"image.default\">\n\t\t\t\t<div class=\"elementor-widget-container\">\n\t\t\t\t\t\t\t\t\t\t\t\t<figure class=\"wp-caption\">\n\t\t\t\t\t\t\t\t\t\t\t<a href=\"https:\/\/grotta.is\/wp-content\/uploads\/2020\/05\/Knattspyrna_grotta_meistaraflokkar_2016-2.jpg\" data-elementor-open-lightbox=\"yes\" data-elementor-lightbox-title=\"Knattspyrna_grotta_meistaraflokkar_2016 (2)\" data-e-action-hash=\"#elementor-action%3Aaction%3Dlightbox%26settings%3DeyJpZCI6NDI3NiwidXJsIjoiaHR0cHM6XC9cL2dyb3R0YS5pc1wvd3AtY29udGVudFwvdXBsb2Fkc1wvMjAyMFwvMDVcL0tuYXR0c3B5cm5hX2dyb3R0YV9tZWlzdGFyYWZsb2trYXJfMjAxNi0yLmpwZyJ9\">\n\t\t\t\t\t\t\t<img decoding=\"async\" width=\"1024\" height=\"683\" data-src=\"https:\/\/grotta.is\/wp-content\/uploads\/2020\/05\/Knattspyrna_grotta_meistaraflokkar_2016-2.jpg\" class=\"attachment-large size-large wp-image-4276 lazyload\" alt=\"\" data-srcset=\"https:\/\/grotta.is\/wp-content\/uploads\/2020\/05\/Knattspyrna_grotta_meistaraflokkar_2016-2.jpg 2400w, https:\/\/grotta.is\/wp-content\/uploads\/2020\/05\/Knattspyrna_grotta_meistaraflokkar_2016-2-600x400.jpg 600w\" data-sizes=\"(max-width: 1024px) 100vw, 1024px\" src=\"data:image\/gif;base64,R0lGODlhAQABAAAAACH5BAEKAAEALAAAAAABAAEAAAICTAEAOw==\" style=\"--smush-placeholder-width: 1024px; --smush-placeholder-aspect-ratio: 1024\/683;\" \/>\t\t\t\t\t\t\t\t<\/a>\n\t\t\t\t\t\t\t\t\t\t\t<figcaption class=\"widget-image-caption wp-caption-text\">Meistaraflokkur kvenna<\/figcaption>\n\t\t\t\t\t\t\t\t\t\t<\/figure>\n\t\t\t\t\t\t\t\t\t<\/div>\n\t\t\t\t<\/div>\n\t\t\t\t\t<\/div>\n\t\t<\/div>\n\t\t\t\t\t<\/div>\n\t\t<\/section>\n\t\t\t\t<section class=\"elementor-section elementor-top-section elementor-element elementor-element-64ea4687 elementor-section-boxed elementor-section-height-default elementor-section-height-default\" data-id=\"64ea4687\" data-element_type=\"section\">\n\t\t\t\t\t\t<div class=\"elementor-container elementor-column-gap-default\">\n\t\t\t\t\t<div class=\"elementor-column elementor-col-100 elementor-top-column elementor-element elementor-element-49c8c6e0\" data-id=\"49c8c6e0\" data-element_type=\"column\">\n\t\t\t<div class=\"elementor-widget-wrap elementor-element-populated\">\n\t\t\t\t\t\t<div class=\"elementor-element elementor-element-6794d178 elementor-widget elementor-widget-heading\" data-id=\"6794d178\" data-element_type=\"widget\" data-widget_type=\"heading.default\">\n\t\t\t\t<div class=\"elementor-widget-container\">\n\t\t\t\t\t<h6 class=\"elementor-heading-title elementor-size-default\">Lj\u00f3smyndir eftir Eyj\u00f3lfur Gar\u00f0arsson \u00a9 allur r\u00e9ttur \u00e1skilinn<\/h6>\t\t\t\t<\/div>\n\t\t\t\t<\/div>\n\t\t\t\t<div class=\"elementor-element elementor-element-7a25a871 elementor-widget elementor-widget-spacer\" data-id=\"7a25a871\" data-element_type=\"widget\" data-widget_type=\"spacer.default\">\n\t\t\t\t<div class=\"elementor-widget-container\">\n\t\t\t\t\t\t\t<div class=\"elementor-spacer\">\n\t\t\t<div class=\"elementor-spacer-inner\"><\/div>\n\t\t<\/div>\n\t\t\t\t\t\t<\/div>\n\t\t\t\t<\/div>\n\t\t\t\t\t<\/div>\n\t\t<\/div>\n\t\t\t\t\t<\/div>\n\t\t<\/section>\n\t\t\t\t<\/div>","protected":false},"excerpt":{"rendered":"<p>\u00c1RI\u00d0 2016 Lj\u00f3smyndir eftir Eyj\u00f3lfur Gar\u00f0arsson \u00a9 allur r\u00e9ttur \u00e1skilinn MEISTARAFLOKKUR KARLA Gr\u00f3tta &#8211; FH (13.03.2016) \u00der\u00f3ttur Vogum &#8211; Gr\u00f3tta (10.05.2016) Gr\u00f3tta &#8211; Augnablik (24.05.2016) Gr\u00f3tta &#8211; Njar\u00f0v\u00edk (05.07.2016) Gr\u00f3tta [&hellip;]<\/p>","protected":false},"author":7,"featured_media":0,"parent":235,"menu_order":0,"comment_status":"closed","ping_status":"closed","template":"elementor_header_footer","meta":{"footnotes":""},"class_list":["post-3747","page","type-page","status-publish","hentry"],"yoast_head":"<!-- This site is optimized with the Yoast SEO plugin v24.3 - https:\/\/yoast.com\/wordpress\/plugins\/seo\/ -->\n<title>F\u00f3tboltamyndir-2016 - \u00cd\u00fer\u00f3ttaf\u00e9lagi\u00f0 Gr\u00f3tta<\/title>\n<meta name=\"robots\" content=\"index, follow, max-snippet:-1, max-image-preview:large, max-video-preview:-1\" \/>\n<link rel=\"canonical\" href=\"https:\/\/grotta.is\/en\/knattspyrnudeild\/ljosmyndir-2016\/\" \/>\n<meta property=\"og:locale\" content=\"en_US\" \/>\n<meta property=\"og:type\" content=\"article\" \/>\n<meta property=\"og:title\" content=\"F\u00f3tboltamyndir-2016 - \u00cd\u00fer\u00f3ttaf\u00e9lagi\u00f0 Gr\u00f3tta\" \/>\n<meta property=\"og:description\" content=\"\u00c1RI\u00d0 2016 Lj\u00f3smyndir eftir Eyj\u00f3lfur Gar\u00f0arsson \u00a9 allur r\u00e9ttur \u00e1skilinn MEISTARAFLOKKUR KARLA Gr\u00f3tta &#8211; FH (13.03.2016) \u00der\u00f3ttur Vogum &#8211; Gr\u00f3tta (10.05.2016) Gr\u00f3tta &#8211; Augnablik (24.05.2016) Gr\u00f3tta &#8211; Njar\u00f0v\u00edk (05.07.2016) Gr\u00f3tta [&hellip;]\" \/>\n<meta property=\"og:url\" content=\"https:\/\/grotta.is\/en\/knattspyrnudeild\/ljosmyndir-2016\/\" \/>\n<meta property=\"og:site_name\" content=\"\u00cd\u00fer\u00f3ttaf\u00e9lagi\u00f0 Gr\u00f3tta\" \/>\n<meta property=\"article:publisher\" content=\"https:\/\/www.facebook.com\/grottasport\" \/>\n<meta property=\"article:modified_time\" content=\"2020-05-07T21:25:14+00:00\" \/>\n<meta property=\"og:image\" content=\"https:\/\/grotta.is\/wp-content\/uploads\/2020\/05\/Knattspyrna_grotta_meistaraflokkar_2016-1-1024x566.jpg\" \/>\n<meta name=\"twitter:card\" content=\"summary_large_image\" \/>\n<meta name=\"twitter:label1\" content=\"Est. reading time\" \/>\n\t<meta name=\"twitter:data1\" content=\"2 minutes\" \/>\n<script type=\"application\/ld+json\" class=\"yoast-schema-graph\">{\"@context\":\"https:\/\/schema.org\",\"@graph\":[{\"@type\":\"WebPage\",\"@id\":\"https:\/\/grotta.is\/knattspyrnudeild\/ljosmyndir-2016\/\",\"url\":\"https:\/\/grotta.is\/knattspyrnudeild\/ljosmyndir-2016\/\",\"name\":\"F\u00f3tboltamyndir-2016 - \u00cd\u00fer\u00f3ttaf\u00e9lagi\u00f0 Gr\u00f3tta\",\"isPartOf\":{\"@id\":\"https:\/\/grotta.is\/#website\"},\"primaryImageOfPage\":{\"@id\":\"https:\/\/grotta.is\/knattspyrnudeild\/ljosmyndir-2016\/#primaryimage\"},\"image\":{\"@id\":\"https:\/\/grotta.is\/knattspyrnudeild\/ljosmyndir-2016\/#primaryimage\"},\"thumbnailUrl\":\"https:\/\/grotta.is\/wp-content\/uploads\/2020\/05\/Knattspyrna_grotta_meistaraflokkar_2016-1-1024x566.jpg\",\"datePublished\":\"2020-05-06T21:42:30+00:00\",\"dateModified\":\"2020-05-07T21:25:14+00:00\",\"breadcrumb\":{\"@id\":\"https:\/\/grotta.is\/knattspyrnudeild\/ljosmyndir-2016\/#breadcrumb\"},\"inLanguage\":\"en-US\",\"potentialAction\":[{\"@type\":\"ReadAction\",\"target\":[\"https:\/\/grotta.is\/knattspyrnudeild\/ljosmyndir-2016\/\"]}]},{\"@type\":\"ImageObject\",\"inLanguage\":\"en-US\",\"@id\":\"https:\/\/grotta.is\/knattspyrnudeild\/ljosmyndir-2016\/#primaryimage\",\"url\":\"https:\/\/grotta.is\/wp-content\/uploads\/2020\/05\/Knattspyrna_grotta_meistaraflokkar_2016-1-1024x566.jpg\",\"contentUrl\":\"https:\/\/grotta.is\/wp-content\/uploads\/2020\/05\/Knattspyrna_grotta_meistaraflokkar_2016-1-1024x566.jpg\"},{\"@type\":\"BreadcrumbList\",\"@id\":\"https:\/\/grotta.is\/knattspyrnudeild\/ljosmyndir-2016\/#breadcrumb\",\"itemListElement\":[{\"@type\":\"ListItem\",\"position\":1,\"name\":\"Home\",\"item\":\"https:\/\/grotta.is\/\"},{\"@type\":\"ListItem\",\"position\":2,\"name\":\"Knattspyrnudeild Gr\u00f3ttu\",\"item\":\"https:\/\/grotta.is\/knattspyrnudeild\/\"},{\"@type\":\"ListItem\",\"position\":3,\"name\":\"F\u00f3tboltamyndir-2016\"}]},{\"@type\":\"WebSite\",\"@id\":\"https:\/\/grotta.is\/#website\",\"url\":\"https:\/\/grotta.is\/\",\"name\":\"\u00cd\u00fer\u00f3ttaf\u00e9lagi\u00f0 Gr\u00f3tta\",\"description\":\"\u00e1 Seltjarnarnesi\",\"publisher\":{\"@id\":\"https:\/\/grotta.is\/#organization\"},\"potentialAction\":[{\"@type\":\"SearchAction\",\"target\":{\"@type\":\"EntryPoint\",\"urlTemplate\":\"https:\/\/grotta.is\/?s={search_term_string}\"},\"query-input\":{\"@type\":\"PropertyValueSpecification\",\"valueRequired\":true,\"valueName\":\"search_term_string\"}}],\"inLanguage\":\"en-US\"},{\"@type\":\"Organization\",\"@id\":\"https:\/\/grotta.is\/#organization\",\"name\":\"\u00cd\u00fer\u00f3ttaf\u00e9lagi\u00f0 Gr\u00f3tta\",\"url\":\"https:\/\/grotta.is\/\",\"logo\":{\"@type\":\"ImageObject\",\"inLanguage\":\"en-US\",\"@id\":\"https:\/\/grotta.is\/#\/schema\/logo\/image\/\",\"url\":\"https:\/\/grotta.is\/wp-content\/uploads\/2020\/02\/ithrottafelagidgrotta_logo_512x512_transparent.png\",\"contentUrl\":\"https:\/\/grotta.is\/wp-content\/uploads\/2020\/02\/ithrottafelagidgrotta_logo_512x512_transparent.png\",\"width\":512,\"height\":512,\"caption\":\"\u00cd\u00fer\u00f3ttaf\u00e9lagi\u00f0 Gr\u00f3tta\"},\"image\":{\"@id\":\"https:\/\/grotta.is\/#\/schema\/logo\/image\/\"},\"sameAs\":[\"https:\/\/www.facebook.com\/grottasport\"]}]}<\/script>\n<!-- \/ Yoast SEO plugin. -->","yoast_head_json":{"title":"F\u00f3tboltamyndir-2016 - \u00cd\u00fer\u00f3ttaf\u00e9lagi\u00f0 Gr\u00f3tta","robots":{"index":"index","follow":"follow","max-snippet":"max-snippet:-1","max-image-preview":"max-image-preview:large","max-video-preview":"max-video-preview:-1"},"canonical":"https:\/\/grotta.is\/en\/knattspyrnudeild\/ljosmyndir-2016\/","og_locale":"en_US","og_type":"article","og_title":"F\u00f3tboltamyndir-2016 - \u00cd\u00fer\u00f3ttaf\u00e9lagi\u00f0 Gr\u00f3tta","og_description":"\u00c1RI\u00d0 2016 Lj\u00f3smyndir eftir Eyj\u00f3lfur Gar\u00f0arsson \u00a9 allur r\u00e9ttur \u00e1skilinn MEISTARAFLOKKUR KARLA Gr\u00f3tta &#8211; FH (13.03.2016) \u00der\u00f3ttur Vogum &#8211; Gr\u00f3tta (10.05.2016) Gr\u00f3tta &#8211; Augnablik (24.05.2016) Gr\u00f3tta &#8211; Njar\u00f0v\u00edk (05.07.2016) Gr\u00f3tta [&hellip;]","og_url":"https:\/\/grotta.is\/en\/knattspyrnudeild\/ljosmyndir-2016\/","og_site_name":"\u00cd\u00fer\u00f3ttaf\u00e9lagi\u00f0 Gr\u00f3tta","article_publisher":"https:\/\/www.facebook.com\/grottasport","article_modified_time":"2020-05-07T21:25:14+00:00","og_image":[{"url":"https:\/\/grotta.is\/wp-content\/uploads\/2020\/05\/Knattspyrna_grotta_meistaraflokkar_2016-1-1024x566.jpg","type":"","width":"","height":""}],"twitter_card":"summary_large_image","twitter_misc":{"Est. reading time":"2 minutes"},"schema":{"@context":"https:\/\/schema.org","@graph":[{"@type":"WebPage","@id":"https:\/\/grotta.is\/knattspyrnudeild\/ljosmyndir-2016\/","url":"https:\/\/grotta.is\/knattspyrnudeild\/ljosmyndir-2016\/","name":"F\u00f3tboltamyndir-2016 - \u00cd\u00fer\u00f3ttaf\u00e9lagi\u00f0 Gr\u00f3tta","isPartOf":{"@id":"https:\/\/grotta.is\/#website"},"primaryImageOfPage":{"@id":"https:\/\/grotta.is\/knattspyrnudeild\/ljosmyndir-2016\/#primaryimage"},"image":{"@id":"https:\/\/grotta.is\/knattspyrnudeild\/ljosmyndir-2016\/#primaryimage"},"thumbnailUrl":"https:\/\/grotta.is\/wp-content\/uploads\/2020\/05\/Knattspyrna_grotta_meistaraflokkar_2016-1-1024x566.jpg","datePublished":"2020-05-06T21:42:30+00:00","dateModified":"2020-05-07T21:25:14+00:00","breadcrumb":{"@id":"https:\/\/grotta.is\/knattspyrnudeild\/ljosmyndir-2016\/#breadcrumb"},"inLanguage":"en-US","potentialAction":[{"@type":"ReadAction","target":["https:\/\/grotta.is\/knattspyrnudeild\/ljosmyndir-2016\/"]}]},{"@type":"ImageObject","inLanguage":"en-US","@id":"https:\/\/grotta.is\/knattspyrnudeild\/ljosmyndir-2016\/#primaryimage","url":"https:\/\/grotta.is\/wp-content\/uploads\/2020\/05\/Knattspyrna_grotta_meistaraflokkar_2016-1-1024x566.jpg","contentUrl":"https:\/\/grotta.is\/wp-content\/uploads\/2020\/05\/Knattspyrna_grotta_meistaraflokkar_2016-1-1024x566.jpg"},{"@type":"BreadcrumbList","@id":"https:\/\/grotta.is\/knattspyrnudeild\/ljosmyndir-2016\/#breadcrumb","itemListElement":[{"@type":"ListItem","position":1,"name":"Home","item":"https:\/\/grotta.is\/"},{"@type":"ListItem","position":2,"name":"Knattspyrnudeild Gr\u00f3ttu","item":"https:\/\/grotta.is\/knattspyrnudeild\/"},{"@type":"ListItem","position":3,"name":"F\u00f3tboltamyndir-2016"}]},{"@type":"WebSite","@id":"https:\/\/grotta.is\/#website","url":"https:\/\/grotta.is\/","name":"\u00cd\u00fer\u00f3ttaf\u00e9lagi\u00f0 Gr\u00f3tta","description":"\u00e1 Seltjarnarnesi","publisher":{"@id":"https:\/\/grotta.is\/#organization"},"potentialAction":[{"@type":"SearchAction","target":{"@type":"EntryPoint","urlTemplate":"https:\/\/grotta.is\/?s={search_term_string}"},"query-input":{"@type":"PropertyValueSpecification","valueRequired":true,"valueName":"search_term_string"}}],"inLanguage":"en-US"},{"@type":"Organization","@id":"https:\/\/grotta.is\/#organization","name":"\u00cd\u00fer\u00f3ttaf\u00e9lagi\u00f0 Gr\u00f3tta","url":"https:\/\/grotta.is\/","logo":{"@type":"ImageObject","inLanguage":"en-US","@id":"https:\/\/grotta.is\/#\/schema\/logo\/image\/","url":"https:\/\/grotta.is\/wp-content\/uploads\/2020\/02\/ithrottafelagidgrotta_logo_512x512_transparent.png","contentUrl":"https:\/\/grotta.is\/wp-content\/uploads\/2020\/02\/ithrottafelagidgrotta_logo_512x512_transparent.png","width":512,"height":512,"caption":"\u00cd\u00fer\u00f3ttaf\u00e9lagi\u00f0 Gr\u00f3tta"},"image":{"@id":"https:\/\/grotta.is\/#\/schema\/logo\/image\/"},"sameAs":["https:\/\/www.facebook.com\/grottasport"]}]}},"_links":{"self":[{"href":"https:\/\/grotta.is\/en\/wp-json\/wp\/v2\/pages\/3747","targetHints":{"allow":["GET"]}}],"collection":[{"href":"https:\/\/grotta.is\/en\/wp-json\/wp\/v2\/pages"}],"about":[{"href":"https:\/\/grotta.is\/en\/wp-json\/wp\/v2\/types\/page"}],"author":[{"embeddable":true,"href":"https:\/\/grotta.is\/en\/wp-json\/wp\/v2\/users\/7"}],"replies":[{"embeddable":true,"href":"https:\/\/grotta.is\/en\/wp-json\/wp\/v2\/comments?post=3747"}],"version-history":[{"count":5,"href":"https:\/\/grotta.is\/en\/wp-json\/wp\/v2\/pages\/3747\/revisions"}],"predecessor-version":[{"id":4279,"href":"https:\/\/grotta.is\/en\/wp-json\/wp\/v2\/pages\/3747\/revisions\/4279"}],"up":[{"embeddable":true,"href":"https:\/\/grotta.is\/en\/wp-json\/wp\/v2\/pages\/235"}],"wp:attachment":[{"href":"https:\/\/grotta.is\/en\/wp-json\/wp\/v2\/media?parent=3747"}],"curies":[{"name":"wp","href":"https:\/\/api.w.org\/{rel}","templated":true}]}}