{"id":2965,"date":"2020-04-28T15:09:54","date_gmt":"2020-04-28T15:09:54","guid":{"rendered":"https:\/\/grotta.is\/?page_id=2965"},"modified":"2024-09-20T11:28:19","modified_gmt":"2024-09-20T11:28:19","slug":"saga","status":"publish","type":"page","link":"https:\/\/grotta.is\/en\/fimleikadeild\/saga\/","title":{"rendered":"Saga"},"content":{"rendered":"<div data-elementor-type=\"wp-page\" data-elementor-id=\"2965\" class=\"elementor elementor-2965\" data-elementor-post-type=\"page\">\n\t\t\t\t\t\t<section class=\"elementor-section elementor-top-section elementor-element elementor-element-78e1ac2 elementor-section-boxed elementor-section-height-default elementor-section-height-default\" data-id=\"78e1ac2\" data-element_type=\"section\">\n\t\t\t\t\t\t<div class=\"elementor-container elementor-column-gap-default\">\n\t\t\t\t\t<div class=\"elementor-column elementor-col-100 elementor-top-column elementor-element elementor-element-1d60add\" data-id=\"1d60add\" data-element_type=\"column\">\n\t\t\t<div class=\"elementor-widget-wrap elementor-element-populated\">\n\t\t\t\t\t\t<div class=\"elementor-element elementor-element-82f5573 elementor-widget elementor-widget-text-editor\" data-id=\"82f5573\" data-element_type=\"widget\" data-widget_type=\"text-editor.default\">\n\t\t\t\t<div class=\"elementor-widget-container\">\n\t\t\t\t\t\t\t\t\t<p>Fimleikadeild Gr\u00f3ttu var sett \u00e1 laggirnar \u00e1ri\u00f0 1985 af Gunnari L\u00fa\u00f0v\u00edkssyni, Hildigunni Gunnarsd\u00f3ttur, Gu\u00f0r\u00fanu B. Vilhj\u00e1lmsd\u00f3ttur, Gu\u00f0r\u00fanu \u00cdnu Einarsd\u00f3ttur og L\u00e1ru Sveinbergsd\u00f3ttur.<\/p>\n<p>\u00cd byrjun var \u00e1hersla l\u00f6g\u00f0 \u00e1 yngri i\u00f0kendur, drengi og st\u00falkur \u00e1 aldrinum sex til t\u00edu \u00e1ra.&nbsp;Fyrsta veturinn var fimleikadeildinni \u00fathluta\u00f0 2 klukkustundum \u00e1 viku \u00ed \u00e6fingar.<\/p>\n<p>Annan starfsveturinn voru i\u00f0kendur or\u00f0nir 80 og \u00e6fingart\u00edmarnir 6 klukkustundir \u00e1 viku. Fj\u00f6ldi i\u00f0kenda \u00f3x jafnt og \u00fe\u00e9tt og \u00e1 \u00feri\u00f0ja starfs\u00e1ri var hann kominn yfir 100.<\/p>\n<p>\u00c1 \u00e1ttunda starfs\u00e1ri eigna\u00f0ist fimleikadeildin sitt fyrsta landsli\u00f0sf\u00f3lk og n\u00fana um 40 \u00e1rum seinna er Gr\u00f3tta komin me\u00f0 eigi\u00f0 fimleikah\u00fas sem er me\u00f0 \u00feeim allra gl\u00e6silegustu \u00e1 landinu.<\/p>\n<p>F\u00e9lagi\u00f0 heldur \u00e1fram a\u00f0 vaxa og dafna og \u00ed dag b\u00fd\u00f0ur Gr\u00f3tta upp \u00e1 \u00f6flugt sarf fyrir stubba, grunnh\u00f3pa, \u00e1haldafimleika og h\u00f3pfimleika. I\u00f0kendur eru t\u00e6plega 800 og er aldursdreifing \u00feeirra fr\u00e1 eins \u00e1rs og upp\u00far og \u00fej\u00e1lfarateymi\u00f0 telur yfir 80 manns.&nbsp;<\/p>\n<p>\u00cd dag st\u00e1tar Gr\u00f3tta af m\u00f6rgum titlum \u00ed fimleikum og er me\u00f0 fr\u00e1b\u00e6ran h\u00f3p innlendra og erlendra \u00fej\u00e1lfara \u00ed okkar r\u00f6\u00f0um.<\/p>\n<p><strong>Formenn fimleikadeildarinnar Gr\u00f3ttu fr\u00e1 upphafi:<\/strong><\/p>\n<ul>\n<li>Hildigunnur Gunnarsd\u00f3ttir<\/li>\n<li>Gu\u00f0r\u00fan Vilhj\u00e1lmsd\u00f3ttir<\/li>\n<li>Margr\u00e9t Einarsd\u00f3ttir<\/li>\n<li>\u00deur\u00ed\u00f0ur Halld\u00f3rsd\u00f3ttir<\/li>\n<li>Margr\u00e9t Einarsd\u00f3ttir<\/li>\n<li>Gunnar L\u00fa\u00f0v\u00edksson<\/li>\n<li>Ingibj\u00f6rg \u00c1sgeirsd\u00f3ttir 1995, 1996<\/li>\n<li>Margr\u00e9t P\u00e9tursd\u00f3ttir<\/li>\n<li>J\u00f3runn \u00de\u00f3ra Sigur\u00f0ard\u00f3ttir<\/li>\n<li>Fri\u00f0rika Har\u00f0ard\u00f3ttir<\/li>\n<li>\u00c1sta Sigvaldad\u00f3ttir<\/li>\n<li>Hildur Sesselja A\u00f0alsteinsd\u00f3ttir<\/li>\n<li>Gu\u00f0r\u00fan Edda Haraldsd\u00f3ttir<\/li>\n<li>Sigur\u00f0ur \u00d6rn J\u00f3nsson<\/li>\n<li>Mar\u00eda Bj\u00f6rg Magn\u00fasd\u00f3ttir<\/li>\n<li>Gu\u00f0j\u00f3n R\u00fanarsson<\/li>\n<li>Tinna Molphy<\/li>\n<\/ul>\t\t\t\t\t\t\t\t<\/div>\n\t\t\t\t<\/div>\n\t\t\t\t\t<\/div>\n\t\t<\/div>\n\t\t\t\t\t<\/div>\n\t\t<\/section>\n\t\t\t\t<\/div>","protected":false},"excerpt":{"rendered":"<p>Fimleikadeild Gr\u00f3ttu var sett \u00e1 laggirnar \u00e1ri\u00f0 1985 af Gunnari L\u00fa\u00f0v\u00edkssyni, Hildigunni Gunnarsd\u00f3ttur, Gu\u00f0r\u00fanu B. Vilhj\u00e1lmsd\u00f3ttur, Gu\u00f0r\u00fanu \u00cdnu Einarsd\u00f3ttur og L\u00e1ru Sveinbergsd\u00f3ttur. \u00cd byrjun var \u00e1hersla l\u00f6g\u00f0 \u00e1 yngri i\u00f0kendur, [&hellip;]<\/p>","protected":false},"author":2,"featured_media":0,"parent":1123,"menu_order":0,"comment_status":"closed","ping_status":"closed","template":"","meta":{"footnotes":""},"class_list":["post-2965","page","type-page","status-publish","hentry"],"yoast_head":"<!-- This site is optimized with the Yoast SEO plugin v24.3 - https:\/\/yoast.com\/wordpress\/plugins\/seo\/ -->\n<title>Saga - \u00cd\u00fer\u00f3ttaf\u00e9lagi\u00f0 Gr\u00f3tta<\/title>\n<meta name=\"robots\" content=\"index, follow, max-snippet:-1, max-image-preview:large, max-video-preview:-1\" \/>\n<link rel=\"canonical\" href=\"https:\/\/grotta.is\/en\/fimleikadeild\/saga\/\" \/>\n<meta property=\"og:locale\" content=\"en_US\" \/>\n<meta property=\"og:type\" content=\"article\" \/>\n<meta property=\"og:title\" content=\"Saga - \u00cd\u00fer\u00f3ttaf\u00e9lagi\u00f0 Gr\u00f3tta\" \/>\n<meta property=\"og:description\" content=\"Fimleikadeild Gr\u00f3ttu var sett \u00e1 laggirnar \u00e1ri\u00f0 1985 af Gunnari L\u00fa\u00f0v\u00edkssyni, Hildigunni Gunnarsd\u00f3ttur, Gu\u00f0r\u00fanu B. Vilhj\u00e1lmsd\u00f3ttur, Gu\u00f0r\u00fanu \u00cdnu Einarsd\u00f3ttur og L\u00e1ru Sveinbergsd\u00f3ttur. \u00cd byrjun var \u00e1hersla l\u00f6g\u00f0 \u00e1 yngri i\u00f0kendur, [&hellip;]\" \/>\n<meta property=\"og:url\" content=\"https:\/\/grotta.is\/en\/fimleikadeild\/saga\/\" \/>\n<meta property=\"og:site_name\" content=\"\u00cd\u00fer\u00f3ttaf\u00e9lagi\u00f0 Gr\u00f3tta\" \/>\n<meta property=\"article:publisher\" content=\"https:\/\/www.facebook.com\/grottasport\" \/>\n<meta property=\"article:modified_time\" content=\"2024-09-20T11:28:19+00:00\" \/>\n<meta name=\"twitter:card\" content=\"summary_large_image\" \/>\n<meta name=\"twitter:label1\" content=\"Est. reading time\" \/>\n\t<meta name=\"twitter:data1\" content=\"2 minutes\" \/>\n<script type=\"application\/ld+json\" class=\"yoast-schema-graph\">{\"@context\":\"https:\/\/schema.org\",\"@graph\":[{\"@type\":\"WebPage\",\"@id\":\"https:\/\/grotta.is\/fimleikadeild\/saga\/\",\"url\":\"https:\/\/grotta.is\/fimleikadeild\/saga\/\",\"name\":\"Saga - \u00cd\u00fer\u00f3ttaf\u00e9lagi\u00f0 Gr\u00f3tta\",\"isPartOf\":{\"@id\":\"https:\/\/grotta.is\/#website\"},\"datePublished\":\"2020-04-28T15:09:54+00:00\",\"dateModified\":\"2024-09-20T11:28:19+00:00\",\"breadcrumb\":{\"@id\":\"https:\/\/grotta.is\/fimleikadeild\/saga\/#breadcrumb\"},\"inLanguage\":\"en-US\",\"potentialAction\":[{\"@type\":\"ReadAction\",\"target\":[\"https:\/\/grotta.is\/fimleikadeild\/saga\/\"]}]},{\"@type\":\"BreadcrumbList\",\"@id\":\"https:\/\/grotta.is\/fimleikadeild\/saga\/#breadcrumb\",\"itemListElement\":[{\"@type\":\"ListItem\",\"position\":1,\"name\":\"Home\",\"item\":\"https:\/\/grotta.is\/\"},{\"@type\":\"ListItem\",\"position\":2,\"name\":\"Fimleikadeild Gr\u00f3ttu\",\"item\":\"https:\/\/grotta.is\/fimleikadeild\/\"},{\"@type\":\"ListItem\",\"position\":3,\"name\":\"Saga\"}]},{\"@type\":\"WebSite\",\"@id\":\"https:\/\/grotta.is\/#website\",\"url\":\"https:\/\/grotta.is\/\",\"name\":\"\u00cd\u00fer\u00f3ttaf\u00e9lagi\u00f0 Gr\u00f3tta\",\"description\":\"\u00e1 Seltjarnarnesi\",\"publisher\":{\"@id\":\"https:\/\/grotta.is\/#organization\"},\"potentialAction\":[{\"@type\":\"SearchAction\",\"target\":{\"@type\":\"EntryPoint\",\"urlTemplate\":\"https:\/\/grotta.is\/?s={search_term_string}\"},\"query-input\":{\"@type\":\"PropertyValueSpecification\",\"valueRequired\":true,\"valueName\":\"search_term_string\"}}],\"inLanguage\":\"en-US\"},{\"@type\":\"Organization\",\"@id\":\"https:\/\/grotta.is\/#organization\",\"name\":\"\u00cd\u00fer\u00f3ttaf\u00e9lagi\u00f0 Gr\u00f3tta\",\"url\":\"https:\/\/grotta.is\/\",\"logo\":{\"@type\":\"ImageObject\",\"inLanguage\":\"en-US\",\"@id\":\"https:\/\/grotta.is\/#\/schema\/logo\/image\/\",\"url\":\"https:\/\/grotta.is\/wp-content\/uploads\/2020\/02\/ithrottafelagidgrotta_logo_512x512_transparent.png\",\"contentUrl\":\"https:\/\/grotta.is\/wp-content\/uploads\/2020\/02\/ithrottafelagidgrotta_logo_512x512_transparent.png\",\"width\":512,\"height\":512,\"caption\":\"\u00cd\u00fer\u00f3ttaf\u00e9lagi\u00f0 Gr\u00f3tta\"},\"image\":{\"@id\":\"https:\/\/grotta.is\/#\/schema\/logo\/image\/\"},\"sameAs\":[\"https:\/\/www.facebook.com\/grottasport\"]}]}<\/script>\n<!-- \/ Yoast SEO plugin. -->","yoast_head_json":{"title":"Saga - \u00cd\u00fer\u00f3ttaf\u00e9lagi\u00f0 Gr\u00f3tta","robots":{"index":"index","follow":"follow","max-snippet":"max-snippet:-1","max-image-preview":"max-image-preview:large","max-video-preview":"max-video-preview:-1"},"canonical":"https:\/\/grotta.is\/en\/fimleikadeild\/saga\/","og_locale":"en_US","og_type":"article","og_title":"Saga - \u00cd\u00fer\u00f3ttaf\u00e9lagi\u00f0 Gr\u00f3tta","og_description":"Fimleikadeild Gr\u00f3ttu var sett \u00e1 laggirnar \u00e1ri\u00f0 1985 af Gunnari L\u00fa\u00f0v\u00edkssyni, Hildigunni Gunnarsd\u00f3ttur, Gu\u00f0r\u00fanu B. Vilhj\u00e1lmsd\u00f3ttur, Gu\u00f0r\u00fanu \u00cdnu Einarsd\u00f3ttur og L\u00e1ru Sveinbergsd\u00f3ttur. \u00cd byrjun var \u00e1hersla l\u00f6g\u00f0 \u00e1 yngri i\u00f0kendur, [&hellip;]","og_url":"https:\/\/grotta.is\/en\/fimleikadeild\/saga\/","og_site_name":"\u00cd\u00fer\u00f3ttaf\u00e9lagi\u00f0 Gr\u00f3tta","article_publisher":"https:\/\/www.facebook.com\/grottasport","article_modified_time":"2024-09-20T11:28:19+00:00","twitter_card":"summary_large_image","twitter_misc":{"Est. reading time":"2 minutes"},"schema":{"@context":"https:\/\/schema.org","@graph":[{"@type":"WebPage","@id":"https:\/\/grotta.is\/fimleikadeild\/saga\/","url":"https:\/\/grotta.is\/fimleikadeild\/saga\/","name":"Saga - \u00cd\u00fer\u00f3ttaf\u00e9lagi\u00f0 Gr\u00f3tta","isPartOf":{"@id":"https:\/\/grotta.is\/#website"},"datePublished":"2020-04-28T15:09:54+00:00","dateModified":"2024-09-20T11:28:19+00:00","breadcrumb":{"@id":"https:\/\/grotta.is\/fimleikadeild\/saga\/#breadcrumb"},"inLanguage":"en-US","potentialAction":[{"@type":"ReadAction","target":["https:\/\/grotta.is\/fimleikadeild\/saga\/"]}]},{"@type":"BreadcrumbList","@id":"https:\/\/grotta.is\/fimleikadeild\/saga\/#breadcrumb","itemListElement":[{"@type":"ListItem","position":1,"name":"Home","item":"https:\/\/grotta.is\/"},{"@type":"ListItem","position":2,"name":"Fimleikadeild Gr\u00f3ttu","item":"https:\/\/grotta.is\/fimleikadeild\/"},{"@type":"ListItem","position":3,"name":"Saga"}]},{"@type":"WebSite","@id":"https:\/\/grotta.is\/#website","url":"https:\/\/grotta.is\/","name":"\u00cd\u00fer\u00f3ttaf\u00e9lagi\u00f0 Gr\u00f3tta","description":"\u00e1 Seltjarnarnesi","publisher":{"@id":"https:\/\/grotta.is\/#organization"},"potentialAction":[{"@type":"SearchAction","target":{"@type":"EntryPoint","urlTemplate":"https:\/\/grotta.is\/?s={search_term_string}"},"query-input":{"@type":"PropertyValueSpecification","valueRequired":true,"valueName":"search_term_string"}}],"inLanguage":"en-US"},{"@type":"Organization","@id":"https:\/\/grotta.is\/#organization","name":"\u00cd\u00fer\u00f3ttaf\u00e9lagi\u00f0 Gr\u00f3tta","url":"https:\/\/grotta.is\/","logo":{"@type":"ImageObject","inLanguage":"en-US","@id":"https:\/\/grotta.is\/#\/schema\/logo\/image\/","url":"https:\/\/grotta.is\/wp-content\/uploads\/2020\/02\/ithrottafelagidgrotta_logo_512x512_transparent.png","contentUrl":"https:\/\/grotta.is\/wp-content\/uploads\/2020\/02\/ithrottafelagidgrotta_logo_512x512_transparent.png","width":512,"height":512,"caption":"\u00cd\u00fer\u00f3ttaf\u00e9lagi\u00f0 Gr\u00f3tta"},"image":{"@id":"https:\/\/grotta.is\/#\/schema\/logo\/image\/"},"sameAs":["https:\/\/www.facebook.com\/grottasport"]}]}},"_links":{"self":[{"href":"https:\/\/grotta.is\/en\/wp-json\/wp\/v2\/pages\/2965","targetHints":{"allow":["GET"]}}],"collection":[{"href":"https:\/\/grotta.is\/en\/wp-json\/wp\/v2\/pages"}],"about":[{"href":"https:\/\/grotta.is\/en\/wp-json\/wp\/v2\/types\/page"}],"author":[{"embeddable":true,"href":"https:\/\/grotta.is\/en\/wp-json\/wp\/v2\/users\/2"}],"replies":[{"embeddable":true,"href":"https:\/\/grotta.is\/en\/wp-json\/wp\/v2\/comments?post=2965"}],"version-history":[{"count":14,"href":"https:\/\/grotta.is\/en\/wp-json\/wp\/v2\/pages\/2965\/revisions"}],"predecessor-version":[{"id":573892,"href":"https:\/\/grotta.is\/en\/wp-json\/wp\/v2\/pages\/2965\/revisions\/573892"}],"up":[{"embeddable":true,"href":"https:\/\/grotta.is\/en\/wp-json\/wp\/v2\/pages\/1123"}],"wp:attachment":[{"href":"https:\/\/grotta.is\/en\/wp-json\/wp\/v2\/media?parent=2965"}],"curies":[{"name":"wp","href":"https:\/\/api.w.org\/{rel}","templated":true}]}}