{"id":2117,"date":"2020-04-18T18:34:34","date_gmt":"2020-04-18T18:34:34","guid":{"rendered":"https:\/\/grotta.is\/?page_id=2117"},"modified":"2026-03-30T20:55:43","modified_gmt":"2026-03-30T20:55:43","slug":"silfurmerkishafar","status":"publish","type":"page","link":"https:\/\/grotta.is\/en\/um-felagid\/merkishafar\/silfurmerkishafar\/","title":{"rendered":"Silfurmerkishafar"},"content":{"rendered":"<div data-elementor-type=\"wp-page\" data-elementor-id=\"2117\" class=\"elementor elementor-2117\" data-elementor-post-type=\"page\">\n\t\t\t\t\t\t<section class=\"elementor-section elementor-top-section elementor-element elementor-element-0a25e58 elementor-section-boxed elementor-section-height-default elementor-section-height-default\" data-id=\"0a25e58\" data-element_type=\"section\">\n\t\t\t\t\t\t<div class=\"elementor-container elementor-column-gap-default\">\n\t\t\t\t\t<div class=\"elementor-column elementor-col-100 elementor-top-column elementor-element elementor-element-52bd3d5\" data-id=\"52bd3d5\" data-element_type=\"column\">\n\t\t\t<div class=\"elementor-widget-wrap elementor-element-populated\">\n\t\t\t\t\t\t<div class=\"elementor-element elementor-element-6e8c9f1 elementor-widget elementor-widget-text-editor\" data-id=\"6e8c9f1\" data-element_type=\"widget\" data-widget_type=\"text-editor.default\">\n\t\t\t\t<div class=\"elementor-widget-container\">\n\t\t\t\t\t\t\t\t\t<ul><li>Andri Sigf\u00fasson 2015 handbolti<\/li><li>Anna Bj\u00f6rg Erlingsd\u00f3ttir 2024 handbolti og a\u00f0alstj\u00f3rn<\/li><li>Anna S\u00f3ley Jensd\u00f3ttir 2022 fimleikar<\/li><li>Arnar \u00deorkelsson 2016 handbolti<\/li><li>Arnd\u00eds Mar\u00eda Erlingsd\u00f3ttir 2019 handbolti<\/li><li>\u00c1g\u00fast Ingi \u00c1g\u00fatsson 2009 a\u00f0alstj\u00f3rn<\/li><li>\u00c1lf\u00fe\u00f3r B. J\u00f3hannsson 1997 a\u00f0alstj\u00f3rn<\/li><li>\u00c1rni P\u00e9tursson 2013 f\u00f3tbolti<\/li><li>\u00c1sd\u00eds Bj\u00f6rk P\u00e9tursd\u00f3ttir 2021 fimleikar\u00a0<\/li><li>\u00c1sgeir Bjarnason 2016 handbolti<\/li><li>Berglind P\u00e9tursd\u00f3ttir 2018 fimleikar<\/li><li>Bjarni Torfi \u00c1lf\u00fe\u00f3rsson a\u00f0alstj\u00f3rn<\/li><li>Dan\u00edel R. Ing\u00f3lfsson 2002 a\u00f0alstj\u00f3rn<\/li><li>Dav\u00ed\u00f0 B. G\u00edslason 2014 handbolti<\/li><li>Dav\u00ed\u00f0 \u00d6rn Hl\u00f6\u00f0versson 2019 handbolti<\/li><li>Dav\u00ed\u00f0 Scheving 2018 handbolti<\/li><li>Egill M\u00e1r Mark\u00fasson hand og f\u00f3t<\/li><li>El\u00edas Kristj\u00e1nsson 2018 f\u00f3tbolti<\/li><li>El\u00edas Leifsson a\u00f0alstj\u00f3rn<\/li><li>Erla G\u00edslad\u00f3ttir 2010 handbolti<\/li><li>Eyj\u00f3lfur Gar\u00f0arsson 2015 hand og f\u00f3t<\/li><li>Franz Ploder f\u00f3tbolti<\/li><li>Gaberiella Balany 2013 fimleikar<\/li><li>Gar\u00f0ar Gu\u00f0nason 2018 f\u00f3tbolti<\/li><li>Gestur Gauti Gr\u00e9tarsson handbolti<\/li><li>G\u00edsli Birgisson a\u00f0alstj\u00f3rn<\/li><li>Gu\u00f0mundur \u00c1rni Sigf\u00fasson 2009 handbolti<\/li><li>Gu\u00f0mundur Hannesson 1997 f\u00f3tbolti<\/li><li>Gu\u00f0mundur Marteinn Hannesson 2018 f\u00f3tbolti<\/li><li>Gu\u00f0r\u00fan Brynja Vilhj\u00e1lmsd\u00f3ttir 1997 fimleikar<\/li><li>Gu\u00f0r\u00fan \u00cdna Einarsd\u00f3ttir 1997 fimleikar<\/li><li>Gunnar Bjarnason 1997 f\u00f3tbolti<\/li><li>Gunnar G\u00edslason 2009 handbolti<\/li><li>Haraldur Eyvinds \u00derastarson 2020 f\u00f3tbolti<\/li><li>Halld\u00f3r Ingi Andr\u00e9sson handbolti<\/li><li>Halld\u00f3r Eyj\u00f3lfsson 2018 f\u00f3tbolti<\/li><li>Harpa Fr\u00edmannsd\u00f3ttir f\u00f3tbolti 2025<\/li><li>Harpa Hl\u00edf B\u00e1r\u00f0ard\u00f3ttir 2013 fimleikar<\/li><li>Hildigunnur Hilmarsd\u00f3ttir handbolti<\/li><li>Hilmar Sigur\u00f0sson 2013 f\u00f3tbolti<\/li><li>Hj\u00f6rtur Hjartarson handbolti<\/li><li>H\u00f6r\u00f0ur L\u00fa\u00f0v\u00edksson hand og f\u00f3t<\/li><li>\u00cdris Bj\u00f6rk S\u00edmonard\u00f3ttir 2023 handbolti<\/li><li>Jenn\u00fd \u00d3lafsd\u00f3ttir fimleikar<\/li><li>J\u00f3hannes Geir Benjam\u00ednsson handbolti<\/li><li>J\u00f3n Sigur\u00f0sson 2013 f\u00f3tbolti<\/li><li>J\u00f3runn Mar\u00eda \u00deorsteinsd\u00f3ttir 2024 f\u00f3tbolti<\/li><li>K\u00e1ri Gar\u00f0arsson 2015 handbolti<\/li><li>Krist\u00edn Finnbogad\u00f3ttir 2013 a\u00f0alstj\u00f3rn<\/li><li>Krist\u00edn \u00de\u00f3r\u00f0ard\u00f3ttir 2018 handbolti<\/li><li>Kristj\u00e1n Gu\u00f0laugsson handbolti<\/li><li>L\u00e1rus B. L\u00e1russon 2020<\/li><li>Magn\u00fas Gunnarsson 2018 f\u00f3tbolti<\/li><li>Magn\u00fas \u00d6rn Helgason 2018 f\u00f3tbolti<\/li><li>Magn\u00fas Margeirsson hand og f\u00f3t<\/li><li>Magn\u00fas Sverrir \u00d3lafsson 2018 handbolti<\/li><li>Magn\u00fas Sigur\u00f0sson handbolti<\/li><li>Magr\u00e9t Kristj\u00e1nsd\u00f3ttir 1997 handbolti<\/li><li>Margr\u00e9t Lilja P\u00e1lsd\u00f3ttir fimleikar<\/li><li>Margr\u00e9t P\u00e9tursd\u00f3ttir fimleikar<\/li><li>Mar\u00eda Bj\u00f6rk Magn\u00fasd\u00f3ttir 2013 fimleikar<\/li><li>Nanna Gu\u00f0mundsd\u00f3ttir 2023 fimleikar<\/li><li>Olga Emil\u00eda \u00c1g\u00fastsd\u00f3ttir 2002 a\u00f0alstj\u00f3rn<\/li><li>\u00d3lafur Finnbogason 2002 handbolti<\/li><li>\u00d3l\u00f6f L\u00ednberg Kristj\u00e1nsd\u00f3ttir 2023 fimleikar<\/li><li>P\u00e1ll Einarsson 2009 a\u00f0alstj\u00f3rn<\/li><li>P\u00e9tur M\u00e1r Har\u00f0arson 2020 f\u00f3tbolti<\/li><li>Ragnar Rafnsson 2022 a\u00f0alstj\u00f3rn<\/li><li>R\u00f6gnvaldur Dofri P\u00e9tursson 1997 f\u00f3tbolti<\/li><li>Sara Finney Eggertsd\u00f3ttir 2015 handbolti<\/li><li>Sesselja Jarvela 2013 fimleikar<\/li><li>Sigur\u00f0ur M\u00e1r Hilmarsson 2013 f\u00f3tbolti<\/li><li>Sigurlaug Bjarnad\u00f3ttir 1997 f\u00f3tbolti<\/li><li>Stef\u00e1n \u00d6rn Stef\u00e1nsson hand og f\u00f3t<\/li><li>S\u00f6lvi Sn\u00e6r Magn\u00fasson 2018 f\u00f3tbolti<\/li><li>Valdimar \u00d3lafsson 2023 f\u00f3tbolti<\/li><li>\u00deorsteinn J. Stef\u00e1nsson handbolti<\/li><li>\u00de\u00f3rir J\u00f6kull Finnbogason 2019 handbolti<\/li><li>\u00de\u00f3r Ottesen handbolti<\/li><li>\u00de\u00f3r Sigurgeirsson 1997 handbolti<\/li><li>\u00der\u00f6stur Eyvinds 1997 f\u00f3tbolti<\/li><li>\u00deur\u00ed\u00f0ur Halld\u00f3rsd\u00f3ttir 1997 handbolti<\/li><\/ul>\t\t\t\t\t\t\t\t<\/div>\n\t\t\t\t<\/div>\n\t\t\t\t\t<\/div>\n\t\t<\/div>\n\t\t\t\t\t<\/div>\n\t\t<\/section>\n\t\t\t\t<\/div>","protected":false},"excerpt":{"rendered":"<p>Andri Sigf\u00fasson 2015 handbolti Anna Bj\u00f6rg Erlingsd\u00f3ttir 2024 handbolti og a\u00f0alstj\u00f3rn Anna S\u00f3ley Jensd\u00f3ttir 2022 fimleikar Arnar \u00deorkelsson 2016 handbolti Arnd\u00eds Mar\u00eda Erlingsd\u00f3ttir 2019 handbolti \u00c1g\u00fast Ingi \u00c1g\u00fatsson 2009 a\u00f0alstj\u00f3rn [&hellip;]<\/p>","protected":false},"author":2,"featured_media":0,"parent":2070,"menu_order":0,"comment_status":"closed","ping_status":"closed","template":"","meta":{"footnotes":""},"class_list":["post-2117","page","type-page","status-publish","hentry"],"yoast_head":"<!-- This site is optimized with the Yoast SEO plugin v24.3 - https:\/\/yoast.com\/wordpress\/plugins\/seo\/ -->\n<title>Silfurmerkishafar - \u00cd\u00fer\u00f3ttaf\u00e9lagi\u00f0 Gr\u00f3tta<\/title>\n<meta name=\"robots\" content=\"index, follow, max-snippet:-1, max-image-preview:large, max-video-preview:-1\" \/>\n<link rel=\"canonical\" href=\"https:\/\/grotta.is\/en\/um-felagid\/merkishafar\/silfurmerkishafar\/\" \/>\n<meta property=\"og:locale\" content=\"en_US\" \/>\n<meta property=\"og:type\" content=\"article\" \/>\n<meta property=\"og:title\" content=\"Silfurmerkishafar - \u00cd\u00fer\u00f3ttaf\u00e9lagi\u00f0 Gr\u00f3tta\" \/>\n<meta property=\"og:description\" content=\"Andri Sigf\u00fasson 2015 handbolti Anna Bj\u00f6rg Erlingsd\u00f3ttir 2024 handbolti og a\u00f0alstj\u00f3rn Anna S\u00f3ley Jensd\u00f3ttir 2022 fimleikar Arnar \u00deorkelsson 2016 handbolti Arnd\u00eds Mar\u00eda Erlingsd\u00f3ttir 2019 handbolti \u00c1g\u00fast Ingi \u00c1g\u00fatsson 2009 a\u00f0alstj\u00f3rn [&hellip;]\" \/>\n<meta property=\"og:url\" content=\"https:\/\/grotta.is\/en\/um-felagid\/merkishafar\/silfurmerkishafar\/\" \/>\n<meta property=\"og:site_name\" content=\"\u00cd\u00fer\u00f3ttaf\u00e9lagi\u00f0 Gr\u00f3tta\" \/>\n<meta property=\"article:publisher\" content=\"https:\/\/www.facebook.com\/grottasport\" \/>\n<meta property=\"article:modified_time\" content=\"2026-03-30T20:55:43+00:00\" \/>\n<meta name=\"twitter:card\" content=\"summary_large_image\" \/>\n<meta name=\"twitter:label1\" content=\"Est. reading time\" \/>\n\t<meta name=\"twitter:data1\" content=\"2 minutes\" \/>\n<script type=\"application\/ld+json\" class=\"yoast-schema-graph\">{\"@context\":\"https:\/\/schema.org\",\"@graph\":[{\"@type\":\"WebPage\",\"@id\":\"https:\/\/grotta.is\/um-felagid\/merkishafar\/silfurmerkishafar\/\",\"url\":\"https:\/\/grotta.is\/um-felagid\/merkishafar\/silfurmerkishafar\/\",\"name\":\"Silfurmerkishafar - \u00cd\u00fer\u00f3ttaf\u00e9lagi\u00f0 Gr\u00f3tta\",\"isPartOf\":{\"@id\":\"https:\/\/grotta.is\/#website\"},\"datePublished\":\"2020-04-18T18:34:34+00:00\",\"dateModified\":\"2026-03-30T20:55:43+00:00\",\"breadcrumb\":{\"@id\":\"https:\/\/grotta.is\/um-felagid\/merkishafar\/silfurmerkishafar\/#breadcrumb\"},\"inLanguage\":\"en-US\",\"potentialAction\":[{\"@type\":\"ReadAction\",\"target\":[\"https:\/\/grotta.is\/um-felagid\/merkishafar\/silfurmerkishafar\/\"]}]},{\"@type\":\"BreadcrumbList\",\"@id\":\"https:\/\/grotta.is\/um-felagid\/merkishafar\/silfurmerkishafar\/#breadcrumb\",\"itemListElement\":[{\"@type\":\"ListItem\",\"position\":1,\"name\":\"Home\",\"item\":\"https:\/\/grotta.is\/\"},{\"@type\":\"ListItem\",\"position\":2,\"name\":\"Um f\u00e9lagi\u00f0\",\"item\":\"https:\/\/grotta.is\/um-felagid\/\"},{\"@type\":\"ListItem\",\"position\":3,\"name\":\"Merkishafar Gr\u00f3ttu\",\"item\":\"https:\/\/grotta.is\/um-felagid\/merkishafar\/\"},{\"@type\":\"ListItem\",\"position\":4,\"name\":\"Silfurmerkishafar\"}]},{\"@type\":\"WebSite\",\"@id\":\"https:\/\/grotta.is\/#website\",\"url\":\"https:\/\/grotta.is\/\",\"name\":\"\u00cd\u00fer\u00f3ttaf\u00e9lagi\u00f0 Gr\u00f3tta\",\"description\":\"\u00e1 Seltjarnarnesi\",\"publisher\":{\"@id\":\"https:\/\/grotta.is\/#organization\"},\"potentialAction\":[{\"@type\":\"SearchAction\",\"target\":{\"@type\":\"EntryPoint\",\"urlTemplate\":\"https:\/\/grotta.is\/?s={search_term_string}\"},\"query-input\":{\"@type\":\"PropertyValueSpecification\",\"valueRequired\":true,\"valueName\":\"search_term_string\"}}],\"inLanguage\":\"en-US\"},{\"@type\":\"Organization\",\"@id\":\"https:\/\/grotta.is\/#organization\",\"name\":\"\u00cd\u00fer\u00f3ttaf\u00e9lagi\u00f0 Gr\u00f3tta\",\"url\":\"https:\/\/grotta.is\/\",\"logo\":{\"@type\":\"ImageObject\",\"inLanguage\":\"en-US\",\"@id\":\"https:\/\/grotta.is\/#\/schema\/logo\/image\/\",\"url\":\"https:\/\/grotta.is\/wp-content\/uploads\/2020\/02\/ithrottafelagidgrotta_logo_512x512_transparent.png\",\"contentUrl\":\"https:\/\/grotta.is\/wp-content\/uploads\/2020\/02\/ithrottafelagidgrotta_logo_512x512_transparent.png\",\"width\":512,\"height\":512,\"caption\":\"\u00cd\u00fer\u00f3ttaf\u00e9lagi\u00f0 Gr\u00f3tta\"},\"image\":{\"@id\":\"https:\/\/grotta.is\/#\/schema\/logo\/image\/\"},\"sameAs\":[\"https:\/\/www.facebook.com\/grottasport\"]}]}<\/script>\n<!-- \/ Yoast SEO plugin. -->","yoast_head_json":{"title":"Silfurmerkishafar - \u00cd\u00fer\u00f3ttaf\u00e9lagi\u00f0 Gr\u00f3tta","robots":{"index":"index","follow":"follow","max-snippet":"max-snippet:-1","max-image-preview":"max-image-preview:large","max-video-preview":"max-video-preview:-1"},"canonical":"https:\/\/grotta.is\/en\/um-felagid\/merkishafar\/silfurmerkishafar\/","og_locale":"en_US","og_type":"article","og_title":"Silfurmerkishafar - \u00cd\u00fer\u00f3ttaf\u00e9lagi\u00f0 Gr\u00f3tta","og_description":"Andri Sigf\u00fasson 2015 handbolti Anna Bj\u00f6rg Erlingsd\u00f3ttir 2024 handbolti og a\u00f0alstj\u00f3rn Anna S\u00f3ley Jensd\u00f3ttir 2022 fimleikar Arnar \u00deorkelsson 2016 handbolti Arnd\u00eds Mar\u00eda Erlingsd\u00f3ttir 2019 handbolti \u00c1g\u00fast Ingi \u00c1g\u00fatsson 2009 a\u00f0alstj\u00f3rn [&hellip;]","og_url":"https:\/\/grotta.is\/en\/um-felagid\/merkishafar\/silfurmerkishafar\/","og_site_name":"\u00cd\u00fer\u00f3ttaf\u00e9lagi\u00f0 Gr\u00f3tta","article_publisher":"https:\/\/www.facebook.com\/grottasport","article_modified_time":"2026-03-30T20:55:43+00:00","twitter_card":"summary_large_image","twitter_misc":{"Est. reading time":"2 minutes"},"schema":{"@context":"https:\/\/schema.org","@graph":[{"@type":"WebPage","@id":"https:\/\/grotta.is\/um-felagid\/merkishafar\/silfurmerkishafar\/","url":"https:\/\/grotta.is\/um-felagid\/merkishafar\/silfurmerkishafar\/","name":"Silfurmerkishafar - \u00cd\u00fer\u00f3ttaf\u00e9lagi\u00f0 Gr\u00f3tta","isPartOf":{"@id":"https:\/\/grotta.is\/#website"},"datePublished":"2020-04-18T18:34:34+00:00","dateModified":"2026-03-30T20:55:43+00:00","breadcrumb":{"@id":"https:\/\/grotta.is\/um-felagid\/merkishafar\/silfurmerkishafar\/#breadcrumb"},"inLanguage":"en-US","potentialAction":[{"@type":"ReadAction","target":["https:\/\/grotta.is\/um-felagid\/merkishafar\/silfurmerkishafar\/"]}]},{"@type":"BreadcrumbList","@id":"https:\/\/grotta.is\/um-felagid\/merkishafar\/silfurmerkishafar\/#breadcrumb","itemListElement":[{"@type":"ListItem","position":1,"name":"Home","item":"https:\/\/grotta.is\/"},{"@type":"ListItem","position":2,"name":"Um f\u00e9lagi\u00f0","item":"https:\/\/grotta.is\/um-felagid\/"},{"@type":"ListItem","position":3,"name":"Merkishafar Gr\u00f3ttu","item":"https:\/\/grotta.is\/um-felagid\/merkishafar\/"},{"@type":"ListItem","position":4,"name":"Silfurmerkishafar"}]},{"@type":"WebSite","@id":"https:\/\/grotta.is\/#website","url":"https:\/\/grotta.is\/","name":"\u00cd\u00fer\u00f3ttaf\u00e9lagi\u00f0 Gr\u00f3tta","description":"\u00e1 Seltjarnarnesi","publisher":{"@id":"https:\/\/grotta.is\/#organization"},"potentialAction":[{"@type":"SearchAction","target":{"@type":"EntryPoint","urlTemplate":"https:\/\/grotta.is\/?s={search_term_string}"},"query-input":{"@type":"PropertyValueSpecification","valueRequired":true,"valueName":"search_term_string"}}],"inLanguage":"en-US"},{"@type":"Organization","@id":"https:\/\/grotta.is\/#organization","name":"\u00cd\u00fer\u00f3ttaf\u00e9lagi\u00f0 Gr\u00f3tta","url":"https:\/\/grotta.is\/","logo":{"@type":"ImageObject","inLanguage":"en-US","@id":"https:\/\/grotta.is\/#\/schema\/logo\/image\/","url":"https:\/\/grotta.is\/wp-content\/uploads\/2020\/02\/ithrottafelagidgrotta_logo_512x512_transparent.png","contentUrl":"https:\/\/grotta.is\/wp-content\/uploads\/2020\/02\/ithrottafelagidgrotta_logo_512x512_transparent.png","width":512,"height":512,"caption":"\u00cd\u00fer\u00f3ttaf\u00e9lagi\u00f0 Gr\u00f3tta"},"image":{"@id":"https:\/\/grotta.is\/#\/schema\/logo\/image\/"},"sameAs":["https:\/\/www.facebook.com\/grottasport"]}]}},"_links":{"self":[{"href":"https:\/\/grotta.is\/en\/wp-json\/wp\/v2\/pages\/2117","targetHints":{"allow":["GET"]}}],"collection":[{"href":"https:\/\/grotta.is\/en\/wp-json\/wp\/v2\/pages"}],"about":[{"href":"https:\/\/grotta.is\/en\/wp-json\/wp\/v2\/types\/page"}],"author":[{"embeddable":true,"href":"https:\/\/grotta.is\/en\/wp-json\/wp\/v2\/users\/2"}],"replies":[{"embeddable":true,"href":"https:\/\/grotta.is\/en\/wp-json\/wp\/v2\/comments?post=2117"}],"version-history":[{"count":24,"href":"https:\/\/grotta.is\/en\/wp-json\/wp\/v2\/pages\/2117\/revisions"}],"predecessor-version":[{"id":576186,"href":"https:\/\/grotta.is\/en\/wp-json\/wp\/v2\/pages\/2117\/revisions\/576186"}],"up":[{"embeddable":true,"href":"https:\/\/grotta.is\/en\/wp-json\/wp\/v2\/pages\/2070"}],"wp:attachment":[{"href":"https:\/\/grotta.is\/en\/wp-json\/wp\/v2\/media?parent=2117"}],"curies":[{"name":"wp","href":"https:\/\/api.w.org\/{rel}","templated":true}]}}