{"id":1636,"date":"2020-04-12T15:02:35","date_gmt":"2020-04-12T15:02:35","guid":{"rendered":"https:\/\/grotta.is\/?page_id=1636"},"modified":"2021-03-29T16:36:51","modified_gmt":"2021-03-29T16:36:51","slug":"tryggingamal-idkenda","status":"publish","type":"page","link":"https:\/\/grotta.is\/en\/um-felagid\/tryggingamal-idkenda\/","title":{"rendered":"Tryggingam\u00e1l i\u00f0kenda"},"content":{"rendered":"<h3 class=\"wp-block-heading\">\u00cd\u00fer\u00f3ttaslys<\/h3><p>\u00cd\u00fer\u00f3ttaf\u00f3lk sem slasast \u00e1 \u00e6fingum og \u00ed keppnum geta s\u00f3tt \u00e1kve\u00f0nar endurgrei\u00f0slur v\/ \u00fatlag\u00f0s sj\u00fakra- og slysakostna\u00f0ar. Eftirfarandi a\u00f0ilar b\u00e6ta hluta af fj\u00e1rhagslegu tj\u00f3ni:<\/p><p><strong>\u00cd\u00fer\u00f3ttaslysasj\u00f3\u00f0ur \u00cdS\u00cd<\/strong> endurgrei\u00f0ir \u00ed\u00fer\u00f3ttai\u00f0kendum innan v\u00e9banda \u00cdS\u00cd, 16 \u00e1ra og eldri, kostna\u00f0arhluta sj\u00faklings vegna sj\u00fakra\u00fej\u00e1lfunar og beinnar l\u00e6knisme\u00f0fer\u00f0ar, skv. opinberum taxta Sj\u00fakratrygginga \u00cdslands, sj\u00e1 regluger\u00f0 \u00cdS\u00cd um grei\u00f0slu b\u00f3ta vegna \u00ed\u00fer\u00f3ttaslysa. <a href=\"http:\/\/www.isi.is\/um-isi\/ithrottaslysasjodur\/\">http:\/\/www.isi.is\/um-isi\/ithrottaslysasjodur\/<\/a><\/p><p><strong>Sj\u00fakratryggingar \u00cdslands<\/strong> b\u00e6ta \u00feolendum tj\u00f3n en almennt gildir s\u00fa takm\u00f6rkun a\u00f0 til \u00feess a\u00f0 eiga r\u00e9tt \u00e1 b\u00f3tum \u00far slysatryggingum \u00fearf slysi\u00f0 a\u00f0 hafa valdi\u00f0 a.m.k. 10 daga \u00f3vinnuf\u00e6rni: <a href=\"http:\/\/www.sjukra.is\/slys\/slysabaetur\">http:\/\/www.sjukra.is\/slys\/slysabaetur<\/a> <\/p><p>\u00cd\u00fer\u00f3ttaf\u00f3lk \u00e1 eins og a\u00f0rir einnig r\u00e9tt \u00e1 \u00fev\u00ed a\u00f0 s\u00e6kja um afsl\u00e1ttarkort, sem veitir afsl\u00e1tt \u00e1 sj\u00fakra\u00fej\u00f3nustu \u00feeirra sem eru me\u00f0 samning vi\u00f0 Sj\u00fakratryggingar \u00cdslands, eftir a\u00f0 \u00e1kve\u00f0nu l\u00e1gmarki er n\u00e1\u00f0:<\/p><ul class=\"wp-block-list\"><li>18 \u00e1ra og yngri grei\u00f0a fullt gjald upp a\u00f0 8.400kr<\/li><li>Eldri grei\u00f0a fullt gjald upp a\u00f0 28.000kr<\/li><\/ul><p>Einnig b\u00e6ta Sj\u00fakratryggingar \u00cdslands tj\u00f3n vegna tannl\u00e6kninga (skv. gjaldskr\u00e1) ef ekki er r\u00e9ttur til endurgrei\u00f0slu annars sta\u00f0ar: <a href=\"http:\/\/www.sjukra.is\/heilbrigdisthjonusta\/tannlaekningar\/alvarlegar-afleidingar-faedingargalla-sjukdoma-og-slys\">http:\/\/www.sjukra.is\/heilbrigdisthjonusta\/tannlaekningar\/alvarlegar-afleidingar-faedingargalla-sjukdoma-og-slys<\/a><\/p><p>\u00dea\u00f0 er mikilv\u00e6gt a\u00f0 benda \u00e1 \u00fea\u00f0 a\u00f0 samkv\u00e6mt \u00edslenskum l\u00f6gum bera \u00feau f\u00e9l\u00f6g og samt\u00f6k sem standa fyrir f\u00e9lags- og t\u00f3mstundastarfi ekki sj\u00e1lfkrafa \u00e1byrg\u00f0 \u00e1 slysum sem b\u00f6rn ver\u00f0a fyrir \u00ed starfinu. <\/p><p>B\u00f6rn og ungmenni f\u00e1 tj\u00f3n af v\u00f6ldum slyss, t.a.m. tannl\u00e6knakostna\u00f0, ekki greiddan af \u00f6\u00f0rum, nema einhver beri ska\u00f0ab\u00f3ta\u00e1byrg\u00f0 \u00e1 slysinu. Skilyr\u00f0i ska\u00f0ab\u00f3ta\u00e1byrg\u00f0ar eru m.a. a\u00f0 s\u00e1 sem krafinn er um b\u00e6tur eigi s\u00f6k \u00e1 slysinu. <\/p><p>Ef barn e\u00f0a ungmenni slasast \u00ed \u00f3happi sem engum ver\u00f0ur kennt um ber s\u00e1 sem stendur fyrir f\u00e9lags- og t\u00f3mstundastarfinu \u00feess vegna ekki \u00e1byrg\u00f0 \u00e1 \u00fev\u00ed. S\u00e1 sem stendur fyrir starfinu ber hins vegar ska\u00f0ab\u00f3ta\u00e1byrg\u00f0 ef starfsmenn hans, launa\u00f0ir e\u00f0a \u00f3launa\u00f0ir, hafa s\u00fdnt af s\u00e9r s\u00f6k, t.a.m. vanr\u00e6kslu vi\u00f0 a\u00f0 g\u00e6ta barna, og \u00fea\u00f0 veldur slysi. S\u00e1 sem stendur fyrir starfinu, e\u00f0a umr\u00e1\u00f0ama\u00f0ur a\u00f0st\u00f6\u00f0u, getur or\u00f0i\u00f0 b\u00f3taskyldur ef a\u00f0b\u00fana\u00f0ur er \u00f3fulln\u00e6gjandi og slys ver\u00f0ur vegna \u00feess.<\/p><p>B\u00f6rn og ungmenni geta \u00feurft a\u00f0 b\u00e6ta \u00f6\u00f0rum b\u00f6rnum tj\u00f3n sem \u00feau valda \u00feeim. Heimilistryggingar fela lang oftast \u00ed s\u00e9r \u00e1byrg\u00f0artrygginguvegna tj\u00f3ns sem b\u00f6rn valda og sumar fela l\u00edka \u00ed s\u00e9r slysatryggingar vegna tj\u00f3ns sem b\u00f6rn valda og sumar fela l\u00edka \u00ed s\u00e9r slysatryggingu vegna slysa sem b\u00f6rn ver\u00f0a fyrir \u00ed fr\u00edt\u00edma. \u00dear sem a\u00f0 sl\u00edkum slystryggingum sleppir er barn e\u00f0a ungmenni ekki tryggt \u00ed f\u00e9lags- og t\u00f3mstundastarfinu frekar en \u00feegar \u00fea\u00f0 er \u00fati a\u00f0 leik. Frekari uppl\u00fdsingar um tryggingam\u00e1l f\u00e9lagasamtaka m\u00e1 finna \u00ed b\u00e6klingi sem gefinn var \u00fat af menntam\u00e1lar\u00e1\u00f0uneytinu hausti\u00f0 2010: <\/p><p><a href=\"http:\/\/www.menntamalaraduneyti.is\/frettir\/Forsidugreinar\/nr\/5685\">http:\/\/www.menntamalaraduneyti.is\/frettir\/Forsidugreinar\/nr\/5685<\/a><\/p><h3 class=\"wp-block-heading\"><strong>Gr\u00f3tta og Tryggja \u00ed samstarf<\/strong><\/h3><p>\u00cd\u00fer\u00f3ttaf\u00e9lagi\u00f0 Gr\u00f3tta og Tryggja \u00ed samstarfi vi\u00f0 Lloyd\u00b4s, bj\u00f3\u00f0a tryggingu fyrir b\u00f6rn yngri en 22 \u00e1ra \u00ed leik og starfi. Tryggingin gildir allan s\u00f3larhringinn \u00e1 \u00e6fingum, keppnum og fr\u00edt\u00edma hvar sem er \u00ed heiminum.&nbsp;<\/p><p>\u00deetta er algj\u00f6rlega valfrj\u00e1lst fyrir f\u00e9l\u00f6g\/foreldra en fyrir hverja \u00e1skrift f\u00e6r f\u00e9lagi\u00f0 1.000 kr. Gr\u00f3tta &nbsp;hvetur \u00fev\u00ed f\u00e9lagsmenn a\u00f0 kynna s\u00e9r \u00feetta tilbo\u00f0 en Tryggja mun sj\u00e1 um alla \u00farvinnslu og standa skil \u00e1 grei\u00f0slum<\/p><p><em>Vernda barnatrygging er \u00f3d\u00fdr sj\u00fakra- og slysatrygging, 1.990 kr. \u00e1 m\u00e1nu\u00f0i.<\/em><\/p><ul class=\"wp-block-list\"><li>Styrkur til \u00ed\u00fer\u00f3ttaf\u00e9lags<\/li><li>Ekkert heilsufarsmat<\/li><li>Gildir \u00fat um allan heim<\/li><li>Dagpeningar til foreldra vi\u00f0 um\u00f6nnun<\/li><li>H\u00e6stu b\u00e6tur vi\u00f0 \u00f6rorku<\/li><\/ul><p><em>Tryggingin gildir:&nbsp;<\/em><\/p><ul class=\"wp-block-list\"><li>vi\u00f0 \u00e6fingar<\/li><li>\u00ed keppni<\/li><li>\u00ed fr\u00edt\u00edma<\/li><li>\u00ed leik og starfi<\/li><\/ul><p>Smelltu \u00e1 me\u00f0fylgjandi hlekk til a\u00f0 kaupa tryggingu\u00a0<a href=\"https:\/\/www.tryggja.is\/vernda-barnatryggingar\/sport\" target=\"_blank\" rel=\"noreferrer noopener\">tryggja.is\/vernda-barnatryggingar\/sport<\/a><\/p><p><strong>Veittur er 10% systkinaafsl\u00e1ttur!\u00a0<\/strong><\/p><p><em>\u201cTryggjum b\u00f6rnin okkar s\u00e9rstaklega, \u00fea\u00f0 ver\u00f0m\u00e6tasta sem vi\u00f0 eigum, alltaf, alls sta\u00f0ar \u00ed leik og starfi\u201d<\/em><\/p><p>N\u00e1nari uppl\u00fdsingar veitir Stef\u00e1n \u00de\u00f3r\u00f0arson&nbsp;<a href=\"mailto:stefanth@tryggja.is\" target=\"_blank\" rel=\"noreferrer noopener\">stefanth@tryggja.is<\/a><\/p>","protected":false},"excerpt":{"rendered":"<p>\u00cd\u00fer\u00f3ttaslys \u00cd\u00fer\u00f3ttaf\u00f3lk sem slasast \u00e1 \u00e6fingum og \u00ed keppnum geta s\u00f3tt \u00e1kve\u00f0nar endurgrei\u00f0slur v\/ \u00fatlag\u00f0s sj\u00fakra- og slysakostna\u00f0ar. Eftirfarandi a\u00f0ilar b\u00e6ta hluta af fj\u00e1rhagslegu tj\u00f3ni: \u00cd\u00fer\u00f3ttaslysasj\u00f3\u00f0ur \u00cdS\u00cd endurgrei\u00f0ir \u00ed\u00fer\u00f3ttai\u00f0kendum innan [&hellip;]<\/p>","protected":false},"author":2,"featured_media":0,"parent":1477,"menu_order":0,"comment_status":"closed","ping_status":"closed","template":"","meta":{"footnotes":""},"class_list":["post-1636","page","type-page","status-publish","hentry"],"yoast_head":"<!-- This site is optimized with the Yoast SEO plugin v24.3 - https:\/\/yoast.com\/wordpress\/plugins\/seo\/ -->\n<title>Tryggingam\u00e1l i\u00f0kenda - \u00cd\u00fer\u00f3ttaf\u00e9lagi\u00f0 Gr\u00f3tta<\/title>\n<meta name=\"robots\" content=\"index, follow, max-snippet:-1, max-image-preview:large, max-video-preview:-1\" \/>\n<link rel=\"canonical\" href=\"https:\/\/grotta.is\/en\/um-felagid\/tryggingamal-idkenda\/\" \/>\n<meta property=\"og:locale\" content=\"en_US\" \/>\n<meta property=\"og:type\" content=\"article\" \/>\n<meta property=\"og:title\" content=\"Tryggingam\u00e1l i\u00f0kenda - \u00cd\u00fer\u00f3ttaf\u00e9lagi\u00f0 Gr\u00f3tta\" \/>\n<meta property=\"og:description\" content=\"\u00cd\u00fer\u00f3ttaslys \u00cd\u00fer\u00f3ttaf\u00f3lk sem slasast \u00e1 \u00e6fingum og \u00ed keppnum geta s\u00f3tt \u00e1kve\u00f0nar endurgrei\u00f0slur v\/ \u00fatlag\u00f0s sj\u00fakra- og slysakostna\u00f0ar. Eftirfarandi a\u00f0ilar b\u00e6ta hluta af fj\u00e1rhagslegu tj\u00f3ni: \u00cd\u00fer\u00f3ttaslysasj\u00f3\u00f0ur \u00cdS\u00cd endurgrei\u00f0ir \u00ed\u00fer\u00f3ttai\u00f0kendum innan [&hellip;]\" \/>\n<meta property=\"og:url\" content=\"https:\/\/grotta.is\/en\/um-felagid\/tryggingamal-idkenda\/\" \/>\n<meta property=\"og:site_name\" content=\"\u00cd\u00fer\u00f3ttaf\u00e9lagi\u00f0 Gr\u00f3tta\" \/>\n<meta property=\"article:publisher\" content=\"https:\/\/www.facebook.com\/grottasport\" \/>\n<meta property=\"article:modified_time\" content=\"2021-03-29T16:36:51+00:00\" \/>\n<meta name=\"twitter:card\" content=\"summary_large_image\" \/>\n<meta name=\"twitter:label1\" content=\"Est. reading time\" \/>\n\t<meta name=\"twitter:data1\" content=\"3 minutes\" \/>\n<script type=\"application\/ld+json\" class=\"yoast-schema-graph\">{\"@context\":\"https:\/\/schema.org\",\"@graph\":[{\"@type\":\"WebPage\",\"@id\":\"https:\/\/grotta.is\/um-felagid\/tryggingamal-idkenda\/\",\"url\":\"https:\/\/grotta.is\/um-felagid\/tryggingamal-idkenda\/\",\"name\":\"Tryggingam\u00e1l i\u00f0kenda - \u00cd\u00fer\u00f3ttaf\u00e9lagi\u00f0 Gr\u00f3tta\",\"isPartOf\":{\"@id\":\"https:\/\/grotta.is\/#website\"},\"datePublished\":\"2020-04-12T15:02:35+00:00\",\"dateModified\":\"2021-03-29T16:36:51+00:00\",\"breadcrumb\":{\"@id\":\"https:\/\/grotta.is\/um-felagid\/tryggingamal-idkenda\/#breadcrumb\"},\"inLanguage\":\"en-US\",\"potentialAction\":[{\"@type\":\"ReadAction\",\"target\":[\"https:\/\/grotta.is\/um-felagid\/tryggingamal-idkenda\/\"]}]},{\"@type\":\"BreadcrumbList\",\"@id\":\"https:\/\/grotta.is\/um-felagid\/tryggingamal-idkenda\/#breadcrumb\",\"itemListElement\":[{\"@type\":\"ListItem\",\"position\":1,\"name\":\"Home\",\"item\":\"https:\/\/grotta.is\/\"},{\"@type\":\"ListItem\",\"position\":2,\"name\":\"Um f\u00e9lagi\u00f0\",\"item\":\"https:\/\/grotta.is\/um-felagid\/\"},{\"@type\":\"ListItem\",\"position\":3,\"name\":\"Tryggingam\u00e1l i\u00f0kenda\"}]},{\"@type\":\"WebSite\",\"@id\":\"https:\/\/grotta.is\/#website\",\"url\":\"https:\/\/grotta.is\/\",\"name\":\"\u00cd\u00fer\u00f3ttaf\u00e9lagi\u00f0 Gr\u00f3tta\",\"description\":\"\u00e1 Seltjarnarnesi\",\"publisher\":{\"@id\":\"https:\/\/grotta.is\/#organization\"},\"potentialAction\":[{\"@type\":\"SearchAction\",\"target\":{\"@type\":\"EntryPoint\",\"urlTemplate\":\"https:\/\/grotta.is\/?s={search_term_string}\"},\"query-input\":{\"@type\":\"PropertyValueSpecification\",\"valueRequired\":true,\"valueName\":\"search_term_string\"}}],\"inLanguage\":\"en-US\"},{\"@type\":\"Organization\",\"@id\":\"https:\/\/grotta.is\/#organization\",\"name\":\"\u00cd\u00fer\u00f3ttaf\u00e9lagi\u00f0 Gr\u00f3tta\",\"url\":\"https:\/\/grotta.is\/\",\"logo\":{\"@type\":\"ImageObject\",\"inLanguage\":\"en-US\",\"@id\":\"https:\/\/grotta.is\/#\/schema\/logo\/image\/\",\"url\":\"https:\/\/grotta.is\/wp-content\/uploads\/2020\/02\/ithrottafelagidgrotta_logo_512x512_transparent.png\",\"contentUrl\":\"https:\/\/grotta.is\/wp-content\/uploads\/2020\/02\/ithrottafelagidgrotta_logo_512x512_transparent.png\",\"width\":512,\"height\":512,\"caption\":\"\u00cd\u00fer\u00f3ttaf\u00e9lagi\u00f0 Gr\u00f3tta\"},\"image\":{\"@id\":\"https:\/\/grotta.is\/#\/schema\/logo\/image\/\"},\"sameAs\":[\"https:\/\/www.facebook.com\/grottasport\"]}]}<\/script>\n<!-- \/ Yoast SEO plugin. -->","yoast_head_json":{"title":"Tryggingam\u00e1l i\u00f0kenda - \u00cd\u00fer\u00f3ttaf\u00e9lagi\u00f0 Gr\u00f3tta","robots":{"index":"index","follow":"follow","max-snippet":"max-snippet:-1","max-image-preview":"max-image-preview:large","max-video-preview":"max-video-preview:-1"},"canonical":"https:\/\/grotta.is\/en\/um-felagid\/tryggingamal-idkenda\/","og_locale":"en_US","og_type":"article","og_title":"Tryggingam\u00e1l i\u00f0kenda - \u00cd\u00fer\u00f3ttaf\u00e9lagi\u00f0 Gr\u00f3tta","og_description":"\u00cd\u00fer\u00f3ttaslys \u00cd\u00fer\u00f3ttaf\u00f3lk sem slasast \u00e1 \u00e6fingum og \u00ed keppnum geta s\u00f3tt \u00e1kve\u00f0nar endurgrei\u00f0slur v\/ \u00fatlag\u00f0s sj\u00fakra- og slysakostna\u00f0ar. Eftirfarandi a\u00f0ilar b\u00e6ta hluta af fj\u00e1rhagslegu tj\u00f3ni: \u00cd\u00fer\u00f3ttaslysasj\u00f3\u00f0ur \u00cdS\u00cd endurgrei\u00f0ir \u00ed\u00fer\u00f3ttai\u00f0kendum innan [&hellip;]","og_url":"https:\/\/grotta.is\/en\/um-felagid\/tryggingamal-idkenda\/","og_site_name":"\u00cd\u00fer\u00f3ttaf\u00e9lagi\u00f0 Gr\u00f3tta","article_publisher":"https:\/\/www.facebook.com\/grottasport","article_modified_time":"2021-03-29T16:36:51+00:00","twitter_card":"summary_large_image","twitter_misc":{"Est. reading time":"3 minutes"},"schema":{"@context":"https:\/\/schema.org","@graph":[{"@type":"WebPage","@id":"https:\/\/grotta.is\/um-felagid\/tryggingamal-idkenda\/","url":"https:\/\/grotta.is\/um-felagid\/tryggingamal-idkenda\/","name":"Tryggingam\u00e1l i\u00f0kenda - \u00cd\u00fer\u00f3ttaf\u00e9lagi\u00f0 Gr\u00f3tta","isPartOf":{"@id":"https:\/\/grotta.is\/#website"},"datePublished":"2020-04-12T15:02:35+00:00","dateModified":"2021-03-29T16:36:51+00:00","breadcrumb":{"@id":"https:\/\/grotta.is\/um-felagid\/tryggingamal-idkenda\/#breadcrumb"},"inLanguage":"en-US","potentialAction":[{"@type":"ReadAction","target":["https:\/\/grotta.is\/um-felagid\/tryggingamal-idkenda\/"]}]},{"@type":"BreadcrumbList","@id":"https:\/\/grotta.is\/um-felagid\/tryggingamal-idkenda\/#breadcrumb","itemListElement":[{"@type":"ListItem","position":1,"name":"Home","item":"https:\/\/grotta.is\/"},{"@type":"ListItem","position":2,"name":"Um f\u00e9lagi\u00f0","item":"https:\/\/grotta.is\/um-felagid\/"},{"@type":"ListItem","position":3,"name":"Tryggingam\u00e1l i\u00f0kenda"}]},{"@type":"WebSite","@id":"https:\/\/grotta.is\/#website","url":"https:\/\/grotta.is\/","name":"\u00cd\u00fer\u00f3ttaf\u00e9lagi\u00f0 Gr\u00f3tta","description":"\u00e1 Seltjarnarnesi","publisher":{"@id":"https:\/\/grotta.is\/#organization"},"potentialAction":[{"@type":"SearchAction","target":{"@type":"EntryPoint","urlTemplate":"https:\/\/grotta.is\/?s={search_term_string}"},"query-input":{"@type":"PropertyValueSpecification","valueRequired":true,"valueName":"search_term_string"}}],"inLanguage":"en-US"},{"@type":"Organization","@id":"https:\/\/grotta.is\/#organization","name":"\u00cd\u00fer\u00f3ttaf\u00e9lagi\u00f0 Gr\u00f3tta","url":"https:\/\/grotta.is\/","logo":{"@type":"ImageObject","inLanguage":"en-US","@id":"https:\/\/grotta.is\/#\/schema\/logo\/image\/","url":"https:\/\/grotta.is\/wp-content\/uploads\/2020\/02\/ithrottafelagidgrotta_logo_512x512_transparent.png","contentUrl":"https:\/\/grotta.is\/wp-content\/uploads\/2020\/02\/ithrottafelagidgrotta_logo_512x512_transparent.png","width":512,"height":512,"caption":"\u00cd\u00fer\u00f3ttaf\u00e9lagi\u00f0 Gr\u00f3tta"},"image":{"@id":"https:\/\/grotta.is\/#\/schema\/logo\/image\/"},"sameAs":["https:\/\/www.facebook.com\/grottasport"]}]}},"_links":{"self":[{"href":"https:\/\/grotta.is\/en\/wp-json\/wp\/v2\/pages\/1636","targetHints":{"allow":["GET"]}}],"collection":[{"href":"https:\/\/grotta.is\/en\/wp-json\/wp\/v2\/pages"}],"about":[{"href":"https:\/\/grotta.is\/en\/wp-json\/wp\/v2\/types\/page"}],"author":[{"embeddable":true,"href":"https:\/\/grotta.is\/en\/wp-json\/wp\/v2\/users\/2"}],"replies":[{"embeddable":true,"href":"https:\/\/grotta.is\/en\/wp-json\/wp\/v2\/comments?post=1636"}],"version-history":[{"count":2,"href":"https:\/\/grotta.is\/en\/wp-json\/wp\/v2\/pages\/1636\/revisions"}],"predecessor-version":[{"id":342972,"href":"https:\/\/grotta.is\/en\/wp-json\/wp\/v2\/pages\/1636\/revisions\/342972"}],"up":[{"embeddable":true,"href":"https:\/\/grotta.is\/en\/wp-json\/wp\/v2\/pages\/1477"}],"wp:attachment":[{"href":"https:\/\/grotta.is\/en\/wp-json\/wp\/v2\/media?parent=1636"}],"curies":[{"name":"wp","href":"https:\/\/api.w.org\/{rel}","templated":true}]}}