{"id":155267,"date":"2020-11-05T13:02:03","date_gmt":"2020-11-05T13:02:03","guid":{"rendered":"https:\/\/grotta.is\/?page_id=155267"},"modified":"2020-11-18T18:42:10","modified_gmt":"2020-11-18T18:42:10","slug":"hugarfarmyndbond","status":"publish","type":"page","link":"https:\/\/grotta.is\/en\/hugarfarmyndbond\/","title":{"rendered":"Hugarfarmyndb\u00f6nd Gr\u00f3ttu"},"content":{"rendered":"<div data-elementor-type=\"wp-page\" data-elementor-id=\"155267\" class=\"elementor elementor-155267\" data-elementor-post-type=\"page\">\n\t\t\t\t\t\t<section class=\"elementor-section elementor-top-section elementor-element elementor-element-4121ffa elementor-section-boxed elementor-section-height-default elementor-section-height-default\" data-id=\"4121ffa\" data-element_type=\"section\">\n\t\t\t\t\t\t<div class=\"elementor-container elementor-column-gap-default\">\n\t\t\t\t\t<div class=\"elementor-column elementor-col-100 elementor-top-column elementor-element elementor-element-0d03967\" data-id=\"0d03967\" data-element_type=\"column\">\n\t\t\t<div class=\"elementor-widget-wrap elementor-element-populated\">\n\t\t\t\t\t\t<div class=\"elementor-element elementor-element-5e0c263 elementor-widget elementor-widget-spacer\" data-id=\"5e0c263\" data-element_type=\"widget\" data-widget_type=\"spacer.default\">\n\t\t\t\t<div class=\"elementor-widget-container\">\n\t\t\t\t\t\t\t<div class=\"elementor-spacer\">\n\t\t\t<div class=\"elementor-spacer-inner\"><\/div>\n\t\t<\/div>\n\t\t\t\t\t\t<\/div>\n\t\t\t\t<\/div>\n\t\t\t\t<div class=\"elementor-element elementor-element-592ad43 elementor-widget elementor-widget-heading\" data-id=\"592ad43\" data-element_type=\"widget\" data-widget_type=\"heading.default\">\n\t\t\t\t<div class=\"elementor-widget-container\">\n\t\t\t\t\t<h2 class=\"elementor-heading-title elementor-size-default\">HUGARFARMYNDB\u00d6N GR\u00d3TTU<\/h2>\t\t\t\t<\/div>\n\t\t\t\t<\/div>\n\t\t\t\t<div class=\"elementor-element elementor-element-ebcdb2e elementor-widget elementor-widget-text-editor\" data-id=\"ebcdb2e\" data-element_type=\"widget\" data-widget_type=\"text-editor.default\">\n\t\t\t\t<div class=\"elementor-widget-container\">\n\t\t\t\t\t\t\t\t\t<p>\u00cd \u00feessari seinni bylgju covid h\u00f6fum leita\u00f0 til a\u00f0 leita \u00fatfyrir boxi\u00f0 til a\u00f0 n\u00e1lgast i\u00f0kenndur okkar. Ein af n\u00fdjunungum eru Hugarfarmyndb\u00f6nd Gr\u00f3ttu.<\/p>\n<p>Anna Lilja Bj\u00f6rnsd\u00f3ttir rei\u00f0 \u00e1 va\u00f0i\u00f0 \u00feann 19 okt\u00f3ber \u00feegar fyrsta myndband hennar kom \u00ed lofti\u00f0 og \u00ed kj\u00f6lfari\u00f0 komu 2 myndb\u00f6nd til vi\u00f0b\u00f3tar. H\u00fan tala\u00f0i um lei\u00f0toga, g\u00f3\u00f0a li\u00f0sf\u00e9laga og hva\u00f0 skiptir m\u00e1li var\u00f0andi vell\u00ed\u00f0an og velgegni.<\/p>\n<p>Vi\u00f0 h\u00f6fum \u00e1kve\u00f0i\u00f0 a\u00f0 halda \u00e1fram og h\u00f6fum sami\u00f0 vi\u00f0 Kvan um a\u00f0 gera fj\u00f6gur myndb\u00f6nd til vi\u00f0b\u00f3tar.&nbsp;<span style=\"font-family: var( --e-global-typography-text-font-family ), Sans-serif; font-weight: var( --e-global-typography-text-font-weight ); font-size: 1rem;\">J\u00f3n Halld\u00f3rsson og Anna Steinsen fr\u00e1 Kvan fjalla um sj\u00e1lfstraust, hugrekki, styrkleikana og li\u00f0sheild \u00ed s\u00ednum myndb\u00f6ndum.&nbsp;<\/span><\/p>\t\t\t\t\t\t\t\t<\/div>\n\t\t\t\t<\/div>\n\t\t\t\t\t<\/div>\n\t\t<\/div>\n\t\t\t\t\t<\/div>\n\t\t<\/section>\n\t\t\t\t<section class=\"elementor-section elementor-top-section elementor-element elementor-element-fadc114 elementor-section-boxed elementor-section-height-default elementor-section-height-default\" data-id=\"fadc114\" data-element_type=\"section\">\n\t\t\t\t\t\t<div class=\"elementor-container elementor-column-gap-default\">\n\t\t\t\t\t<div class=\"elementor-column elementor-col-50 elementor-top-column elementor-element elementor-element-7042710\" data-id=\"7042710\" data-element_type=\"column\">\n\t\t\t<div class=\"elementor-widget-wrap elementor-element-populated\">\n\t\t\t\t\t\t<div class=\"elementor-element elementor-element-284867b elementor-widget elementor-widget-video\" data-id=\"284867b\" data-element_type=\"widget\" data-settings=\"{&quot;youtube_url&quot;:&quot;https:\\\/\\\/youtu.be\\\/NPHBHmAAMQc&quot;,&quot;video_type&quot;:&quot;youtube&quot;,&quot;controls&quot;:&quot;yes&quot;}\" data-widget_type=\"video.default\">\n\t\t\t\t<div class=\"elementor-widget-container\">\n\t\t\t\t\t\t\t<div class=\"elementor-wrapper elementor-open-inline\">\n\t\t\t<div class=\"elementor-video\"><\/div>\t\t<\/div>\n\t\t\t\t\t\t<\/div>\n\t\t\t\t<\/div>\n\t\t\t\t<div class=\"elementor-element elementor-element-9333826 elementor-widget elementor-widget-text-editor\" data-id=\"9333826\" data-element_type=\"widget\" data-widget_type=\"text-editor.default\">\n\t\t\t\t<div class=\"elementor-widget-container\">\n\t\t\t\t\t\t\t\t\t<p style=\"font-weight: 400;\">\u00cd \u00feessu myndbandi fjallar Anna Steinsen um sj\u00e1lfstraust.\u00a0Allir \u00ed\u00fer\u00f3ttamenn og konur \u00feurfa \u00e1 g\u00f3\u00f0u sj\u00e1lfstrausti a\u00f0 halda. Hvernig f\u00e1um vi\u00f0 sj\u00e1lfstraust, hva\u00f0 gerum vi\u00f0 \u00feegar sj\u00e1lfstrausti\u00f0 minnkar og hvernig getum vi\u00f0 hj\u00e1lpa\u00f0 li\u00f0f\u00e9l\u00f6gum okkar a\u00f0 auka sj\u00e1lfstraust.<\/p>\t\t\t\t\t\t\t\t<\/div>\n\t\t\t\t<\/div>\n\t\t\t\t<div class=\"elementor-element elementor-element-bd7ac17 elementor-widget elementor-widget-video\" data-id=\"bd7ac17\" data-element_type=\"widget\" data-settings=\"{&quot;youtube_url&quot;:&quot;https:\\\/\\\/youtu.be\\\/3mdnYFqXQ6s&quot;,&quot;video_type&quot;:&quot;youtube&quot;,&quot;controls&quot;:&quot;yes&quot;}\" data-widget_type=\"video.default\">\n\t\t\t\t<div class=\"elementor-widget-container\">\n\t\t\t\t\t\t\t<div class=\"elementor-wrapper elementor-open-inline\">\n\t\t\t<div class=\"elementor-video\"><\/div>\t\t<\/div>\n\t\t\t\t\t\t<\/div>\n\t\t\t\t<\/div>\n\t\t\t\t<div class=\"elementor-element elementor-element-33b6836 elementor-widget elementor-widget-text-editor\" data-id=\"33b6836\" data-element_type=\"widget\" data-widget_type=\"text-editor.default\">\n\t\t\t\t<div class=\"elementor-widget-container\">\n\t\t\t\t\t\t\t\t\t<p>J\u00f3n Halld\u00f3rsson fjallar um li\u00f0sheild. Sterk li\u00f0sheild er einn af lykil\u00fe\u00e1ttum \u00e1rangurs \u00ed h\u00f3p\u00ed\u00fer\u00f3ttum. Hva\u00f0 b\u00fdr til g\u00f3\u00f0a li\u00f0sheild ? Hvert er hlutverk hvers og eins \u00ed a\u00f0 skapa \u00feessa li\u00f0sheild.<\/p>\t\t\t\t\t\t\t\t<\/div>\n\t\t\t\t<\/div>\n\t\t\t\t<div class=\"elementor-element elementor-element-3bc3e4c elementor-widget elementor-widget-video\" data-id=\"3bc3e4c\" data-element_type=\"widget\" data-settings=\"{&quot;youtube_url&quot;:&quot;https:\\\/\\\/youtu.be\\\/PYdLZTOhpuQ&quot;,&quot;video_type&quot;:&quot;youtube&quot;,&quot;controls&quot;:&quot;yes&quot;}\" data-widget_type=\"video.default\">\n\t\t\t\t<div class=\"elementor-widget-container\">\n\t\t\t\t\t\t\t<div class=\"elementor-wrapper elementor-open-inline\">\n\t\t\t<div class=\"elementor-video\"><\/div>\t\t<\/div>\n\t\t\t\t\t\t<\/div>\n\t\t\t\t<\/div>\n\t\t\t\t<div class=\"elementor-element elementor-element-e40c41a elementor-widget elementor-widget-text-editor\" data-id=\"e40c41a\" data-element_type=\"widget\" data-widget_type=\"text-editor.default\">\n\t\t\t\t<div class=\"elementor-widget-container\">\n\t\t\t\t\t\t\t\t\t<p>\u00dea\u00f0 skiptir m\u00e1li a\u00f0 vera g\u00f3\u00f0ur li\u00f0sf\u00e9lagi, b\u00e6\u00f0i fyrir \u00feig og li\u00f0i\u00f0.\u00a0Ef \u00fea\u00f0 eru tveir leikmenn a\u00f0 keppast um s\u00e6ti \u00ed li\u00f0i, b\u00e1\u00f0ir fr\u00e1b\u00e6rir skotmenn, hra\u00f0ir og g\u00f3\u00f0ir \u00ed\u00fer\u00f3ttamenn en annar er alls ekki g\u00f3\u00f0ur li\u00f0sf\u00e9lagi. Hvorn heldur \u00fe\u00fa a\u00f0 \u00fej\u00e1lfarinn velji \u00ed li\u00f0i\u00f0?<\/p><p>Me\u00f0 \u00fev\u00ed a\u00f0 leggja \u00feitt af m\u00f6rkum inn \u00ed li\u00f0i\u00f0, \u00e1 hva\u00f0a h\u00e1tt sem er, \u00fe\u00e1 lyftir \u00fe\u00fa \u00f6llu li\u00f0inu upp. \u00deetta \u00fearf ekki a\u00f0 vera miki\u00f0 en einf\u00f6ldustu hlutir eins og a\u00f0 heilsa alltaf \u00f6llum \u00e1 \u00e6fingum, passa a\u00f0 enginn s\u00e9 \u00fatundan, hvetja \u00e1fram \u00feegar vel gengur OG \u00feegar illa gengur og s\u00fdna gott ford\u00e6mi \u00e1 \u00e6fingum geta gert g\u00e6fumuninn. Sko\u00f0a\u00f0u hva\u00f0 \u00fea\u00f0 er sem gerir \u00feig a\u00f0 g\u00f3\u00f0um li\u00f0sf\u00e9laga og hvernig \u00fe\u00fa getur b\u00e6tt \u00feann hluta hj\u00e1 \u00fe\u00e9r og gert enn betur!<\/p><p>\u00c6finguna sem Anna Lilja gerir \u00ed myndbandinu a\u00f0 ofan er tilvalin fyrir foreldra a\u00f0 gera me\u00f0 kr\u00f6kkunum s\u00ednum og r\u00e6\u00f0a me\u00f0 \u00feeim hva\u00f0 getur einkennt g\u00f3\u00f0an li\u00f0sf\u00e9laga.<\/p>\t\t\t\t\t\t\t\t<\/div>\n\t\t\t\t<\/div>\n\t\t\t\t\t<\/div>\n\t\t<\/div>\n\t\t\t\t<div class=\"elementor-column elementor-col-50 elementor-top-column elementor-element elementor-element-e9f2694\" data-id=\"e9f2694\" data-element_type=\"column\">\n\t\t\t<div class=\"elementor-widget-wrap elementor-element-populated\">\n\t\t\t\t\t\t<div class=\"elementor-element elementor-element-8df1750 elementor-widget elementor-widget-video\" data-id=\"8df1750\" data-element_type=\"widget\" data-settings=\"{&quot;youtube_url&quot;:&quot;https:\\\/\\\/youtu.be\\\/nAm0MmD_N4k&quot;,&quot;video_type&quot;:&quot;youtube&quot;,&quot;controls&quot;:&quot;yes&quot;}\" data-widget_type=\"video.default\">\n\t\t\t\t<div class=\"elementor-widget-container\">\n\t\t\t\t\t\t\t<div class=\"elementor-wrapper elementor-open-inline\">\n\t\t\t<div class=\"elementor-video\"><\/div>\t\t<\/div>\n\t\t\t\t\t\t<\/div>\n\t\t\t\t<\/div>\n\t\t\t\t<div class=\"elementor-element elementor-element-ff05583 elementor-widget elementor-widget-text-editor\" data-id=\"ff05583\" data-element_type=\"widget\" data-widget_type=\"text-editor.default\">\n\t\t\t\t<div class=\"elementor-widget-container\">\n\t\t\t\t\t\t\t\t\t\u00cd \u00feessu myndbandi fjallar Anna Steinsen um hugrekki.\u00a0Hugrekki er einn af \u00feessum \u00fe\u00e1ttum sem a\u00f0 g\u00f3\u00f0ur \u00ed\u00fer\u00f3ttama\u00f0ur\/kona \u00fearf a\u00f0 b\u00faa yfir. Hafa hugrekki til \u00feess a\u00f0 segja s\u00edna sko\u00f0un, hugrekki til \u00feess a\u00f0 \u00feora a\u00f0 skj\u00f3ta \u00e1 marki\u00f0, hugrekki til \u00feess a\u00f0 segja hvernig manni l\u00ed\u00f0ur og s\u00ed\u00f0ast en ekki s\u00edst hugrekki til \u00feess a\u00f0 \u00feora gera mist\u00f6k.\t\t\t\t\t\t\t\t<\/div>\n\t\t\t\t<\/div>\n\t\t\t\t<div class=\"elementor-element elementor-element-c7881cc elementor-widget elementor-widget-video\" data-id=\"c7881cc\" data-element_type=\"widget\" data-settings=\"{&quot;youtube_url&quot;:&quot;https:\\\/\\\/youtu.be\\\/IMp6Lhnb94E&quot;,&quot;video_type&quot;:&quot;youtube&quot;,&quot;controls&quot;:&quot;yes&quot;}\" data-widget_type=\"video.default\">\n\t\t\t\t<div class=\"elementor-widget-container\">\n\t\t\t\t\t\t\t<div class=\"elementor-wrapper elementor-open-inline\">\n\t\t\t<div class=\"elementor-video\"><\/div>\t\t<\/div>\n\t\t\t\t\t\t<\/div>\n\t\t\t\t<\/div>\n\t\t\t\t<div class=\"elementor-element elementor-element-8d6874d elementor-widget elementor-widget-text-editor\" data-id=\"8d6874d\" data-element_type=\"widget\" data-widget_type=\"text-editor.default\">\n\t\t\t\t<div class=\"elementor-widget-container\">\n\t\t\t\t\t\t\t\t\t<p style=\"font-weight: 400;\">\u00cd \u00feessu myndbandi fjallar J\u00f3n um styrkleikana.\u00a0\u00dea\u00f0 hefur mikil og j\u00e1kv\u00e6\u00f0 \u00e1hrif \u00e1 einstaklinga \u00feegar \u00feeir n\u00e1 \u00fev\u00ed a\u00f0 koma auga \u00e1 styrkleika s\u00edna og \u00e1tta sig \u00e1 \u00fev\u00ed hvar styrkleikar \u00feeirra n\u00fdtast.<\/p>\t\t\t\t\t\t\t\t<\/div>\n\t\t\t\t<\/div>\n\t\t\t\t<div class=\"elementor-element elementor-element-5033e31 elementor-widget elementor-widget-video\" data-id=\"5033e31\" data-element_type=\"widget\" data-settings=\"{&quot;youtube_url&quot;:&quot;https:\\\/\\\/youtu.be\\\/1S_xrE9LNPs&quot;,&quot;video_type&quot;:&quot;youtube&quot;,&quot;controls&quot;:&quot;yes&quot;}\" data-widget_type=\"video.default\">\n\t\t\t\t<div class=\"elementor-widget-container\">\n\t\t\t\t\t\t\t<div class=\"elementor-wrapper elementor-open-inline\">\n\t\t\t<div class=\"elementor-video\"><\/div>\t\t<\/div>\n\t\t\t\t\t\t<\/div>\n\t\t\t\t<\/div>\n\t\t\t\t<div class=\"elementor-element elementor-element-cc13e24 elementor-widget elementor-widget-text-editor\" data-id=\"cc13e24\" data-element_type=\"widget\" data-widget_type=\"text-editor.default\">\n\t\t\t\t<div class=\"elementor-widget-container\">\n\t\t\t\t\t\t\t\t\tGott er a\u00f0 taka st\u00f6\u00f0una \u00e1 \u00feeim \u00fe\u00e1ttum l\u00edfsins sem a\u00f0 mestu m\u00e1li skipta var\u00f0andi vell\u00ed\u00f0an og velgengni. H\u00e9r s\u00fdnir Anna Lilja eina a\u00f0fer\u00f0 til \u00feess a\u00f0 meta st\u00f6\u00f0una eins og h\u00fan er. Gott er a\u00f0 horfa \u00e1 myndbandi\u00f0 \u00ed heild sinni og gera verkefni\u00f0 eftir \u00e1 me\u00f0 foreldri e\u00f0a vini. Mikilv\u00e6gt er a\u00f0 vera samkv\u00e6m\/ur sj\u00e1lfri\/um s\u00e9r og algj\u00f6rlega hei\u00f0arlegur. Settu \u00fe\u00e9r markmi\u00f0 um \u00fe\u00e1 \u00fe\u00e6tti sem \u00fe\u00e9r finnst \u00fe\u00fa skora l\u00e6gst \u00ed og fylgdu \u00fev\u00ed eftir.\n\n\u00c6finguna sem Anna Lilja gerir \u00ed myndbandinu a\u00f0 ofan er tilvalin fyrir foreldra a\u00f0 gera me\u00f0 kr\u00f6kkunum ykkar og r\u00e6\u00f0a me\u00f0 \u00feeim hva\u00f0 skiptir m\u00e1li var\u00f0andi vell\u00ed\u00f0an og velgegni.\t\t\t\t\t\t\t\t<\/div>\n\t\t\t\t<\/div>\n\t\t\t\t<div class=\"elementor-element elementor-element-1ebaaa7 elementor-widget elementor-widget-video\" data-id=\"1ebaaa7\" data-element_type=\"widget\" data-settings=\"{&quot;youtube_url&quot;:&quot;https:\\\/\\\/youtu.be\\\/-CrJi97GWpQ&quot;,&quot;video_type&quot;:&quot;youtube&quot;,&quot;controls&quot;:&quot;yes&quot;}\" data-widget_type=\"video.default\">\n\t\t\t\t<div class=\"elementor-widget-container\">\n\t\t\t\t\t\t\t<div class=\"elementor-wrapper elementor-open-inline\">\n\t\t\t<div class=\"elementor-video\"><\/div>\t\t<\/div>\n\t\t\t\t\t\t<\/div>\n\t\t\t\t<\/div>\n\t\t\t\t<div class=\"elementor-element elementor-element-6f12c49 elementor-widget elementor-widget-text-editor\" data-id=\"6f12c49\" data-element_type=\"widget\" data-widget_type=\"text-editor.default\">\n\t\t\t\t<div class=\"elementor-widget-container\">\n\t\t\t\t\t\t\t\t\t<p>\u00c6tla m\u00e1 a\u00f0 allir einstaklingar tilheyri og ver\u00f0i fyrir \u00e1hrifum af h\u00f3pum \u00e1 degi hverjum. Innan h\u00f3pa eru oft lei\u00f0togar sem geta haft \u00e1hrif \u00e1 hlutskipti og upplifun annarra me\u00f0lima h\u00f3psins. Sl\u00edkt \u00e1hrifavald skapast \u00feeim sem b\u00faa yfir \u00e1kve\u00f0num au\u00f0 innan h\u00f3psins, f\u00e9lagslegum, menningarlegum e\u00f0a efnahagslegum. Au\u00f0ur einstaklings markar st\u00f6\u00f0u hans innan h\u00f3psins. \u00c1hrif lei\u00f0toga \u00e1 a\u00f0ra h\u00f3pme\u00f0limi og h\u00f3pinn sj\u00e1lfan geta veri\u00f0 b\u00e6\u00f0i j\u00e1kv\u00e6\u00f0 og neikv\u00e6\u00f0. \u00dea\u00f0 er eftir \u00fev\u00ed hvernig lei\u00f0toga ferst a\u00f0 nota \u00e1hrifavald sitt.<\/p><p>Innan h\u00f3pa geta veri\u00f0 margskonar lei\u00f0togar en h\u00e9r talar Anna um j\u00e1kv\u00e6\u00f0a lei\u00f0toga (e. postitive leader) og neikv\u00e6\u00f0a lei\u00f0toga (e. negative leader).\u00a0<\/p><p>\u00cd myndbandinu h\u00e9r a\u00f0 ofan fjallar Anna Lilja um j\u00e1kv\u00e6\u00f0a og neikv\u00e6\u00f0a lei\u00f0toga. Vi\u00f0 vonumst til a\u00f0 \u00fei\u00f0 foreldrarnir r\u00e6\u00f0i\u00f0 umfangsefni myndbandsins me\u00f0 kr\u00f6kkunum ykkar.<\/p>\t\t\t\t\t\t\t\t<\/div>\n\t\t\t\t<\/div>\n\t\t\t\t\t<\/div>\n\t\t<\/div>\n\t\t\t\t\t<\/div>\n\t\t<\/section>\n\t\t\t\t<section class=\"elementor-section elementor-top-section elementor-element elementor-element-c449f1c elementor-section-boxed elementor-section-height-default elementor-section-height-default\" data-id=\"c449f1c\" data-element_type=\"section\">\n\t\t\t\t\t\t<div class=\"elementor-container elementor-column-gap-default\">\n\t\t\t\t\t<div class=\"elementor-column elementor-col-100 elementor-top-column elementor-element elementor-element-b89bdc4\" data-id=\"b89bdc4\" data-element_type=\"column\">\n\t\t\t<div class=\"elementor-widget-wrap elementor-element-populated\">\n\t\t\t\t\t\t<div class=\"elementor-element elementor-element-4dd3012 elementor-widget elementor-widget-spacer\" data-id=\"4dd3012\" data-element_type=\"widget\" data-widget_type=\"spacer.default\">\n\t\t\t\t<div class=\"elementor-widget-container\">\n\t\t\t\t\t\t\t<div class=\"elementor-spacer\">\n\t\t\t<div class=\"elementor-spacer-inner\"><\/div>\n\t\t<\/div>\n\t\t\t\t\t\t<\/div>\n\t\t\t\t<\/div>\n\t\t\t\t\t<\/div>\n\t\t<\/div>\n\t\t\t\t\t<\/div>\n\t\t<\/section>\n\t\t\t\t<\/div>","protected":false},"excerpt":{"rendered":"<p>HUGARFARMYNDB\u00d6N GR\u00d3TTU \u00cd \u00feessari seinni bylgju covid h\u00f6fum leita\u00f0 til a\u00f0 leita \u00fatfyrir boxi\u00f0 til a\u00f0 n\u00e1lgast i\u00f0kenndur okkar. Ein af n\u00fdjunungum eru Hugarfarmyndb\u00f6nd Gr\u00f3ttu. Anna Lilja Bj\u00f6rnsd\u00f3ttir rei\u00f0 \u00e1 [&hellip;]<\/p>","protected":false},"author":1,"featured_media":0,"parent":0,"menu_order":0,"comment_status":"closed","ping_status":"closed","template":"elementor_header_footer","meta":{"footnotes":""},"class_list":["post-155267","page","type-page","status-publish","hentry"],"yoast_head":"<!-- This site is optimized with the Yoast SEO plugin v24.3 - https:\/\/yoast.com\/wordpress\/plugins\/seo\/ -->\n<title>Hugarfarmyndb\u00f6nd Gr\u00f3ttu - \u00cd\u00fer\u00f3ttaf\u00e9lagi\u00f0 Gr\u00f3tta<\/title>\n<meta name=\"robots\" content=\"index, follow, max-snippet:-1, max-image-preview:large, max-video-preview:-1\" \/>\n<link rel=\"canonical\" href=\"https:\/\/grotta.is\/en\/hugarfarmyndbond\/\" \/>\n<meta property=\"og:locale\" content=\"en_US\" \/>\n<meta property=\"og:type\" content=\"article\" \/>\n<meta property=\"og:title\" content=\"Hugarfarmyndb\u00f6nd Gr\u00f3ttu - \u00cd\u00fer\u00f3ttaf\u00e9lagi\u00f0 Gr\u00f3tta\" \/>\n<meta property=\"og:description\" content=\"HUGARFARMYNDB\u00d6N GR\u00d3TTU \u00cd \u00feessari seinni bylgju covid h\u00f6fum leita\u00f0 til a\u00f0 leita \u00fatfyrir boxi\u00f0 til a\u00f0 n\u00e1lgast i\u00f0kenndur okkar. Ein af n\u00fdjunungum eru Hugarfarmyndb\u00f6nd Gr\u00f3ttu. Anna Lilja Bj\u00f6rnsd\u00f3ttir rei\u00f0 \u00e1 [&hellip;]\" \/>\n<meta property=\"og:url\" content=\"https:\/\/grotta.is\/en\/hugarfarmyndbond\/\" \/>\n<meta property=\"og:site_name\" content=\"\u00cd\u00fer\u00f3ttaf\u00e9lagi\u00f0 Gr\u00f3tta\" \/>\n<meta property=\"article:publisher\" content=\"https:\/\/www.facebook.com\/grottasport\" \/>\n<meta property=\"article:modified_time\" content=\"2020-11-18T18:42:10+00:00\" \/>\n<meta name=\"twitter:card\" content=\"summary_large_image\" \/>\n<meta name=\"twitter:label1\" content=\"Est. reading time\" \/>\n\t<meta name=\"twitter:data1\" content=\"4 minutes\" \/>\n<script type=\"application\/ld+json\" class=\"yoast-schema-graph\">{\"@context\":\"https:\/\/schema.org\",\"@graph\":[{\"@type\":\"WebPage\",\"@id\":\"https:\/\/grotta.is\/hugarfarmyndbond\/\",\"url\":\"https:\/\/grotta.is\/hugarfarmyndbond\/\",\"name\":\"Hugarfarmyndb\u00f6nd Gr\u00f3ttu - \u00cd\u00fer\u00f3ttaf\u00e9lagi\u00f0 Gr\u00f3tta\",\"isPartOf\":{\"@id\":\"https:\/\/grotta.is\/#website\"},\"datePublished\":\"2020-11-05T13:02:03+00:00\",\"dateModified\":\"2020-11-18T18:42:10+00:00\",\"breadcrumb\":{\"@id\":\"https:\/\/grotta.is\/hugarfarmyndbond\/#breadcrumb\"},\"inLanguage\":\"en-US\",\"potentialAction\":[{\"@type\":\"ReadAction\",\"target\":[\"https:\/\/grotta.is\/hugarfarmyndbond\/\"]}]},{\"@type\":\"BreadcrumbList\",\"@id\":\"https:\/\/grotta.is\/hugarfarmyndbond\/#breadcrumb\",\"itemListElement\":[{\"@type\":\"ListItem\",\"position\":1,\"name\":\"Home\",\"item\":\"https:\/\/grotta.is\/\"},{\"@type\":\"ListItem\",\"position\":2,\"name\":\"Hugarfarmyndb\u00f6nd Gr\u00f3ttu\"}]},{\"@type\":\"WebSite\",\"@id\":\"https:\/\/grotta.is\/#website\",\"url\":\"https:\/\/grotta.is\/\",\"name\":\"\u00cd\u00fer\u00f3ttaf\u00e9lagi\u00f0 Gr\u00f3tta\",\"description\":\"\u00e1 Seltjarnarnesi\",\"publisher\":{\"@id\":\"https:\/\/grotta.is\/#organization\"},\"potentialAction\":[{\"@type\":\"SearchAction\",\"target\":{\"@type\":\"EntryPoint\",\"urlTemplate\":\"https:\/\/grotta.is\/?s={search_term_string}\"},\"query-input\":{\"@type\":\"PropertyValueSpecification\",\"valueRequired\":true,\"valueName\":\"search_term_string\"}}],\"inLanguage\":\"en-US\"},{\"@type\":\"Organization\",\"@id\":\"https:\/\/grotta.is\/#organization\",\"name\":\"\u00cd\u00fer\u00f3ttaf\u00e9lagi\u00f0 Gr\u00f3tta\",\"url\":\"https:\/\/grotta.is\/\",\"logo\":{\"@type\":\"ImageObject\",\"inLanguage\":\"en-US\",\"@id\":\"https:\/\/grotta.is\/#\/schema\/logo\/image\/\",\"url\":\"https:\/\/grotta.is\/wp-content\/uploads\/2020\/02\/ithrottafelagidgrotta_logo_512x512_transparent.png\",\"contentUrl\":\"https:\/\/grotta.is\/wp-content\/uploads\/2020\/02\/ithrottafelagidgrotta_logo_512x512_transparent.png\",\"width\":512,\"height\":512,\"caption\":\"\u00cd\u00fer\u00f3ttaf\u00e9lagi\u00f0 Gr\u00f3tta\"},\"image\":{\"@id\":\"https:\/\/grotta.is\/#\/schema\/logo\/image\/\"},\"sameAs\":[\"https:\/\/www.facebook.com\/grottasport\"]}]}<\/script>\n<!-- \/ Yoast SEO plugin. -->","yoast_head_json":{"title":"Hugarfarmyndb\u00f6nd Gr\u00f3ttu - \u00cd\u00fer\u00f3ttaf\u00e9lagi\u00f0 Gr\u00f3tta","robots":{"index":"index","follow":"follow","max-snippet":"max-snippet:-1","max-image-preview":"max-image-preview:large","max-video-preview":"max-video-preview:-1"},"canonical":"https:\/\/grotta.is\/en\/hugarfarmyndbond\/","og_locale":"en_US","og_type":"article","og_title":"Hugarfarmyndb\u00f6nd Gr\u00f3ttu - \u00cd\u00fer\u00f3ttaf\u00e9lagi\u00f0 Gr\u00f3tta","og_description":"HUGARFARMYNDB\u00d6N GR\u00d3TTU \u00cd \u00feessari seinni bylgju covid h\u00f6fum leita\u00f0 til a\u00f0 leita \u00fatfyrir boxi\u00f0 til a\u00f0 n\u00e1lgast i\u00f0kenndur okkar. Ein af n\u00fdjunungum eru Hugarfarmyndb\u00f6nd Gr\u00f3ttu. Anna Lilja Bj\u00f6rnsd\u00f3ttir rei\u00f0 \u00e1 [&hellip;]","og_url":"https:\/\/grotta.is\/en\/hugarfarmyndbond\/","og_site_name":"\u00cd\u00fer\u00f3ttaf\u00e9lagi\u00f0 Gr\u00f3tta","article_publisher":"https:\/\/www.facebook.com\/grottasport","article_modified_time":"2020-11-18T18:42:10+00:00","twitter_card":"summary_large_image","twitter_misc":{"Est. reading time":"4 minutes"},"schema":{"@context":"https:\/\/schema.org","@graph":[{"@type":"WebPage","@id":"https:\/\/grotta.is\/hugarfarmyndbond\/","url":"https:\/\/grotta.is\/hugarfarmyndbond\/","name":"Hugarfarmyndb\u00f6nd Gr\u00f3ttu - \u00cd\u00fer\u00f3ttaf\u00e9lagi\u00f0 Gr\u00f3tta","isPartOf":{"@id":"https:\/\/grotta.is\/#website"},"datePublished":"2020-11-05T13:02:03+00:00","dateModified":"2020-11-18T18:42:10+00:00","breadcrumb":{"@id":"https:\/\/grotta.is\/hugarfarmyndbond\/#breadcrumb"},"inLanguage":"en-US","potentialAction":[{"@type":"ReadAction","target":["https:\/\/grotta.is\/hugarfarmyndbond\/"]}]},{"@type":"BreadcrumbList","@id":"https:\/\/grotta.is\/hugarfarmyndbond\/#breadcrumb","itemListElement":[{"@type":"ListItem","position":1,"name":"Home","item":"https:\/\/grotta.is\/"},{"@type":"ListItem","position":2,"name":"Hugarfarmyndb\u00f6nd Gr\u00f3ttu"}]},{"@type":"WebSite","@id":"https:\/\/grotta.is\/#website","url":"https:\/\/grotta.is\/","name":"\u00cd\u00fer\u00f3ttaf\u00e9lagi\u00f0 Gr\u00f3tta","description":"\u00e1 Seltjarnarnesi","publisher":{"@id":"https:\/\/grotta.is\/#organization"},"potentialAction":[{"@type":"SearchAction","target":{"@type":"EntryPoint","urlTemplate":"https:\/\/grotta.is\/?s={search_term_string}"},"query-input":{"@type":"PropertyValueSpecification","valueRequired":true,"valueName":"search_term_string"}}],"inLanguage":"en-US"},{"@type":"Organization","@id":"https:\/\/grotta.is\/#organization","name":"\u00cd\u00fer\u00f3ttaf\u00e9lagi\u00f0 Gr\u00f3tta","url":"https:\/\/grotta.is\/","logo":{"@type":"ImageObject","inLanguage":"en-US","@id":"https:\/\/grotta.is\/#\/schema\/logo\/image\/","url":"https:\/\/grotta.is\/wp-content\/uploads\/2020\/02\/ithrottafelagidgrotta_logo_512x512_transparent.png","contentUrl":"https:\/\/grotta.is\/wp-content\/uploads\/2020\/02\/ithrottafelagidgrotta_logo_512x512_transparent.png","width":512,"height":512,"caption":"\u00cd\u00fer\u00f3ttaf\u00e9lagi\u00f0 Gr\u00f3tta"},"image":{"@id":"https:\/\/grotta.is\/#\/schema\/logo\/image\/"},"sameAs":["https:\/\/www.facebook.com\/grottasport"]}]}},"_links":{"self":[{"href":"https:\/\/grotta.is\/en\/wp-json\/wp\/v2\/pages\/155267","targetHints":{"allow":["GET"]}}],"collection":[{"href":"https:\/\/grotta.is\/en\/wp-json\/wp\/v2\/pages"}],"about":[{"href":"https:\/\/grotta.is\/en\/wp-json\/wp\/v2\/types\/page"}],"author":[{"embeddable":true,"href":"https:\/\/grotta.is\/en\/wp-json\/wp\/v2\/users\/1"}],"replies":[{"embeddable":true,"href":"https:\/\/grotta.is\/en\/wp-json\/wp\/v2\/comments?post=155267"}],"version-history":[{"count":16,"href":"https:\/\/grotta.is\/en\/wp-json\/wp\/v2\/pages\/155267\/revisions"}],"predecessor-version":[{"id":182950,"href":"https:\/\/grotta.is\/en\/wp-json\/wp\/v2\/pages\/155267\/revisions\/182950"}],"wp:attachment":[{"href":"https:\/\/grotta.is\/en\/wp-json\/wp\/v2\/media?parent=155267"}],"curies":[{"name":"wp","href":"https:\/\/api.w.org\/{rel}","templated":true}]}}