{"version":"1.0","provider_name":"\u00cd\u00fer\u00f3ttaf\u00e9lagi\u00f0 Gr\u00f3tta","provider_url":"https:\/\/grotta.is\/en","author_name":"Grotta","author_url":"https:\/\/grotta.is\/en\/author\/inga\/","title":"Bjarki M\u00e1r n\u00fdr yfir\u00fej\u00e1lfari - \u00cd\u00fer\u00f3ttaf\u00e9lagi\u00f0 Gr\u00f3tta","type":"rich","width":600,"height":338,"html":"<blockquote class=\"wp-embedded-content\" data-secret=\"BTnyzxEdV6\"><a href=\"https:\/\/grotta.is\/en\/knattspyrnudeild\/bjarki-mar-nyr-yfirthjalfari\/\">Bjarki M\u00e1r n\u00fdr yfir\u00fej\u00e1lfari<\/a><\/blockquote><iframe sandbox=\"allow-scripts\" security=\"restricted\" src=\"https:\/\/grotta.is\/en\/knattspyrnudeild\/bjarki-mar-nyr-yfirthjalfari\/embed\/#?secret=BTnyzxEdV6\" width=\"600\" height=\"338\" title=\"&#8220;Bjarki M\u00e1r n\u00fdr yfir\u00fej\u00e1lfari&#8221; &#8212; \u00cd\u00fer\u00f3ttaf\u00e9lagi\u00f0 Gr\u00f3tta\" data-secret=\"BTnyzxEdV6\" frameborder=\"0\" marginwidth=\"0\" marginheight=\"0\" scrolling=\"no\" class=\"wp-embedded-content\"><\/iframe><script type=\"text\/javascript\">\n\/* <![CDATA[ *\/\n\/*! This file is auto-generated *\/\n!function(d,l){\"use strict\";l.querySelector&&d.addEventListener&&\"undefined\"!=typeof URL&&(d.wp=d.wp||{},d.wp.receiveEmbedMessage||(d.wp.receiveEmbedMessage=function(e){var t=e.data;if((t||t.secret||t.message||t.value)&&!\/[^a-zA-Z0-9]\/.test(t.secret)){for(var s,r,n,a=l.querySelectorAll('iframe[data-secret=\"'+t.secret+'\"]'),o=l.querySelectorAll('blockquote[data-secret=\"'+t.secret+'\"]'),c=new RegExp(\"^https?:$\",\"i\"),i=0;i<o.length;i++)o[i].style.display=\"none\";for(i=0;i<a.length;i++)s=a[i],e.source===s.contentWindow&&(s.removeAttribute(\"style\"),\"height\"===t.message?(1e3<(r=parseInt(t.value,10))?r=1e3:~~r<200&&(r=200),s.height=r):\"link\"===t.message&&(r=new URL(s.getAttribute(\"src\")),n=new URL(t.value),c.test(n.protocol))&&n.host===r.host&&l.activeElement===s&&(d.top.location.href=t.value))}},d.addEventListener(\"message\",d.wp.receiveEmbedMessage,!1),l.addEventListener(\"DOMContentLoaded\",function(){for(var e,t,s=l.querySelectorAll(\"iframe.wp-embedded-content\"),r=0;r<s.length;r++)(t=(e=s[r]).getAttribute(\"data-secret\"))||(t=Math.random().toString(36).substring(2,12),e.src+=\"#?secret=\"+t,e.setAttribute(\"data-secret\",t)),e.contentWindow.postMessage({message:\"ready\",secret:t},\"*\")},!1)))}(window,document);\n\/* ]]> *\/\n<\/script>","thumbnail_url":"https:\/\/grotta.is\/wp-content\/uploads\/2020\/05\/Knattspyrnudeild_grotta_Frettir_stjorn_13.jpg","thumbnail_width":1191,"thumbnail_height":1600,"description":"Bjarki M\u00e1r \u00d3lafsson hefur veri\u00f0 r\u00e1\u00f0inn sem yfir\u00fej\u00e1lfari yngri flokka hj\u00e1 knattspyrnudeild Gr\u00f3ttu. Bjarki tekur vi\u00f0 starfinu af Magn\u00fasi Erni Helgasyni sem mun starfa \u00e1fram vi\u00f0 \u00fej\u00e1lfun hj\u00e1 Gr\u00f3ttu en hann \u00e1 einnig s\u00e6ti \u00ed stj\u00f3rn knattspyrnudeildar. Gr\u00f3ttasport heyr\u00f0i hlj\u00f3\u00f0i\u00f0 \u00ed \u00feeim Bjarka og Magn\u00fasi."}