{"version":"1.0","provider_name":"\u00cd\u00fer\u00f3ttaf\u00e9lagi\u00f0 Gr\u00f3tta","provider_url":"https:\/\/grotta.is\/en","author_name":"Grotta","author_url":"https:\/\/grotta.is\/en\/author\/inga\/","title":"\u00der\u00edr ungir og efnilegir semja vi\u00f0 Gr\u00f3ttu - \u00cd\u00fer\u00f3ttaf\u00e9lagi\u00f0 Gr\u00f3tta","type":"rich","width":600,"height":338,"html":"<blockquote class=\"wp-embedded-content\" data-secret=\"fCpjcDHmZj\"><a href=\"https:\/\/grotta.is\/en\/handknattleiksdeild\/thrir-ungir-og-efnilegir-semja-vid-grottu\/\">\u00der\u00edr ungir og efnilegir semja vi\u00f0 Gr\u00f3ttu<\/a><\/blockquote><iframe sandbox=\"allow-scripts\" security=\"restricted\" src=\"https:\/\/grotta.is\/en\/handknattleiksdeild\/thrir-ungir-og-efnilegir-semja-vid-grottu\/embed\/#?secret=fCpjcDHmZj\" width=\"600\" height=\"338\" title=\"&#8220;\u00der\u00edr ungir og efnilegir semja vi\u00f0 Gr\u00f3ttu&#8221; &#8212; \u00cd\u00fer\u00f3ttaf\u00e9lagi\u00f0 Gr\u00f3tta\" data-secret=\"fCpjcDHmZj\" frameborder=\"0\" marginwidth=\"0\" marginheight=\"0\" scrolling=\"no\" class=\"wp-embedded-content\"><\/iframe><script type=\"text\/javascript\">\n\/* <![CDATA[ *\/\n\/*! This file is auto-generated *\/\n!function(d,l){\"use strict\";l.querySelector&&d.addEventListener&&\"undefined\"!=typeof URL&&(d.wp=d.wp||{},d.wp.receiveEmbedMessage||(d.wp.receiveEmbedMessage=function(e){var t=e.data;if((t||t.secret||t.message||t.value)&&!\/[^a-zA-Z0-9]\/.test(t.secret)){for(var s,r,n,a=l.querySelectorAll('iframe[data-secret=\"'+t.secret+'\"]'),o=l.querySelectorAll('blockquote[data-secret=\"'+t.secret+'\"]'),c=new RegExp(\"^https?:$\",\"i\"),i=0;i<o.length;i++)o[i].style.display=\"none\";for(i=0;i<a.length;i++)s=a[i],e.source===s.contentWindow&&(s.removeAttribute(\"style\"),\"height\"===t.message?(1e3<(r=parseInt(t.value,10))?r=1e3:~~r<200&&(r=200),s.height=r):\"link\"===t.message&&(r=new URL(s.getAttribute(\"src\")),n=new URL(t.value),c.test(n.protocol))&&n.host===r.host&&l.activeElement===s&&(d.top.location.href=t.value))}},d.addEventListener(\"message\",d.wp.receiveEmbedMessage,!1),l.addEventListener(\"DOMContentLoaded\",function(){for(var e,t,s=l.querySelectorAll(\"iframe.wp-embedded-content\"),r=0;r<s.length;r++)(t=(e=s[r]).getAttribute(\"data-secret\"))||(t=Math.random().toString(36).substring(2,12),e.src+=\"#?secret=\"+t,e.setAttribute(\"data-secret\",t)),e.contentWindow.postMessage({message:\"ready\",secret:t},\"*\")},!1)))}(window,document);\n\/* ]]> *\/\n<\/script>","thumbnail_url":"https:\/\/grotta.is\/wp-content\/uploads\/2016\/06\/handbolti_grotta_mfl.kk_leikmenn_2016.jpg","thumbnail_width":2048,"thumbnail_height":1536,"description":"\u00c1 d\u00f6gunum skrifu\u00f0u \u00fer\u00edr ungir og efnilegir handboltamenn undir samninga vi\u00f0 handknattleiksdeild Gr\u00f3ttu. \u00dea\u00f0 voru \u00feeir G\u00edsli Gunnarsson, Hannes Grimm og J\u00f3hann Kaldal J\u00f3hannsson. Drengirnir \u00fer\u00edr eru allir enn gjaldgengir \u00ed 3. flokk. Allir hafa \u00feessir drengir leiki\u00f0 me\u00f0 yngri landsli\u00f0um \u00cdslands undanfarin \u00e1r."}