{"version":"1.0","provider_name":"\u00cd\u00fer\u00f3ttaf\u00e9lagi\u00f0 Gr\u00f3tta","provider_url":"https:\/\/grotta.is\/en","author_name":"Grotta","author_url":"https:\/\/grotta.is\/en\/author\/inga\/","title":"Handboltabla\u00f0 Gr\u00f3ttu 2017 er komi\u00f0 \u00fat - \u00cd\u00fer\u00f3ttaf\u00e9lagi\u00f0 Gr\u00f3tta","type":"rich","width":600,"height":338,"html":"<blockquote class=\"wp-embedded-content\" data-secret=\"Cxdt3mokKU\"><a href=\"https:\/\/grotta.is\/en\/handknattleiksdeild\/handboltablad-grottu-2017-er-komid-ut\/\">Handboltabla\u00f0 Gr\u00f3ttu 2017 er komi\u00f0 \u00fat<\/a><\/blockquote><iframe sandbox=\"allow-scripts\" security=\"restricted\" src=\"https:\/\/grotta.is\/en\/handknattleiksdeild\/handboltablad-grottu-2017-er-komid-ut\/embed\/#?secret=Cxdt3mokKU\" width=\"600\" height=\"338\" title=\"&#8220;Handboltabla\u00f0 Gr\u00f3ttu 2017 er komi\u00f0 \u00fat&#8221; &#8212; \u00cd\u00fer\u00f3ttaf\u00e9lagi\u00f0 Gr\u00f3tta\" data-secret=\"Cxdt3mokKU\" frameborder=\"0\" marginwidth=\"0\" marginheight=\"0\" scrolling=\"no\" class=\"wp-embedded-content\"><\/iframe><script type=\"text\/javascript\">\n\/* <![CDATA[ *\/\n\/*! This file is auto-generated *\/\n!function(d,l){\"use strict\";l.querySelector&&d.addEventListener&&\"undefined\"!=typeof URL&&(d.wp=d.wp||{},d.wp.receiveEmbedMessage||(d.wp.receiveEmbedMessage=function(e){var t=e.data;if((t||t.secret||t.message||t.value)&&!\/[^a-zA-Z0-9]\/.test(t.secret)){for(var s,r,n,a=l.querySelectorAll('iframe[data-secret=\"'+t.secret+'\"]'),o=l.querySelectorAll('blockquote[data-secret=\"'+t.secret+'\"]'),c=new RegExp(\"^https?:$\",\"i\"),i=0;i<o.length;i++)o[i].style.display=\"none\";for(i=0;i<a.length;i++)s=a[i],e.source===s.contentWindow&&(s.removeAttribute(\"style\"),\"height\"===t.message?(1e3<(r=parseInt(t.value,10))?r=1e3:~~r<200&&(r=200),s.height=r):\"link\"===t.message&&(r=new URL(s.getAttribute(\"src\")),n=new URL(t.value),c.test(n.protocol))&&n.host===r.host&&l.activeElement===s&&(d.top.location.href=t.value))}},d.addEventListener(\"message\",d.wp.receiveEmbedMessage,!1),l.addEventListener(\"DOMContentLoaded\",function(){for(var e,t,s=l.querySelectorAll(\"iframe.wp-embedded-content\"),r=0;r<s.length;r++)(t=(e=s[r]).getAttribute(\"data-secret\"))||(t=Math.random().toString(36).substring(2,12),e.src+=\"#?secret=\"+t,e.setAttribute(\"data-secret\",t)),e.contentWindow.postMessage({message:\"ready\",secret:t},\"*\")},!1)))}(window,document);\n\/* ]]> *\/\n<\/script>","thumbnail_url":"https:\/\/grotta.is\/wp-content\/uploads\/2018\/10\/grotta_handbolti_mflkvk-14.jpg","thumbnail_width":1035,"thumbnail_height":879,"description":"N\u00fa \u00e1 d\u00f6gunum gaf handknattleiksdeild Gr\u00f3ttu \u00fat veglegt handboltabla\u00f0. Markmi\u00f0i\u00f0 er a\u00f0 kynna \u00fea\u00f0 \u00f6fluga starf sem deildin stendur fyrir og afla tekna \u00ed lei\u00f0inni. Bla\u00f0inu er dreift \u00ed \u00f6ll h\u00fas \u00e1 Seltjarnarnesi auk \u00feess sem \u00fea\u00f0 mun liggja frammi \u00e1 fj\u00f6lf\u00f6rnum st\u00f6\u00f0um, s.s. veitingah\u00fasum og stofnunum \u00ed vesturhluta h\u00f6fu\u00f0borgarsv\u00e6\u00f0isins."}