{"version":"1.0","provider_name":"\u00cd\u00fer\u00f3ttaf\u00e9lagi\u00f0 Gr\u00f3tta","provider_url":"https:\/\/grotta.is\/en","author_name":"Andri Sigf\u00fasson","author_url":"https:\/\/grotta.is\/en\/author\/andri\/","title":"Handbolta- og afrekssk\u00f3li Gr\u00f3ttu \u00ed \u00e1g\u00fast - \u00cd\u00fer\u00f3ttaf\u00e9lagi\u00f0 Gr\u00f3tta","type":"rich","width":600,"height":338,"html":"<blockquote class=\"wp-embedded-content\" data-secret=\"ue5VMtVR1a\"><a href=\"https:\/\/grotta.is\/en\/handknattleiksdeild\/handbolta-og-afreksskoli-grottu-i-agust\/\">Handbolta- og afrekssk\u00f3li Gr\u00f3ttu \u00ed \u00e1g\u00fast<\/a><\/blockquote><iframe sandbox=\"allow-scripts\" security=\"restricted\" src=\"https:\/\/grotta.is\/en\/handknattleiksdeild\/handbolta-og-afreksskoli-grottu-i-agust\/embed\/#?secret=ue5VMtVR1a\" width=\"600\" height=\"338\" title=\"&#8220;Handbolta- og afrekssk\u00f3li Gr\u00f3ttu \u00ed \u00e1g\u00fast&#8221; &#8212; \u00cd\u00fer\u00f3ttaf\u00e9lagi\u00f0 Gr\u00f3tta\" data-secret=\"ue5VMtVR1a\" frameborder=\"0\" marginwidth=\"0\" marginheight=\"0\" scrolling=\"no\" class=\"wp-embedded-content\"><\/iframe><script type=\"text\/javascript\">\n\/* <![CDATA[ *\/\n\/*! This file is auto-generated *\/\n!function(d,l){\"use strict\";l.querySelector&&d.addEventListener&&\"undefined\"!=typeof URL&&(d.wp=d.wp||{},d.wp.receiveEmbedMessage||(d.wp.receiveEmbedMessage=function(e){var t=e.data;if((t||t.secret||t.message||t.value)&&!\/[^a-zA-Z0-9]\/.test(t.secret)){for(var s,r,n,a=l.querySelectorAll('iframe[data-secret=\"'+t.secret+'\"]'),o=l.querySelectorAll('blockquote[data-secret=\"'+t.secret+'\"]'),c=new RegExp(\"^https?:$\",\"i\"),i=0;i<o.length;i++)o[i].style.display=\"none\";for(i=0;i<a.length;i++)s=a[i],e.source===s.contentWindow&&(s.removeAttribute(\"style\"),\"height\"===t.message?(1e3<(r=parseInt(t.value,10))?r=1e3:~~r<200&&(r=200),s.height=r):\"link\"===t.message&&(r=new URL(s.getAttribute(\"src\")),n=new URL(t.value),c.test(n.protocol))&&n.host===r.host&&l.activeElement===s&&(d.top.location.href=t.value))}},d.addEventListener(\"message\",d.wp.receiveEmbedMessage,!1),l.addEventListener(\"DOMContentLoaded\",function(){for(var e,t,s=l.querySelectorAll(\"iframe.wp-embedded-content\"),r=0;r<s.length;r++)(t=(e=s[r]).getAttribute(\"data-secret\"))||(t=Math.random().toString(36).substring(2,12),e.src+=\"#?secret=\"+t,e.setAttribute(\"data-secret\",t)),e.contentWindow.postMessage({message:\"ready\",secret:t},\"*\")},!1)))}(window,document);\n\/* ]]> *\/\n<\/script>","thumbnail_url":"https:\/\/grotta.is\/wp-content\/uploads\/2020\/11\/ithrottafelagid_grotta_frettir.012.jpg","thumbnail_width":2048,"thumbnail_height":1366,"description":"L\u00edkt og undanfarin \u00e1r ver\u00f0ur handboltask\u00f3li Gr\u00f3ttu \u00e1 s\u00ednum sta\u00f0. Sk\u00f3linn er haldinn dagana 31. j\u00fal\u00ed. \u2013 18. \u00e1g\u00fast en h\u00e6gt er a\u00f0 skr\u00e1 sig \u00e1 einstakar vikur. Handboltask\u00f3linn er fyrir krakka f. 2012 - 2017 og ver\u00f0ur vel teki\u00f0 \u00e1 m\u00f3ti \u00f6llum byrjendum."}