{"version":"1.0","provider_name":"\u00cd\u00fer\u00f3ttaf\u00e9lagi\u00f0 Gr\u00f3tta","provider_url":"https:\/\/grotta.is\/en","author_name":"Grotta","author_url":"https:\/\/grotta.is\/en\/author\/inga\/","title":"Fr\u00edar handbolta\u00e6fingar fyrir ver\u00f0andi 1. bekkinga \u00ed \u00e1g\u00fast - \u00cd\u00fer\u00f3ttaf\u00e9lagi\u00f0 Gr\u00f3tta","type":"rich","width":600,"height":338,"html":"<blockquote class=\"wp-embedded-content\" data-secret=\"PwzAPd0ZEV\"><a href=\"https:\/\/grotta.is\/en\/handknattleiksdeild\/friar-handboltaaefingar-fyrir-verdandi-1-bekkinga-i-agust\/\">Fr\u00edar handbolta\u00e6fingar fyrir ver\u00f0andi 1. bekkinga \u00ed \u00e1g\u00fast<\/a><\/blockquote><iframe sandbox=\"allow-scripts\" security=\"restricted\" src=\"https:\/\/grotta.is\/en\/handknattleiksdeild\/friar-handboltaaefingar-fyrir-verdandi-1-bekkinga-i-agust\/embed\/#?secret=PwzAPd0ZEV\" width=\"600\" height=\"338\" title=\"&#8220;Fr\u00edar handbolta\u00e6fingar fyrir ver\u00f0andi 1. bekkinga \u00ed \u00e1g\u00fast&#8221; &#8212; \u00cd\u00fer\u00f3ttaf\u00e9lagi\u00f0 Gr\u00f3tta\" data-secret=\"PwzAPd0ZEV\" frameborder=\"0\" marginwidth=\"0\" marginheight=\"0\" scrolling=\"no\" class=\"wp-embedded-content\"><\/iframe><script type=\"text\/javascript\">\n\/* <![CDATA[ *\/\n\/*! This file is auto-generated *\/\n!function(d,l){\"use strict\";l.querySelector&&d.addEventListener&&\"undefined\"!=typeof URL&&(d.wp=d.wp||{},d.wp.receiveEmbedMessage||(d.wp.receiveEmbedMessage=function(e){var t=e.data;if((t||t.secret||t.message||t.value)&&!\/[^a-zA-Z0-9]\/.test(t.secret)){for(var s,r,n,a=l.querySelectorAll('iframe[data-secret=\"'+t.secret+'\"]'),o=l.querySelectorAll('blockquote[data-secret=\"'+t.secret+'\"]'),c=new RegExp(\"^https?:$\",\"i\"),i=0;i<o.length;i++)o[i].style.display=\"none\";for(i=0;i<a.length;i++)s=a[i],e.source===s.contentWindow&&(s.removeAttribute(\"style\"),\"height\"===t.message?(1e3<(r=parseInt(t.value,10))?r=1e3:~~r<200&&(r=200),s.height=r):\"link\"===t.message&&(r=new URL(s.getAttribute(\"src\")),n=new URL(t.value),c.test(n.protocol))&&n.host===r.host&&l.activeElement===s&&(d.top.location.href=t.value))}},d.addEventListener(\"message\",d.wp.receiveEmbedMessage,!1),l.addEventListener(\"DOMContentLoaded\",function(){for(var e,t,s=l.querySelectorAll(\"iframe.wp-embedded-content\"),r=0;r<s.length;r++)(t=(e=s[r]).getAttribute(\"data-secret\"))||(t=Math.random().toString(36).substring(2,12),e.src+=\"#?secret=\"+t,e.setAttribute(\"data-secret\",t)),e.contentWindow.postMessage({message:\"ready\",secret:t},\"*\")},!1)))}(window,document);\n\/* ]]> *\/\n<\/script>","thumbnail_url":"https:\/\/grotta.is\/wp-content\/uploads\/2020\/06\/Grotta_Handbolti_leikmenn_mfl.kvk_frett_08.06-3.jpg","thumbnail_width":961,"thumbnail_height":640,"description":"Barna- og unglingar\u00e1\u00f0 handknattleiksdeildar Gr\u00f3ttu hefur mikinn hug \u00e1 \u00fev\u00ed a\u00f0 efla uppbyggingu yngri flokka handboltans og b\u00fd\u00f0ur \u00fev\u00ed b\u00f6rnum f\u00e6ddum 2010 a\u00f0 koma og pr\u00f3fa a\u00f0 \u00e6fa handbolta fr\u00edtt \u00ed \u00e1g\u00fast. Fari\u00f0 ver\u00f0ur \u00ed grunnatri\u00f0i handboltans undir stj\u00f3rn \u00fej\u00e1lfara sem koma a\u00f0 \u00fej\u00e1lfun 8. flokks t\u00edmabili\u00f0 2016-2017."}