{"version":"1.0","provider_name":"\u00cd\u00fer\u00f3ttaf\u00e9lagi\u00f0 Gr\u00f3tta","provider_url":"https:\/\/grotta.is\/en","author_name":"Andri Sigf\u00fasson","author_url":"https:\/\/grotta.is\/en\/author\/andri\/","title":"\u00c6fingar 9.flokks \u00ed handbolta - \u00cd\u00fer\u00f3ttaf\u00e9lagi\u00f0 Gr\u00f3tta","type":"rich","width":600,"height":338,"html":"<blockquote class=\"wp-embedded-content\" data-secret=\"4GwcSp0cr8\"><a href=\"https:\/\/grotta.is\/en\/handknattleiksdeild\/aefingar-9-flokks-i-handbolta\/\">\u00c6fingar 9.flokks \u00ed handbolta<\/a><\/blockquote><iframe sandbox=\"allow-scripts\" security=\"restricted\" src=\"https:\/\/grotta.is\/en\/handknattleiksdeild\/aefingar-9-flokks-i-handbolta\/embed\/#?secret=4GwcSp0cr8\" width=\"600\" height=\"338\" title=\"&#8220;\u00c6fingar 9.flokks \u00ed handbolta&#8221; &#8212; \u00cd\u00fer\u00f3ttaf\u00e9lagi\u00f0 Gr\u00f3tta\" data-secret=\"4GwcSp0cr8\" frameborder=\"0\" marginwidth=\"0\" marginheight=\"0\" scrolling=\"no\" class=\"wp-embedded-content\"><\/iframe><script type=\"text\/javascript\">\n\/* <![CDATA[ *\/\n\/*! This file is auto-generated *\/\n!function(d,l){\"use strict\";l.querySelector&&d.addEventListener&&\"undefined\"!=typeof URL&&(d.wp=d.wp||{},d.wp.receiveEmbedMessage||(d.wp.receiveEmbedMessage=function(e){var t=e.data;if((t||t.secret||t.message||t.value)&&!\/[^a-zA-Z0-9]\/.test(t.secret)){for(var s,r,n,a=l.querySelectorAll('iframe[data-secret=\"'+t.secret+'\"]'),o=l.querySelectorAll('blockquote[data-secret=\"'+t.secret+'\"]'),c=new RegExp(\"^https?:$\",\"i\"),i=0;i<o.length;i++)o[i].style.display=\"none\";for(i=0;i<a.length;i++)s=a[i],e.source===s.contentWindow&&(s.removeAttribute(\"style\"),\"height\"===t.message?(1e3<(r=parseInt(t.value,10))?r=1e3:~~r<200&&(r=200),s.height=r):\"link\"===t.message&&(r=new URL(s.getAttribute(\"src\")),n=new URL(t.value),c.test(n.protocol))&&n.host===r.host&&l.activeElement===s&&(d.top.location.href=t.value))}},d.addEventListener(\"message\",d.wp.receiveEmbedMessage,!1),l.addEventListener(\"DOMContentLoaded\",function(){for(var e,t,s=l.querySelectorAll(\"iframe.wp-embedded-content\"),r=0;r<s.length;r++)(t=(e=s[r]).getAttribute(\"data-secret\"))||(t=Math.random().toString(36).substring(2,12),e.src+=\"#?secret=\"+t,e.setAttribute(\"data-secret\",t)),e.contentWindow.postMessage({message:\"ready\",secret:t},\"*\")},!1)))}(window,document);\n\/* ]]> *\/\n<\/script>","thumbnail_url":"https:\/\/grotta.is\/wp-content\/uploads\/2022\/12\/AEfingar-i-9.flokki-jan-april.jpg","thumbnail_width":1698,"thumbnail_height":1080,"description":"9.flokks \u00e6fingarnar hefja g\u00f6ngu s\u00edna aftur \u00ed jan\u00faar. Fyrsta \u00e6fingin er laugardaginn 7.jan\u00faar. 30 krakkar \u00e1 leiksk\u00f3laaldri t\u00f3ku \u00fe\u00e1tt \u00e1 haust\u00f6nninni og l\u00e6r\u00f0u undirst\u00f6\u00f0uatri\u00f0in \u00ed handbolta me\u00f0 skemmtilegum leikjum og \u00e6fingum undir stj\u00f3rn \u00fej\u00e1lfara flokksins, \u00feeirra Arnd\u00edsar Mar\u00edu Erlingsd\u00f3ttur, \u00cdrisar Bjarkar S\u00edmonard\u00f3ttur og \u00feeirra g\u00f3\u00f0a a\u00f0sto\u00f0arf\u00f3lks."}