{"version":"1.0","provider_name":"\u00cd\u00fer\u00f3ttaf\u00e9lagi\u00f0 Gr\u00f3tta","provider_url":"https:\/\/grotta.is\/en","author_name":"Grotta","author_url":"https:\/\/grotta.is\/en\/author\/inga\/","title":"Vi\u00f0tal vi\u00f0 meistaraflokks \u00fej\u00e1lfara knattspyrnudeildarinnar - \u00cd\u00fer\u00f3ttaf\u00e9lagi\u00f0 Gr\u00f3tta","type":"rich","width":600,"height":338,"html":"<blockquote class=\"wp-embedded-content\" data-secret=\"GaFREWmtH1\"><a href=\"https:\/\/grotta.is\/en\/almennt\/vidtal-vid-meistaraflokks-thjalfara-knattspyrnudeildarinnar\/\">Vi\u00f0tal vi\u00f0 meistaraflokks \u00fej\u00e1lfara knattspyrnudeildarinnar<\/a><\/blockquote><iframe sandbox=\"allow-scripts\" security=\"restricted\" src=\"https:\/\/grotta.is\/en\/almennt\/vidtal-vid-meistaraflokks-thjalfara-knattspyrnudeildarinnar\/embed\/#?secret=GaFREWmtH1\" width=\"600\" height=\"338\" title=\"&#8220;Vi\u00f0tal vi\u00f0 meistaraflokks \u00fej\u00e1lfara knattspyrnudeildarinnar&#8221; &#8212; \u00cd\u00fer\u00f3ttaf\u00e9lagi\u00f0 Gr\u00f3tta\" data-secret=\"GaFREWmtH1\" frameborder=\"0\" marginwidth=\"0\" marginheight=\"0\" scrolling=\"no\" class=\"wp-embedded-content\"><\/iframe><script type=\"text\/javascript\">\n\/* <![CDATA[ *\/\n\/*! This file is auto-generated *\/\n!function(d,l){\"use strict\";l.querySelector&&d.addEventListener&&\"undefined\"!=typeof URL&&(d.wp=d.wp||{},d.wp.receiveEmbedMessage||(d.wp.receiveEmbedMessage=function(e){var t=e.data;if((t||t.secret||t.message||t.value)&&!\/[^a-zA-Z0-9]\/.test(t.secret)){for(var s,r,n,a=l.querySelectorAll('iframe[data-secret=\"'+t.secret+'\"]'),o=l.querySelectorAll('blockquote[data-secret=\"'+t.secret+'\"]'),c=new RegExp(\"^https?:$\",\"i\"),i=0;i<o.length;i++)o[i].style.display=\"none\";for(i=0;i<a.length;i++)s=a[i],e.source===s.contentWindow&&(s.removeAttribute(\"style\"),\"height\"===t.message?(1e3<(r=parseInt(t.value,10))?r=1e3:~~r<200&&(r=200),s.height=r):\"link\"===t.message&&(r=new URL(s.getAttribute(\"src\")),n=new URL(t.value),c.test(n.protocol))&&n.host===r.host&&l.activeElement===s&&(d.top.location.href=t.value))}},d.addEventListener(\"message\",d.wp.receiveEmbedMessage,!1),l.addEventListener(\"DOMContentLoaded\",function(){for(var e,t,s=l.querySelectorAll(\"iframe.wp-embedded-content\"),r=0;r<s.length;r++)(t=(e=s[r]).getAttribute(\"data-secret\"))||(t=Math.random().toString(36).substring(2,12),e.src+=\"#?secret=\"+t,e.setAttribute(\"data-secret\",t)),e.contentWindow.postMessage({message:\"ready\",secret:t},\"*\")},!1)))}(window,document);\n\/* ]]> *\/\n<\/script>","thumbnail_url":"https:\/\/grotta.is\/wp-content\/uploads\/2020\/02\/Knattspyrnudeild_grotta_Frettir_leikmenn_21.jpg","thumbnail_width":461,"thumbnail_height":308,"description":"\u00dea\u00f0 er miki\u00f0 l\u00edf \u00e1 Vivaldivellinum \u00feegar bla\u00f0amann Nesfr\u00e9tta ber a\u00f0 gar\u00f0i \u00e1 fallegu s\u00ed\u00f0degi \u00ed ma\u00ed. \u00d6rugglega um 60 b\u00f6rn og unglingar a\u00f0 \u00e6fa \u00e1 i\u00f0agr\u00e6nu gervigrasinu. Vi\u00f0 h\u00f6fum m\u00e6lt okkur m\u00f3t vi\u00f0 \u00fej\u00e1lfara meistaraflokka Gr\u00f3ttu \u00ed knattspyrnu, \u00fe\u00e1 \u00d3skar Hrafn \u00deorvaldsson og Halld\u00f3r \u00c1rnason sem \u00fej\u00e1lfa karlali\u00f0i\u00f0 og Magn\u00fas \u00d6rn Helgason og P\u00e9tur R\u00f6gnvaldsson sem \u00fej\u00e1lfa kvennali\u00f0i\u00f0."}